
{"id":908,"date":"2021-05-13T13:10:38","date_gmt":"2021-05-13T13:10:38","guid":{"rendered":"https:\/\/podpora.nuggetsw.cz\/?post_type=lsvr_kba&#038;p=908"},"modified":"2026-03-05T13:16:35","modified_gmt":"2026-03-05T13:16:35","slug":"okno-datumu","status":"publish","type":"lsvr_kba","link":"https:\/\/podpora.nuggetsw.cz\/index.php\/knowledge-base\/okno-datumu\/","title":{"rendered":"\u010casov\u00fd fond: Okno datum\u016f &#8211; nep\u0159\u00edtomnosti zad\u00e1van\u00e9 s datumy"},"content":{"rendered":"\n<p>Okno datum\u016f slou\u017e\u00ed pro zad\u00e1v\u00e1n\u00ed nep\u0159\u00edtomnost\u00ed zam\u011bstnance s datumy. <strong>Okno datum\u016f najdete v \u010dasov\u00e9m fondu zam\u011bstnance v doln\u00ed \u010d\u00e1sti okna. <\/strong><\/p>\n\n\n<div class=\"wp-block-image\">\n<figure class=\"aligncenter\"><img loading=\"lazy\" decoding=\"async\" width=\"1000\" height=\"649\" src=\"https:\/\/podpora.nuggetsw.cz\/wp-content\/uploads\/2021\/05\/Okno-datumu.jpg\" alt=\"\" class=\"wp-image-910\" srcset=\"https:\/\/podpora.nuggetsw.cz\/wp-content\/uploads\/2021\/05\/Okno-datumu.jpg 1000w, https:\/\/podpora.nuggetsw.cz\/wp-content\/uploads\/2021\/05\/Okno-datumu-300x195.jpg 300w, https:\/\/podpora.nuggetsw.cz\/wp-content\/uploads\/2021\/05\/Okno-datumu-768x498.jpg 768w\" sizes=\"auto, (max-width: 1000px) 100vw, 1000px\" \/><\/figure><\/div>\n\n\n<p>\u010casov\u00fd fond otev\u0159ete pomoc\u00ed funkce:<\/p>\n\n\n\n<ul class=\"wp-block-list\">\n<li><strong>Mzdy 2-3-1 &#8222;Aktualizace nebo oprava v\u011bty<\/strong>&#8222;.<\/li>\n\n\n\n<li>Nebo pomoc\u00ed tla\u010d\u00edtka na Panelu n\u00e1stroj\u016f &#8222;<strong>Pracovn\u00ed seznam<\/strong>&#8220; &#8211; &#8222;<strong>Aktualizace<\/strong>&#8220; &#8211; &#8222;<strong>\u010casov\u00fd fond<\/strong>&#8220; &#8211; nap\u0159. &#8222;<strong>Zobrazit ve spole\u010dn\u00e9m okn\u011b<\/strong>&#8222;.<\/li>\n<\/ul>\n\n\n\n<p><em>Co najdete v tomto \u010dl\u00e1nku:<\/em><\/p>\n\n\n\n<ol class=\"wp-block-list\">\n<li>Datumy pro zad\u00e1v\u00e1n\u00ed nep\u0159\u00edtomnost\u00ed<\/li>\n\n\n\n<li>Okno datum\u016f vs. kalend\u00e1\u0159<\/li>\n\n\n\n<li>Aktualizace okna datum\u016f\n<ol class=\"wp-block-list\">\n<li>ru\u010dn\u00ed zad\u00e1n\u00ed\n<ul class=\"wp-block-list\">\n<li>jak zadat nep\u0159\u00edtomnost do okna datum\u016f<\/li>\n\n\n\n<li>jak zadat, \u017ee zam\u011bstnanec p\u00e1r hodin odpracoval v prvn\u00ed den nep\u0159\u00edtomnosti<\/li>\n<\/ul>\n<\/li>\n\n\n\n<li>nahr\u00e1n\u00ed CSV souborem<\/li>\n<\/ol>\n<\/li>\n\n\n\n<li>Druhy nep\u0159\u00edtomnost\u00ed<\/li>\n\n\n\n<li>B\u011b\u017en\u011b opravy nep\u0159\u00edtomnost\u00ed<\/li>\n\n\n\n<li>Vylou\u010den\u00e9 doby pro nemoc<\/li>\n<\/ol>\n\n\n\n<h3 class=\"wp-block-heading has-text-align-center\">Okno datum\u016f v \u010dasov\u00e9m fondu<\/h3>\n\n\n<div class=\"wp-block-image\">\n<figure class=\"aligncenter size-full\"><img loading=\"lazy\" decoding=\"async\" width=\"898\" height=\"212\" src=\"https:\/\/podpora.nuggetsw.cz\/wp-content\/uploads\/2021\/05\/image-12.png\" alt=\"\" class=\"wp-image-11394\" srcset=\"https:\/\/podpora.nuggetsw.cz\/wp-content\/uploads\/2021\/05\/image-12.png 898w, https:\/\/podpora.nuggetsw.cz\/wp-content\/uploads\/2021\/05\/image-12-300x71.png 300w, https:\/\/podpora.nuggetsw.cz\/wp-content\/uploads\/2021\/05\/image-12-768x181.png 768w\" sizes=\"auto, (max-width: 898px) 100vw, 898px\" \/><\/figure><\/div>\n\n\n<p class=\"has-text-align-center\"><\/p>\n\n\n\n<h3 class=\"wp-block-heading has-text-align-center\">Datumy pro zad\u00e1v\u00e1n\u00ed nep\u0159\u00edtomnost\u00ed<\/h3>\n\n\n\n<p>Okno datum\u016f slou\u017e\u00ed pro zad\u00e1v\u00e1n\u00ed nep\u0159\u00edtomnost\u00ed s datumy \u201eod \u2013 do\u201c.<\/p>\n\n\n\n<ol class=\"wp-block-list\">\n<li><strong>Datumy v aktu\u00e1ln\u011b otev\u0159en\u00e9m obdob\u00ed<\/strong>\n<ul class=\"wp-block-list\">\n<li>Nep\u0159\u00edtomnost za\u010d\u00edn\u00e1 i kon\u010d\u00ed v aktu\u00e1ln\u00edm m\u011bs\u00edci (dle otev\u0159en\u00e9ho \u00fa\u010detn\u00edho obdob\u00ed).<\/li>\n<\/ul>\n<\/li>\n\n\n\n<li><strong>Datumy p\u0159esahuj\u00edc\u00ed do n\u00e1sleduj\u00edc\u00edho obdob\u00ed<\/strong>\n<ul class=\"wp-block-list\">\n<li>Nep\u0159\u00edtomnost za\u010d\u00edn\u00e1 v jednom m\u011bs\u00edci a pokra\u010duje do dal\u0161\u00edho (nap\u0159. nemoc na p\u0159elomu m\u011bs\u00edce, dlouhodob\u00e9 nep\u0159\u00edtomnosti).<\/li>\n<\/ul>\n<\/li>\n\n\n\n<li><strong>Datumy do budouc\u00edho obdob\u00ed<\/strong>\n<ul class=\"wp-block-list\">\n<li>Nep\u0159\u00edtomnost za\u010d\u00edn\u00e1 a\u017e v budouc\u00edm obdob\u00ed oproti aktu\u00e1ln\u011b otev\u0159en\u00e9mu \u00fa\u010detn\u00edmu obdob\u00ed.<\/li>\n\n\n\n<li>Nap\u0159\u00edklad m\u00e1te otev\u0159en\u00e9 \u00fa\u010detn\u00ed obdob\u00ed \u00fanor, ale kalend\u00e1\u0159n\u011b je ji\u017e b\u0159ezen a od zam\u011bstnankyn\u011b obdr\u017e\u00edte O\u010cR na prvn\u00ed t\u0159i dny v b\u0159eznu. Nep\u0159\u00edtomnost zad\u00e1te do \u010dasov\u00e9ho fondu do budouc\u00edho obdob\u00ed. D\u016fvodem je, \u017ee pro  vygenerov\u00e1n\u00ed NEMPRI mus\u00ed b\u00fdt nep\u0159\u00edtomnost v \u010dasov\u00e9m fondu ji\u017e evidov\u00e1na.<\/li>\n\n\n\n<li>V aktu\u00e1ln\u011b otev\u0159en\u00e9m obdob\u00ed se pro takto zadanou nep\u0159\u00edtomnost nevygeneruj\u00ed \u017e\u00e1dn\u00e9 mzdov\u00e9 slo\u017eky a nezobraz\u00ed se ani v b\u011b\u017en\u00fdch sestav\u00e1ch. V\u00fdjimkou je sestava \u201eLZ999 Polo\u017eky \u010cF zadan\u00e9 datumy\u201c (funkce Mzdy 3-11).<\/li>\n\n\n\n<li>Mzdov\u00e9 slo\u017eky se vygeneruj\u00ed a\u017e v m\u011bs\u00edci skute\u010dn\u00e9ho \u010derp\u00e1n\u00ed nep\u0159\u00edtomnosti.<\/li>\n<\/ul>\n<\/li>\n<\/ol>\n\n\n\n<p><strong><em>Vysv\u011btlen\u00ed datum\u016f v Okn\u011b datum\u016f:<\/em><\/strong><\/p>\n\n\n\n<p><strong>NESCHOPEN OD<\/strong>: Za\u010d\u00e1tek nep\u0159\u00edtomnosti.<\/p>\n\n\n\n<p><strong>LIKV.OD<\/strong>: V aktu\u00e1ln\u00edm obdob\u00ed se zpravidla nevypl\u0148uje. Pou\u017e\u00edv\u00e1 se pouze ve specifick\u00fdch p\u0159\u00edpadech, nap\u0159\u00edklad p\u0159i oprav\u00e1ch.<\/p>\n\n\n\n<p><strong>SCHOPEN OD<\/strong>: Datum n\u00e1stupu zp\u011bt do zam\u011bstn\u00e1n\u00ed (i teoretick\u00e9ho). V\u017edy se zad\u00e1v\u00e1 jako datum n\u00e1sleduj\u00edc\u00ed po datu uveden\u00e9m v \u201eLIKV. DO\u201c.<\/p>\n\n\n\n<h3 class=\"wp-block-heading has-text-align-center\">Okno datum\u016f vs. kalend\u00e1\u0159<\/h3>\n\n\n\n<p>Pokud v pr\u016fb\u011bhu otev\u0159en\u00e9ho obdob\u00ed zm\u011bn\u00edte kalend\u00e1\u0159 a sou\u010dasn\u011b je ji\u017e zad\u00e1na nep\u0159\u00edtomnost, je nutn\u00e9 po zm\u011bn\u011b kalend\u00e1\u0159e p\u0159egenerovat p\u0159\u00edslu\u0161nou nep\u0159\u00edtomnost v okn\u011b datum\u016f.<\/p>\n\n\n\n<p><em>Postup p\u0159egenerov\u00e1n\u00ed nep\u0159\u00edtomnosti v okn\u011b datum\u016f<\/em>:<\/p>\n\n\n\n<ul class=\"wp-block-list\">\n<li>Otev\u0159ete \u0159\u00e1dek se zadanou nep\u0159\u00edtomnost\u00ed pomoc\u00ed tla\u010d\u00edtka \u201eUpravit\u201c <\/li>\n\n\n\n<li>Klikn\u011bte vlevo dole na tla\u010d\u00edtko \u201eGenerovat mzdov\u00e9 slo\u017eky a povolit korekci\u201c. <\/li>\n\n\n\n<li>Nep\u0159\u00edtomnost se t\u00edm p\u0159egeneruje podle nov\u011b nastaven\u00e9ho kalend\u00e1\u0159e.<\/li>\n<\/ul>\n\n\n\n<p>Na p\u0159\u00edpadnou chybu v\u00e1s upozorn\u00ed tak\u00e9 &#8222;Kontrola \u010dasov\u00e9ho fondu&#8220; ve funkci Mzdy 2-3-4 p\u0159i v\u00fdb\u011bru prvn\u00ed mo\u017enosti kontroly.<\/p>\n\n\n<div class=\"wp-block-image\">\n<figure class=\"aligncenter size-full\"><img loading=\"lazy\" decoding=\"async\" width=\"954\" height=\"158\" src=\"https:\/\/podpora.nuggetsw.cz\/wp-content\/uploads\/2023\/05\/cf2.jpg\" alt=\"\" class=\"wp-image-5406\" srcset=\"https:\/\/podpora.nuggetsw.cz\/wp-content\/uploads\/2023\/05\/cf2.jpg 954w, https:\/\/podpora.nuggetsw.cz\/wp-content\/uploads\/2023\/05\/cf2-300x50.jpg 300w, https:\/\/podpora.nuggetsw.cz\/wp-content\/uploads\/2023\/05\/cf2-768x127.jpg 768w\" sizes=\"auto, (max-width: 954px) 100vw, 954px\" \/><\/figure><\/div>\n\n\n<h3 class=\"wp-block-heading has-text-align-center\"><strong>Aktualizace okna datum\u016f <\/strong><\/h3>\n\n\n\n<h3 class=\"wp-block-heading has-text-align-center\"><strong>1<\/strong>. <strong>ru\u010dn\u00ed zad\u00e1n\u00ed<\/strong><\/h3>\n\n\n\n<p><em>Vysv\u011btlen\u00ed tla\u010d\u00edtek v Okn\u011b datum\u016f:<\/em><\/p>\n\n\n\n<p><strong>\u201eUpravit\u201c<\/strong>: Umo\u017e\u0148uje upravit ji\u017e zadanou nep\u0159\u00edtomnost v aktu\u00e1ln\u00edm m\u011bs\u00edci. Pokud nep\u0159\u00edtomnost za\u010d\u00edn\u00e1 v ji\u017e uzav\u0159en\u00e9m m\u011bs\u00edci, nen\u00ed mo\u017en\u00e9 m\u011bnit jej\u00ed za\u010d\u00e1tek.<br><strong>\u201eNov\u00fd\u201c<\/strong>: Slou\u017e\u00ed pro zad\u00e1n\u00ed nov\u00e9 nep\u0159\u00edtomnosti.<br><strong>\u201eZru\u0161it\u201c<\/strong>: Umo\u017e\u0148uje smazat d\u0159\u00edve zadanou nep\u0159\u00edtomnost, pokud jej\u00ed datumy OD\u2013DO spadaj\u00ed do aktu\u00e1ln\u00edho m\u011bs\u00edce.<\/p>\n\n\n\n<p><strong><em>Upozorn\u011bn\u00ed<\/em><\/strong>: <\/p>\n\n\n\n<p><strong>\u010c\u00edslov\u00e1n\u00ed \u0159\u00e1dk\u016f v okn\u011b datum\u016f mus\u00ed v\u017edy navazovat<\/strong>. Pokud n\u011bkter\u00fd \u0159\u00e1dek zru\u0161\u00edte, je nutn\u00e9 p\u0159ed zad\u00e1n\u00edm dal\u0161\u00edho nov\u00e9ho \u0159\u00e1dku \u010dasov\u00fd fond ulo\u017eit tla\u010d\u00edtkem \u201eOK\u201c. T\u00edm se \u010dasov\u00fd fond zav\u0159e. N\u00e1sledn\u011b jej znovu otev\u0159ete a a\u017e pot\u00e9 zadejte nov\u00fd \u0159\u00e1dek.<\/p>\n\n\n\n<p>Nesta\u010d\u00ed pou\u017e\u00edt pouze tla\u010d\u00edtko \u201ePou\u017e\u00edt\u201c.<\/p>\n\n\n\n<p>Na obr\u00e1zku n\u00ed\u017ee je p\u0159\u00edklad chybn\u00e9ho postupu. Byl smaz\u00e1n \u0159\u00e1dek \u010d. 2, ale \u010dasov\u00fd fond nebyl ulo\u017een a rovnou byl zad\u00e1n nov\u00fd \u0159\u00e1dek. T\u00edm do\u0161lo k tomu, \u017ee nep\u0159\u00edtomnosti na sebe \u010d\u00edseln\u011b nenavazuj\u00ed.<\/p>\n\n\n<div class=\"wp-block-image\">\n<figure class=\"aligncenter size-full\"><img loading=\"lazy\" decoding=\"async\" width=\"984\" height=\"104\" src=\"https:\/\/podpora.nuggetsw.cz\/wp-content\/uploads\/2023\/04\/Okno-datumu1.jpg\" alt=\"\" class=\"wp-image-4719\" srcset=\"https:\/\/podpora.nuggetsw.cz\/wp-content\/uploads\/2023\/04\/Okno-datumu1.jpg 984w, https:\/\/podpora.nuggetsw.cz\/wp-content\/uploads\/2023\/04\/Okno-datumu1-300x32.jpg 300w, https:\/\/podpora.nuggetsw.cz\/wp-content\/uploads\/2023\/04\/Okno-datumu1-768x81.jpg 768w\" sizes=\"auto, (max-width: 984px) 100vw, 984px\" \/><\/figure><\/div>\n\n\n<h3 class=\"wp-block-heading has-text-align-center\">Jak zadat nep\u0159\u00edtomnost do okna datum\u016f<\/h3>\n\n\n<div class=\"wp-block-image\">\n<figure class=\"aligncenter\"><img loading=\"lazy\" decoding=\"async\" width=\"965\" height=\"180\" src=\"https:\/\/podpora.nuggetsw.cz\/wp-content\/uploads\/2021\/05\/Zadani-nepritomnosti.jpg\" alt=\"\" class=\"wp-image-911\" srcset=\"https:\/\/podpora.nuggetsw.cz\/wp-content\/uploads\/2021\/05\/Zadani-nepritomnosti.jpg 965w, https:\/\/podpora.nuggetsw.cz\/wp-content\/uploads\/2021\/05\/Zadani-nepritomnosti-300x56.jpg 300w, https:\/\/podpora.nuggetsw.cz\/wp-content\/uploads\/2021\/05\/Zadani-nepritomnosti-768x143.jpg 768w\" sizes=\"auto, (max-width: 965px) 100vw, 965px\" \/><\/figure><\/div>\n\n\n<p><em>Postup zad\u00e1n\u00ed<\/em>:<\/p>\n\n\n\n<ol class=\"wp-block-list\">\n<li>Otev\u0159ete \u010dasov\u00fd fond zam\u011bstnance.<\/li>\n\n\n\n<li>V okn\u011b datum\u016f zvolte tla\u010d\u00edtko \u201eNov\u00fd\u201c.<\/li>\n\n\n\n<li>V poli \u201eDruh\u201c vyberte nebo napi\u0161te po\u017eadovan\u00fd druh nep\u0159\u00edtomnosti.<\/li>\n\n\n\n<li>Pokud existuje nep\u0159\u00edtomnost ve funkci \u201eP\u0159ehled e-neschopenek\u201c (Mzdy 2-3-11), zobraz\u00ed se tla\u010d\u00edtko \u201eE-neschopenky\u201c. Klikn\u011bte na toto tla\u010d\u00edtko, ozna\u010dte posledn\u00ed \u0159\u00e1dek a zvolte \u201eP\u0159evz\u00edt\u201c. <img decoding=\"async\" src=\"https:\/\/podpora.nuggetsw.cz\/wp-content\/uploads\/2022\/09\/eneschopenky.jpg\" alt=\"\">\n<ul class=\"wp-block-list\">\n<li>Nep\u0159\u00edtomnosti vlo\u017een\u00e9 do e-D\u00e1vek mus\u00edte p\u0159evz\u00edt z funkce mzdy 2-3-12.<\/li>\n<\/ul>\n<\/li>\n\n\n\n<li>Dopl\u0148te datumy \u201eNeschopen OD\u201c, \u201eSchopen OD\u201c a \u201eLikv. DO\u201c.<\/li>\n\n\n\n<li>Pokud pot\u0159ebujete upravit prvn\u00ed nebo posledn\u00ed den o odpracovan\u00e9 hodiny, klikn\u011bte na tla\u010d\u00edtko \u201eGenerovat mzdov\u00e9 slo\u017eky a povolit korekci\u201c. <\/li>\n\n\n\n<li>Program zobraz\u00ed vygenerovan\u00e9 mzdov\u00e9 slo\u017eky. V prvn\u00edm \u0159\u00e1dku se zobraz\u00ed bu\u0148ka, kterou lze upravit \u2013 zde pon\u00ed\u017e\u00edte po\u010det hodin o skute\u010dn\u011b odpracovan\u00e9 hodiny.<\/li>\n\n\n\n<li>Nakonec v\u0161e ulo\u017ete tla\u010d\u00edtkem \u201eOK\u201c.<\/li>\n<\/ol>\n\n\n\n<h3 class=\"wp-block-heading has-text-align-center\">Zam\u011bstnanec odpracoval prvn\u00ed den \u010d\u00e1st \u010di celou sm\u011bnu<\/h3>\n\n\n\n<h4 class=\"wp-block-heading\">A) Zam\u011bstnanec odpracoval \u010d\u00e1st sm\u011bny<\/h4>\n\n\n\n<ol class=\"wp-block-list\">\n<li>Klikn\u011bte na tla\u010d\u00edtko \u201e<strong>Generovat mzdov\u00e9 slo\u017eky a povolit korekci<\/strong>\u201c.<\/li>\n\n\n\n<li>Zobraz\u00ed se vygenerovan\u00e9 mzdov\u00e9 slo\u017eky a v prvn\u00edm \u0159\u00e1dku se zobraz\u00ed editovateln\u00e1 bu\u0148ka.<\/li>\n\n\n\n<li>Poni\u017ete o odpracovan\u00e9 hodiny.<\/li>\n\n\n\n<li>Ulo\u017ete tla\u010d\u00edtkem &#8222;OK&#8220;.<\/li>\n\n\n\n<li><strong>Tuto nep\u0159\u00edtomnost znovu nep\u0159egenerov\u00e1vejte, korekce hodin by se zru\u0161ila. <\/strong><\/li>\n<\/ol>\n\n\n\n<h4 class=\"wp-block-heading\">B) Zam\u011bstnanec odpracoval prvn\u00ed den celou sm\u011bnu<\/h4>\n\n\n\n<ol class=\"wp-block-list\">\n<li>Zadejte nemoc dle zvyklost\u00ed, ale se za\u010d\u00e1tkem a\u017e n\u00e1sleduj\u00edc\u00ed den.<\/li>\n\n\n\n<li>Zaklikn\u011bte \u00fadaj &#8222;Cel\u00e1 sm\u011bna&#8220;.<\/li>\n\n\n\n<li>D\u00edky tomuto nastaven\u00ed se sm\u011bna spr\u00e1vn\u011b prop\u00ed\u0161e do p\u0159\u00edlohy k \u017e\u00e1dosti o d\u00e1vku (NEMPRI).<\/li>\n<\/ol>\n\n\n<div class=\"wp-block-image\">\n<figure class=\"aligncenter size-full\"><img loading=\"lazy\" decoding=\"async\" width=\"970\" height=\"167\" src=\"https:\/\/podpora.nuggetsw.cz\/wp-content\/uploads\/2024\/02\/image-20.png\" alt=\"\" class=\"wp-image-7612\" srcset=\"https:\/\/podpora.nuggetsw.cz\/wp-content\/uploads\/2024\/02\/image-20.png 970w, https:\/\/podpora.nuggetsw.cz\/wp-content\/uploads\/2024\/02\/image-20-300x52.png 300w, https:\/\/podpora.nuggetsw.cz\/wp-content\/uploads\/2024\/02\/image-20-768x132.png 768w\" sizes=\"auto, (max-width: 970px) 100vw, 970px\" \/><\/figure><\/div>\n\n\n<h3 class=\"wp-block-heading has-text-align-center\"><strong>2. nahr\u00e1n\u00edm csv souborem<\/strong><\/h3>\n\n\n\n<h4 class=\"wp-block-heading\">Vytvo\u0159en\u00ed nahr\u00e1vac\u00edho souboru:<\/h4>\n\n\n\n<ul class=\"wp-block-list\">\n<li>Pomoc\u00ed CSV souboru nelze nahr\u00e1vat v\u0161echny druhy nep\u0159\u00edtomnost\u00ed. Nap\u0159\u00edklad u nemoc\u00ed, \u00faraz\u016f a O\u010cR by se nep\u0159enesla \u010d\u00edsla neschopenek.<\/li>\n\n\n\n<li>Tento zp\u016fsob je vhodn\u00fd zejm\u00e9na pro nep\u0159\u00edtomnosti jako nap\u0159\u00edklad dovolen\u00e1, neplacen\u00e9 volno nebo neomluven\u00e1 absence.<\/li>\n\n\n\n<li>Tabulka pro nahr\u00e1n\u00ed do programu m\u00e1 p\u0159esn\u011b definovan\u00e9 sloupce a hodnoty, kter\u00e9 je nutn\u00e9 dodr\u017eet.<\/li>\n\n\n\n<li>Soubor bude obsahovat tyto sloupce:<\/li>\n<\/ul>\n\n\n\n<figure class=\"wp-block-table is-style-stripes\"><table><tbody><tr><td><strong>POD<\/strong><\/td><td><strong>L0001<\/strong><\/td><td><strong>L0004<\/strong><\/td><td>JMENO<\/td><td><strong>OBD<\/strong><\/td><td><strong>L4901<\/strong><\/td><td><strong>L4902<\/strong><\/td><td><strong>L4903<\/strong><\/td><td><strong>L4713<\/strong><\/td><td><strong>L4714<\/strong><\/td><\/tr><tr><td>\u010d\u00edslo knihovny<\/td><td>os. \u010d.<\/td><td>druh prac. pom.<\/td><td>jm\u00e9no zam-ce, nepovinn\u00fd \u00fadaj<\/td><td>obdob\u00ed ve tvaru MMRRRR<\/td><td>mzdov\u00e1 slo\u017eka<\/td><td>hod. \/ K\u010d<\/td><td>dny<\/td><td>datum od DDMMRR<\/td><td>datum do DDMMRR<\/td><\/tr><\/tbody><\/table><\/figure>\n\n\n\n<ol class=\"wp-block-list\">\n<li><strong>POD<\/strong>&nbsp;\u2013 \u010c\u00edslo knihovny:\n<ul class=\"wp-block-list\">\n<li>Pokud pou\u017e\u00edv\u00e1te pouze jednu knihovnu, tento \u00fadaj nen\u00ed povinn\u00fd.<\/li>\n\n\n\n<li>Pokud vyb\u00edr\u00e1te z v\u00edce knihoven, je jeho vypln\u011bn\u00ed povinn\u00e9.<\/li>\n<\/ul>\n<\/li>\n\n\n\n<li><strong>L0001<\/strong>&nbsp;\u2013 Osobn\u00ed \u010d\u00edslo zam\u011bstnance.<\/li>\n\n\n\n<li><strong>L0004<\/strong>&nbsp;\u2013 Druh pracovn\u00edho pom\u011bru:\n<ul class=\"wp-block-list\">\n<li>Povinn\u00fd \u00fadaj v p\u0159\u00edpad\u011b, \u017ee m\u00e1 zam\u011bstnanec v\u00edce pracovn\u00edch pom\u011br\u016f pod jedn\u00edm osobn\u00edm \u010d\u00edslem.<\/li>\n\n\n\n<li>Pokud nen\u00ed \u00fadaj L0004 vypln\u011bn a existuje v\u00edce aktivn\u00edch pracovn\u00edch pom\u011br\u016f, program automaticky nahraje \u00fadaje na prvn\u00ed pracovn\u00ed pom\u011br (0). Tento \u00fadaj je nutn\u00e9 vyplnit v ka\u017ed\u00e9m \u0159\u00e1dku.<\/li>\n\n\n\n<li>Pokud sloupec s \u00fadajem \u201eL0004\u201c v tabulce v\u016fbec nen\u00ed a existuje v\u00edce aktivn\u00edch pracovn\u00edch pom\u011br\u016f, program automaticky nahraje \u00fadaje na hlavn\u00ed prvn\u00ed pracovn\u00ed pom\u011br. <\/li>\n<\/ul>\n<\/li>\n\n\n\n<li><strong>JMENO<\/strong>&nbsp;\/ <strong>L3001<\/strong>:\n<ul class=\"wp-block-list\">\n<li>\u00dadaj nen\u00ed povinn\u00fd, ale \u010dasto se pou\u017e\u00edv\u00e1 pro lep\u0161\u00ed orientaci v souboru.<\/li>\n<\/ul>\n<\/li>\n\n\n\n<li><strong>OBD<\/strong>&nbsp;\u2013 Obdob\u00ed:\n<ul class=\"wp-block-list\">\n<li>Form\u00e1t: MMRRRR.<\/li>\n\n\n\n<li>Pozor: jin\u00fd form\u00e1t data se pou\u017e\u00edv\u00e1 u \u00fadaj\u016f \u201eL4713\u201c a \u201eL4714\u201c.<\/li>\n<\/ul>\n<\/li>\n\n\n\n<li><strong>L4901<\/strong>&nbsp;\u2013 Mzdov\u00e1 slo\u017eka:\n<ul class=\"wp-block-list\">\n<li>\u010c\u00edslo mzdov\u00e9 slo\u017eky.<\/li>\n<\/ul>\n<\/li>\n\n\n\n<li><strong>L4902<\/strong>&nbsp;\u2013 Hodnota mzdov\u00e9 slo\u017eky:\n<ul class=\"wp-block-list\">\n<li>Koruny \u010di hodiny podle typu mzdov\u00e9 slo\u017eky.<\/li>\n<\/ul>\n<\/li>\n\n\n\n<li><strong>L4903<\/strong>&nbsp;\u2013 Dny:\n<ul class=\"wp-block-list\">\n<li>Hodnota v korun\u00e1ch nebo hodin\u00e1ch podle typu mzdov\u00e9 slo\u017eky.<\/li>\n<\/ul>\n<\/li>\n\n\n\n<li><strong>L4713<\/strong>&nbsp;\u2013 Datum OD:\n<ul class=\"wp-block-list\">\n<li>Datum za\u010d\u00e1tku nep\u0159\u00edtomnosti ve form\u00e1tu DDMMRR.<\/li>\n<\/ul>\n<\/li>\n\n\n\n<li><strong>L4714<\/strong>&nbsp;\u2013 Datum DO:\n<ul class=\"wp-block-list\">\n<li>Datum konce nep\u0159\u00edtomnosti ve form\u00e1tu DDMMRR.<\/li>\n<\/ul>\n<\/li>\n\n\n\n<li><strong>L4907<\/strong>&nbsp;\u2013 Nahr\u00e1vac\u00ed p\u0159\u00edznak:\n<ul class=\"wp-block-list\">\n<li>Nepovinn\u00fd \u00fadaj slou\u017e\u00edc\u00ed k rozli\u0161en\u00ed jednotliv\u00fdch d\u00e1vek p\u0159i importu.\n<ul class=\"wp-block-list\">\n<li>Pokud nahr\u00e1v\u00e1te v\u00edce tabulek do \u010dasov\u00e9ho fondu, je nutn\u00e9 pou\u017e\u00edt r\u016fzn\u00e9 nahr\u00e1vac\u00ed p\u0159\u00edznaky.<\/li>\n<\/ul>\n<\/li>\n\n\n\n<li>Pokud pou\u017eijete stejn\u00fd p\u0159\u00edznak jako u d\u0159\u00edve nahran\u00e9ho souboru, data se p\u0159ep\u00ed\u0161\u00ed (nahrad\u00ed se p\u016fvodn\u011b nahran\u00fd soubor).<\/li>\n\n\n\n<li>Pokud p\u0159\u00edznak nevypln\u00edte a soubor nahrajete znovu, dojde ke zdvojen\u00ed dat.<\/li>\n\n\n\n<li>Nepou\u017e\u00edvejte znaky: D, E, F, G, P, V, W, X, Z \u2013 tyto znaky jsou vyhrazeny syst\u00e9mem.<\/li>\n<\/ul>\n<\/li>\n<\/ol>\n\n\n\n<h4 class=\"wp-block-heading\"><strong>Maz\u00e1n\u00ed slo\u017eek p\u0159i chybn\u011b nahran\u00e9m souboru (nepou\u017eit\u00ed \u00fadaje L4907)<\/strong><\/h4>\n\n\n\n<ul class=\"wp-block-list\">\n<li>Pokud \u00fadaj L4907 v importn\u00edm souboru nepou\u017eijete a soubor nahrajete znovu, hodnoty se v \u010dasov\u00e9m fondu zdvoj\u00ed.<\/li>\n\n\n\n<li>Pokud pot\u0159ebujete smazat konkr\u00e9tn\u00ed mzdovou slo\u017eku, vyu\u017eijte funkci \u201eHromadn\u00e9 zm\u011bny\u201c (Mzdy 2-3-2) \u2013 akce \u201eRu\u0161en\u00ed\u201c.<\/li>\n\n\n\n<li>V\u00edce informac\u00ed k pou\u017eit\u00ed \u00fadaje \u201eL4907\u201c v importn\u00edm souboru najdete <a href=\"https:\/\/podpora.nuggetsw.cz\/index.php\/faq\/musim-v-importnim-souboru-pouzit-tzn-priznak-l4907\/\" target=\"_blank\" rel=\"noreferrer noopener\">zde<\/a>.<\/li>\n<\/ul>\n\n\n\n<h2 class=\"wp-block-heading has-text-align-center\">Druhy nep\u0159\u00edtomnost\u00ed<\/h2>\n\n\n\n<p>V\u0161echny n\u00ed\u017ee uveden\u00e9 druhy nep\u0159\u00edtomnost\u00ed lze zad\u00e1vat, jak bylo uvedeno v\u00fd\u0161e, pro aktu\u00e1ln\u00ed obdob\u00ed, s p\u0159esahem do n\u00e1sleduj\u00edc\u00edho m\u011bs\u00edce nebo i cel\u00e9 do budouc\u00edho obdob\u00ed.<\/p>\n\n\n\n<p>Ve\u0161ker\u00e9 v\u00fdstupy, do kter\u00fdch se propisuj\u00ed data zadan\u00e1 v okn\u011b datum\u016f, se v\u0161ak generuj\u00ed v\u017edy pouze pro aktu\u00e1ln\u011b otev\u0159en\u00fd m\u011bs\u00edc. Jedinou v\u00fdjimkou, kde je mo\u017en\u00e9 vid\u011bt nep\u0159\u00edtomnost v cel\u00e9 d\u00e9lce v\u010detn\u011b \u010d\u00e1sti zasahuj\u00edc\u00ed do budoucnosti, je sestava ve funkci Mzdy 3-11 \u201eLZ999 Polo\u017eky \u010cF zadan\u00e9 datumy\u201c.<\/p>\n\n\n\n<p>Pokud pot\u0159ebujete nep\u0159\u00edtomnosti kontrolovat, m\u016f\u017eete vyu\u017e\u00edt samostatn\u00fd n\u00e1vod ur\u010den\u00fd pro kontroln\u00ed sestavy.<\/p>\n\n\n\n<p>N\u00e1sleduj\u00edc\u00ed uk\u00e1zka sestavy \u201eLZ999 Polo\u017eky \u010cF zadan\u00e9 datumy\u201c je z aktu\u00e1ln\u011b otev\u0159en\u00e9ho m\u011bs\u00edce \u010dervna. Jsou zde vid\u011bt konce nep\u0159\u00edtomnost\u00ed v n\u00e1sleduj\u00edc\u00edm m\u011bs\u00edci a u prvn\u00edch dvou zam\u011bstnanc\u016f tak\u00e9 za\u010d\u00e1tky nep\u0159\u00edtomnost\u00ed v budouc\u00edm obdob\u00ed (\u010dervenec).<\/p>\n\n\n<div class=\"wp-block-image\">\n<figure class=\"aligncenter size-full\"><img loading=\"lazy\" decoding=\"async\" width=\"657\" height=\"424\" src=\"https:\/\/podpora.nuggetsw.cz\/wp-content\/uploads\/2022\/10\/LZ999.jpg\" alt=\"\" class=\"wp-image-3921\" srcset=\"https:\/\/podpora.nuggetsw.cz\/wp-content\/uploads\/2022\/10\/LZ999.jpg 657w, https:\/\/podpora.nuggetsw.cz\/wp-content\/uploads\/2022\/10\/LZ999-300x194.jpg 300w\" sizes=\"auto, (max-width: 657px) 100vw, 657px\" \/><\/figure><\/div>\n\n\n<h2 class=\"wp-block-heading has-text-align-center\">Druhy nep\u0159\u00edtomnost\u00ed zad\u00e1van\u00e9 &#8222;Oknem datum\u016f&#8220;<\/h2>\n\n\n\n<h2 class=\"wp-block-heading\"><strong>1 \u2013 nemoc<\/strong><\/h2>\n\n\n\n<p>Nemoci se zad\u00e1vaj\u00ed pomoc\u00ed funkce <strong>Mzdy 2-3-11 \u201eP\u0159ehled e-neschopenek<\/strong>\u201c. Pro vygenerov\u00e1n\u00ed neschopenky do \u010dasov\u00e9ho fondu (pro jednu nebo v\u00edce neschopenek najednou) pou\u017eijte tla\u010d\u00edtko \u201eGenerovat slo\u017eky\u201c. <\/p>\n\n\n\n<p>Pokud chcete neschopenku p\u0159evz\u00edt ru\u010dn\u011b, otev\u0159ete v \u010dasov\u00e9m fondu okno datum\u016f, zvolte \u201eNov\u00fd\u201c a pot\u00e9 klikn\u011bte na tla\u010d\u00edtko \u201eE-neschopenky\u201c. Z\u00e1znamy p\u0159ijm\u011bte (m\u016f\u017eete ozna\u010dit pouze posledn\u00ed \u0159\u00e1dek) tla\u010d\u00edtkem \u201eOK\u201c a n\u00e1sledn\u011b v\u0161e ulo\u017ete op\u011bt tla\u010d\u00edtkem \u201eOK\u201c.<\/p>\n\n\n\n<p>Pokud zam\u011bstnanec v prvn\u00ed den nemoci odpracoval \u010d\u00e1st sm\u011bny, pou\u017eijte tla\u010d\u00edtko \u201eGenerovat mzdov\u00e9 slo\u017eky a povolit korekci\u201c a v prvn\u00edm \u017elut\u00e9m (oran\u017eov\u00e9m) poli poni\u017ete hodnotu o odpracovan\u00e9 hodiny.<\/p>\n\n\n\n<p><strong>Upozorn\u011bn\u00ed:<\/strong><br>P\u0159i aktualizaci nep\u0159\u00edtomnosti se korekce hodin zru\u0161\u00ed. Proto je nutn\u00e9 po ka\u017ed\u00e9 aktualizaci zkontrolovat d\u0159\u00edve proveden\u00e9 korekce a p\u0159\u00edpadn\u011b je znovu zadat.<\/p>\n\n\n\n<p>Pokud zam\u011bstnanec odpracoval celou sm\u011bnu a pracovn\u00ed neschopnost mu byla vystavena a\u017e ve\u010der, zadejte PN a\u017e od n\u00e1sleduj\u00edc\u00edho dne a ozna\u010dte \u00fadaj \u201eCel\u00e1 sm\u011bna\u201c v prav\u00e9 doln\u00ed \u010d\u00e1sti okna. D\u00edky tomu se spr\u00e1vn\u00e1 informace prop\u00ed\u0161e i do p\u0159\u00edlohy k \u017e\u00e1dosti o d\u00e1vku.<\/p>\n\n\n\n<p><strong>Mzdov\u00e9 slo\u017eky:<\/strong><\/p>\n\n\n\n<p>610 \u201eNemoc bez v\u00fdplaty d\u00e1vek\u201c (kalend\u00e1\u0159n\u00ed dny)<br>601 \u201eNemoc \u2013 celkem\u201c<br>619 \u201eD\u00e1vky p\u0159i nemoci\u201c (pracovn\u00ed dny)<br>99 \u201eZame\u0161kan\u00e9 pracovn\u00ed dny\u201c<\/p>\n\n\n\n<p>Bli\u017e\u0161\u00ed informace najdete v n\u00e1vodech:<br><a href=\"\/?p=936\" target=\"_blank\" rel=\"noreferrer noopener\">Pr\u00e1ce s p\u0159ehledem e-neschopenek<\/a><br><a href=\"\/?p=1913\" target=\"_blank\" rel=\"noreferrer noopener\">Nastaven\u00ed stahov\u00e1n\u00ed e-neschopenek<\/a> (IT)<\/p>\n\n\n\n<h2 class=\"wp-block-heading\"><strong>2 \u2013 o\u0161et\u0159ov\u00e1n\u00ed \u010dlena rodiny (O\u010cR)<\/strong><\/h2>\n\n\n\n<p>Od ledna 2025 se n\u00e1sleduj\u00edc\u00ed nep\u0159\u00edtomnosti p\u0159eb\u00edraj\u00ed pouze pomoc\u00ed <strong>funkce Mzdy 2-3-12<\/strong> &#8222;<strong>P\u0159ehled \u017e\u00e1dost\u00ed o d\u00e1vku&#8220;<\/strong>:<\/p>\n\n\n\n<ul class=\"wp-block-list\">\n<li>Otcovsk\u00e9 poporodn\u00ed p\u00e9\u010de (OPP),<\/li>\n\n\n\n<li>o\u0161et\u0159ovn\u00e9ho (O\u0160E),<\/li>\n\n\n\n<li>dlouhodob\u00e9ho o\u0161et\u0159ovn\u00e9ho (DLO),<\/li>\n\n\n\n<li>pen\u011b\u017eit\u00e9 pomoci v&nbsp;mate\u0159stv\u00ed (PPM),<\/li>\n\n\n\n<li>vyrovn\u00e1vac\u00edho p\u0159\u00edsp\u011bvku v&nbsp;mate\u0159stv\u00ed (VPTM).<\/li>\n<\/ul>\n\n\n\n<p>Bli\u017e\u0161\u00ed informace najdete v n\u00e1vodu <a href=\"\/?p=9148\" target=\"_blank\" rel=\"noreferrer noopener\">P\u0159ehled \u017e\u00e1dosti o d\u00e1vku<\/a><\/p>\n\n\n\n<p>Pokud je jedna O\u010cR p\u0159eru\u0161ovan\u00e1 (nap\u0159\u00edklad p\u0159i opakovan\u00e9 p\u00e9\u010di o nemocn\u00e9 d\u00edt\u011b, \u0161koln\u00edm nebo dlouhodob\u00e9m O\u010cR), zad\u00e1v\u00e1 se ka\u017ed\u00e9 nov\u00e9 obdob\u00ed v\u017edy jako nov\u00e1 O\u010cR.<\/p>\n\n\n\n<p>Nap\u0159\u00edklad: M\u00e1me vystavenou O\u010cR od 1.12.-10.12., ale zam\u011bstnanec pracoval 3.12. a 6.12., O\u010cR v okn\u011b datum\u016f zap\u00ed\u0161eme takto:<\/p>\n\n\n\n<figure class=\"wp-block-table\"><table><tbody><tr><td>NESCHOPEN OD<\/td><td>LIKV.OD<\/td><td>SCHOPEN OD<\/td><td>LIKV. DO<\/td><td>\u010d. nesch.<\/td><\/tr><tr><td>1.12.<\/td><td>1.12.<\/td><td>3.12.<\/td><td>2.12.<\/td><td>PB102030<\/td><\/tr><tr><td>4.12.<\/td><td>4.12.<\/td><td>5.12.<\/td><td>6.12.<\/td><td>PB102030<\/td><\/tr><tr><td>7.12.<\/td><td>11.12.<\/td><td>10.12.<\/td><td>7.12.<\/td><td>PB102030<\/td><\/tr><\/tbody><\/table><\/figure>\n\n\n\n<p><strong>Mzdov\u00e9 slo\u017eky:<\/strong><\/p>\n\n\n\n<p>602 \u201eO\u0161et\u0159ov\u00e1n\u00ed \u010dlena rodiny \u2013 celkem\u201c<br>710 \u201eO\u0161et\u0159ov\u00e1n\u00ed \u010dlena rodiny bez v\u00fdplaty d\u00e1vek\u201c (kalend\u00e1\u0159n\u00ed dny)<br>99 \u201eZame\u0161kan\u00e9 pracovn\u00ed dny\u201c<\/p>\n\n\n\n<p><\/p>\n\n\n\n<h2 class=\"wp-block-heading\"><strong>3 \u2013 nepracovn\u00ed \u00faraz <\/strong><\/h2>\n\n\n\n<p>Nepracovn\u00ed \u00faraz je z pohledu soci\u00e1ln\u00ed poji\u0161\u0165ovny nemoc a ty se zad\u00e1vaj\u00ed pomoc\u00ed funkce <strong>Mzdy 2-3-11 \u201eP\u0159ehled e-neschopenek<\/strong>\u201c. <\/p>\n\n\n\n<p>Bli\u017e\u0161\u00ed informace najdete v n\u00e1vodu <a href=\"\/?p=936\" target=\"_blank\" rel=\"noreferrer noopener\">Pr\u00e1ce s p\u0159ehledem e-neschopenek<\/a><\/p>\n\n\n\n<p><strong>Mzdov\u00e9 slo\u017eky:<\/strong><\/p>\n\n\n\n<p>603 \u201eNepracovn\u00ed \u00farazy \u2013 celkem\u201c (kalend\u00e1\u0159n\u00ed dny celkem)<br>630 \u201eNepracovn\u00ed \u00farazy \u2013 bez v\u00fdplaty d\u00e1vek\u201c (kalend\u00e1\u0159n\u00ed dny)<br>639 \u201eNepracovn\u00ed \u00farazy \u2013 placeno\u201c (pracovn\u00ed dny)<br>99 \u201eZame\u0161kan\u00e9 pracovn\u00ed dny\u201c<\/p>\n\n\n\n<p><\/p>\n\n\n\n<h2 class=\"wp-block-heading\"><strong>4 \u2013 pracovn\u00ed \u00faraz <\/strong><\/h2>\n\n\n\n<p>Pracovn\u00ed \u00farazy se zad\u00e1vaj\u00ed pomoc\u00ed funkce <strong>Mzdy 2-3-11 \u201eP\u0159ehled e-neschopenek<\/strong>\u201c. <\/p>\n\n\n\n<p>Bli\u017e\u0161\u00ed informace najdete v n\u00e1vodu <a href=\"\/?p=936\" target=\"_blank\" rel=\"noreferrer noopener\">Pr\u00e1ce s p\u0159ehledem e-neschopenek<\/a><\/p>\n\n\n\n<p>Se zam\u011bstnancem je pot\u0159eba vyplnit &#8222;Z\u00e1znam o \u00farazu&#8220;, kter\u00fd bude slou\u017eit nejen pro pot\u0159eby firmy, ale tak\u00e9 pro p\u0159\u00edslu\u0161n\u00e9 \u00fa\u0159ady v p\u0159\u00edpad\u011b pracovn\u00ed neschopnosti.<\/p>\n\n\n\n<p><strong>Mzdov\u00e9 slo\u017eky:<\/strong><\/p>\n\n\n\n<p>604 \u201ePracovn\u00ed \u00faraz \u2013 celkem\u201c (kalend\u00e1\u0159n\u00ed dny celkem)<br>670 \u201ePracovn\u00ed \u00faraz \u2013 bez v\u00fdplaty d\u00e1vek\u201c (kalend\u00e1\u0159n\u00ed dny)<br>679 \u201ePracovn\u00ed \u00faraz \u2013 placeno\u201c (pracovn\u00ed dny)<\/p>\n\n\n\n<p><\/p>\n\n\n\n<h2 class=\"wp-block-heading\"><strong>5 \u2013 nemoc z povol\u00e1n\u00ed<\/strong><\/h2>\n\n\n\n<p>Nemoci z povol\u00e1n\u00ed se zad\u00e1vaj\u00ed pomoc\u00ed funkce <strong>Mzdy 2-3-11 \u201eP\u0159ehled e-neschopenek<\/strong>\u201c. <\/p>\n\n\n\n<p>Bli\u017e\u0161\u00ed informace najdete v n\u00e1vodu <a href=\"https:\/\/podpora.nuggetsw.cz\/?p=936\" target=\"_blank\" rel=\"noreferrer noopener\">Pr\u00e1ce s p\u0159ehledem e-neschopenek<\/a><\/p>\n\n\n\n<p><strong>Mzdov\u00e9 slo\u017eky:<\/strong><\/p>\n\n\n\n<p>605 \u201eNemoci z povol\u00e1n\u00ed \u2013 celkem\u201c (kalend\u00e1\u0159n\u00ed dny celkem)<br>650 \u201eNemoci z povol\u00e1n\u00ed bez v\u00fdplaty d\u00e1vek\u201c (kalend\u00e1\u0159n\u00ed dny)<br>659 \u201eNemoci z povol\u00e1n\u00ed \u2013 placeno\u201c (pracovn\u00ed dny)<\/p>\n\n\n\n<p><\/p>\n\n\n\n<h2 class=\"wp-block-heading\"><strong>6 \u2013 karant\u00e9na<\/strong> <\/h2>\n\n\n\n<p>Karant\u00e9na  se zad\u00e1v\u00e1 pomoc\u00ed funkce <strong>Mzdy 2-3-11 \u201eP\u0159ehled e-neschopenek<\/strong>\u201c. <\/p>\n\n\n\n<p>Bli\u017e\u0161\u00ed informace najdete v n\u00e1vodu <a href=\"https:\/\/podpora.nuggetsw.cz\/?p=936\" target=\"_blank\" rel=\"noreferrer noopener\">Pr\u00e1ce s p\u0159ehledem e-neschopenek<\/a><\/p>\n\n\n\n<p><strong>Mzdov\u00e9 slo\u017eky:<\/strong><\/p>\n\n\n\n<p>606 \u201eKarant\u00e9na \u2013 celkem\u201c<br>690 \u201eKarant\u00e9na bez v\u00fdplaty d\u00e1vek&#8220; (kalend\u00e1\u0159n\u00ed dny)<br>699 \u201eKarant\u00e9na \u2013 proplaceno&#8220; (pracovn\u00ed dny)<\/p>\n\n\n\n<p><\/p>\n\n\n\n<h2 class=\"wp-block-heading\"><strong>7 \u2013 mate\u0159sk\u00e1\/otcovsk\u00e1 dovolen\u00e1<\/strong><\/h2>\n\n\n\n<p>Od ledna 2025 se n\u00e1sleduj\u00edc\u00ed nep\u0159\u00edtomnosti p\u0159eb\u00edraj\u00ed pouze pomoc\u00ed <strong>funkce Mzdy 2-3-12<\/strong> &#8222;<strong>P\u0159ehled \u017e\u00e1dost\u00ed o d\u00e1vku&#8220;<\/strong>:<\/p>\n\n\n\n<ul class=\"wp-block-list\">\n<li>Otcovsk\u00e9 poporodn\u00ed p\u00e9\u010de (OPP),<\/li>\n\n\n\n<li>o\u0161et\u0159ovn\u00e9ho (O\u0160E),<\/li>\n\n\n\n<li>dlouhodob\u00e9ho o\u0161et\u0159ovn\u00e9ho (DLO),<\/li>\n\n\n\n<li>pen\u011b\u017eit\u00e9 pomoci v&nbsp;mate\u0159stv\u00ed (PPM),<\/li>\n\n\n\n<li>vyrovn\u00e1vac\u00edho p\u0159\u00edsp\u011bvku v&nbsp;mate\u0159stv\u00ed (VPTM).<\/li>\n<\/ul>\n\n\n\n<p>Bli\u017e\u0161\u00ed informace najdete v n\u00e1vodu <a href=\"\/?p=9148\" target=\"_blank\" rel=\"noreferrer noopener\">P\u0159ehled \u017e\u00e1dosti o d\u00e1vku<\/a><\/p>\n\n\n\n<p><strong><em>Upozorn\u011bn\u00ed<\/em><\/strong>: <\/p>\n\n\n\n<ul class=\"wp-block-list\">\n<li>Vyn\u011bt\u00ed z eviden\u010dn\u00edho stavu se do karty zam\u011bstnance prop\u00ed\u0161e automaticky po ulo\u017een\u00ed \u010dasov\u00e9ho fondu se zadanou nep\u0159\u00edtomnost\u00ed.<\/li>\n\n\n\n<li>Je nutn\u00e9 doplnit narozen\u00ed d\u00edt\u011bte do \u201eRodinn\u00fdch p\u0159\u00edslu\u0161n\u00edk\u016f\u201c na kart\u011b zam\u011bstnance (Mzdy 2-1-1 Dopln\u011bn\u00ed a aktualizace v\u011bty nebo PERS 1-1 Aktualizace person\u00e1ln\u00edch \u00fadaj\u016f \u2192 vlevo dole \u201eFunkce\u201c \u2192 \u201eRodinn\u00ed p\u0159\u00edslu\u0161n\u00edci\u201c). Dopln\u011bn\u00ed d\u00edt\u011bte u matek na MD\/RD m\u00e1 vliv na spr\u00e1vn\u00e9 vypln\u011bn\u00ed ELDP.<\/li>\n<\/ul>\n\n\n\n<p><strong>Mzdov\u00e9 slo\u017eky:<\/strong><\/p>\n\n\n\n<p>730 \u201eMate\u0159sk\u00e1\/otcovsk\u00e1 dovolen\u00e1\u201c (kalend\u00e1\u0159n\u00ed dny)<\/p>\n\n\n\n<p><\/p>\n\n\n\n<h2 class=\"wp-block-heading\"><strong>9 \u2013 dal\u0161\u00ed mate\u0159sk\u00e1 dovolen\u00e1<\/strong> (rodi\u010dovsk\u00e1 \u2013 RD)<\/h2>\n\n\n\n<p>Rodi\u010dovskou dovolenou zad\u00e1v\u00e1te v tzv. \u201eOkno datum\u016f\u201c v \u010dasov\u00e9m fondu (funkce Mzdy 2-3-1) jako nep\u0159\u00edtomnost \u010d. 9.<\/p>\n\n\n\n<p>Program automaticky v m\u011bs\u00edci ukon\u010den\u00ed mate\u0159sk\u00e9 dovolen\u00e9 nav\u00e1\u017ee pokra\u010dov\u00e1n\u00edm rodi\u010dovsk\u00e9 dovolen\u00e9. Pokud si zam\u011bstnankyn\u011b za\u017e\u00e1d\u00e1 o \u010derp\u00e1n\u00ed dovolen\u00e9, je pot\u0159eba vygenerovanou rodi\u010dovskou dovolenou v okn\u011b datum\u016f v m\u011bs\u00edci za\u010d\u00e1tku smazat. Doporu\u010dujeme po smaz\u00e1n\u00ed \u010dasov\u00fd fond ulo\u017eit tla\u010d\u00edtkem \u201eOK\u201c, pot\u00e9 jej znovu otev\u0159\u00edt a zadat \u010derp\u00e1n\u00ed dovolen\u00e9. Po skon\u010den\u00ed \u010derp\u00e1n\u00ed dovolen\u00e9 je mo\u017en\u00e9 op\u011bt zadat n\u00e1stup na rodi\u010dovskou dovolenou pomoc\u00ed nep\u0159\u00edtomnosti \u010d. 9 v okn\u011b datum\u016f.<\/p>\n\n\n\n<p><strong>Zadan\u00e9 d\u00edt\u011b v programu<\/strong><\/p>\n\n\n\n<p><strong>D\u00edt\u011b je zadan\u00e9 v \u201eRodinn\u00fdch p\u0159\u00edslu\u0161n\u00edc\u00edch\u201c p\u0159ed p\u0159echodem z MD na RD:<\/strong><br>Program automaticky dopln\u00ed \u00fadaj \u201eSCHOPEN OD\u201c na datum odpov\u00eddaj\u00edc\u00ed v\u011bku d\u00edt\u011bte \u2013 3 roky a 1 den od jeho narozen\u00ed.<\/p>\n\n\n\n<p><strong>D\u00edt\u011b nen\u00ed zadan\u00e9 v \u201eRodinn\u00fdch p\u0159\u00edslu\u0161n\u00edc\u00edch\u201c p\u0159ed p\u0159echodem z MD na RD:<\/strong><br>Program dopln\u00ed do \u00fadaje \u201eSCHOPEN OD\u201c nespr\u00e1vn\u00e9 datum (nap\u0159. 30.12.2049). V takov\u00e9m p\u0159\u00edpad\u011b je nutn\u00e9 d\u00edt\u011b do programu doplnit a \u00fadaj \u201eSCHOPEN OD\u201c ru\u010dn\u011b opravit.<\/p>\n\n\n\n<p>Vypln\u011bn\u00e9 d\u011bti v \u201eRodinn\u00fdch p\u0159\u00edslu\u0161n\u00edc\u00edch\u201c maj\u00ed vliv na spr\u00e1vn\u00e9 vypln\u011bn\u00ed ELDP.<\/p>\n\n\n\n<p><strong>Mzdov\u00e9 slo\u017eky:<\/strong><\/p>\n\n\n\n<p>750 \u201eRodi\u010dovsk\u00fd p\u0159\u00edsp\u011bvek bez v\u00fdplaty d\u00e1vek\u201c (kalend\u00e1\u0159n\u00ed dny)<br>99 \u201eZame\u0161kan\u00e9 pracovn\u00ed dny\u201c<\/p>\n\n\n\n<p><\/p>\n\n\n\n<h3 class=\"wp-block-heading\"><strong>A \u2013 neplacen\u00e9 hodiny \u2013 studijn\u00ed volno<\/strong><\/h3>\n\n\n\n<p>Nepou\u017e\u00edv\u00e1 se pro neplacen\u00e9 volno. Pro neplacen\u00e9 volno se pou\u017e\u00edv\u00e1 nep\u0159\u00edtomnost s ozna\u010den\u00edm \u201eC\u201c.<\/p>\n\n\n\n<p><strong>Mzdov\u00e9 slo\u017eky:<\/strong><\/p>\n\n\n\n<p>811 \u201eNeplacen\u00e9 hodiny \u2013 studijn\u00ed volno\u201c (pracovn\u00ed dny)<br>99 \u201eZame\u0161kan\u00e9 pracovn\u00ed dny\u201c<\/p>\n\n\n\n<h3 class=\"wp-block-heading\"><strong>B \u2013 neplacen\u00e9 hodiny \u2013 ve\u0159ejn\u00e9 funkce<\/strong><\/h3>\n\n\n\n<p>Nepou\u017e\u00edv\u00e1 se pro neplacen\u00e9 volno. Pro neplacen\u00e9 volno se pou\u017e\u00edv\u00e1 nep\u0159\u00edtomnost s ozna\u010den\u00edm \u201eC\u201c.<\/p>\n\n\n\n<p><strong>Mzdov\u00e9 slo\u017eky:<\/strong><\/p>\n\n\n\n<p>812 \u201eNeplacen\u00e9 hodiny \u2013 ve\u0159ejn\u00e9 funkce\u201c (pracovn\u00ed dny)<br>99 \u201eZame\u0161kan\u00e9 pracovn\u00ed dny\u201c<strong><br><\/strong><\/p>\n\n\n\n<h2 class=\"wp-block-heading\"><strong>C \u2013 neplacen\u00e9 hodiny \u2013 ostatn\u00ed<\/strong><\/h2>\n\n\n\n<p>Nep\u0159\u00edtomnost ozna\u010den\u00e1 p\u00edsmenem \u201eC\u201c slou\u017e\u00ed pro zad\u00e1n\u00ed neplacen\u00e9ho volna zam\u011bstnance. Neplacen\u00e9 volno nen\u00ed pro \u00fa\u010dely d\u016fchodov\u00e9ho poji\u0161t\u011bn\u00ed vylou\u010denou dobou.<\/p>\n\n\n\n<p><strong>Mzdov\u00e9 slo\u017eky:<\/strong><\/p>\n\n\n\n<p>819 \u201eNeplacen\u00e9 hodiny \u2013 ostatn\u00ed\u201c (pracovn\u00ed dny)<br>99 \u201eZame\u0161kan\u00e9 pracovn\u00ed dny\u201c<\/p>\n\n\n\n<p><\/p>\n\n\n\n<h2 class=\"wp-block-heading\"><strong>D \u2013 neomluven\u00e1 nep\u0159\u00edtomnost v pr\u00e1ci<\/strong><\/h2>\n\n\n\n<p>Kr\u00e1cen\u00ed dovolen\u00e9 p\u0159i neomluven\u00e9 absenci nastav\u00edte ve funkci Mzdy 2-7-1 \u201eZ\u00e1kladn\u00ed parametrick\u00fd soubor\u201c, z\u00e1lo\u017eka \u201eDovolen\u00e1\u201c, parametr \u201ePo\u010det dn\u016f pro neomluvenou absenci\u201c.<\/p>\n\n\n\n<p>Pokud je v parametru uvedeno:<\/p>\n\n\n\n<ul class=\"wp-block-list\">\n<li>hodnota <strong>0<\/strong> \u2013 dovolen\u00e1 se nekr\u00e1t\u00ed,<\/li>\n\n\n\n<li>hodnota <strong>jin\u00e1 ne\u017e 0<\/strong> \u2013 dovolen\u00e1 se kr\u00e1t\u00ed dle z\u00e1kona, tj. 1 den za 1 sm\u011bnu neomluven\u00e9 absence.<\/li>\n<\/ul>\n\n\n\n<p>Dovolen\u00e1 se kr\u00e1t\u00ed v cel\u00fdch sm\u011bn\u00e1ch. Od roku 2021 se \u010d\u00e1sti dn\u016f s\u010d\u00edtaj\u00ed.<\/p>\n\n\n\n<p><strong>P\u0159\u00edklad:<\/strong><br>Pokud zam\u011bstnanec zame\u0161k\u00e1 t\u0159i p\u016flky sm\u011bny z d\u016fvodu neomluven\u00e9 absence, ode\u010dte se mu celkem 1 den dovolen\u00e9. Den dovolen\u00e9 se p\u0159epo\u010d\u00edt\u00e1 na hodiny podle aktu\u00e1ln\u00edho \u00favazku zam\u011bstnance.<\/p>\n\n\n\n<p>Pokud je zam\u011bstnanec zam\u011bstn\u00e1n u zam\u011bstnavatele po cel\u00fd kalend\u00e1\u0159n\u00ed rok, dovolen\u00e1 se kr\u00e1t\u00ed tak, aby zam\u011bstnanci z\u016fstaly minim\u00e1ln\u011b dva t\u00fddny dovolen\u00e9. Pro ur\u010den\u00ed jednoho t\u00fddne dovolen\u00e9 se pou\u017e\u00edv\u00e1 pr\u016fm\u011brn\u00fd t\u00fddenn\u00ed \u00favazek: (pr\u016fm\u011brn\u00fd t\u00fddenn\u00ed \u00favazek) = (po\u010det kalend\u00e1\u0159n\u00edch dn\u016f \u00d7 \u00favazek) \/ 365<\/p>\n\n\n\n<p><strong>Mzdov\u00e9 slo\u017eky:<\/strong><\/p>\n\n\n\n<p>821 \u201eNeomluven\u00e1 nep\u0159\u00edtomnost v pr\u00e1ci\u201c (pracovn\u00ed dny)<\/p>\n\n\n\n<p><\/p>\n\n\n\n<h3 class=\"wp-block-heading\"><strong>E \u2013 vy\u0161et\u0159ovac\u00ed vazba<\/strong><\/h3>\n\n\n\n<p><strong>Mzdov\u00e9 slo\u017eky:<\/strong><\/p>\n\n\n\n<p>831 \u201eVy\u0161et\u0159ovac\u00ed vazba\u201c (kalend\u00e1\u0159n\u00ed dny)<\/p>\n\n\n\n<p><\/p>\n\n\n\n<h3 class=\"wp-block-heading\"><strong>F \u2013 v\u00fdkon trestu<\/strong><\/h3>\n\n\n\n<p><strong>Mzdov\u00e9 slo\u017eky:<\/strong><\/p>\n\n\n\n<p>841 \u201eV\u00fdkon trestu\u201c (kalend\u00e1\u0159n\u00ed dny)<\/p>\n\n\n\n<p><\/p>\n\n\n\n<h3 class=\"wp-block-heading\"><strong>G \u2013 omluven\u00e9 chyb\u011bj\u00edc\u00ed hodiny<\/strong><\/h3>\n\n\n\n<p><strong>Mzdov\u00e9 slo\u017eky:<\/strong><\/p>\n\n\n\n<p>881 \u201eOmluven\u00e9 chyb\u011bj\u00edc\u00ed hodiny\u201c (pracovn\u00ed dny)<\/p>\n\n\n\n<p><\/p>\n\n\n\n<h3 class=\"wp-block-heading\"><strong>H \u2013 vojensk\u00e9 cvi\u010den\u00ed<\/strong><\/h3>\n\n\n\n<p>Zad\u00e1v\u00e1 se pro zam\u011bstnance, kte\u0159\u00ed jsou v aktivn\u00ed z\u00e1loze a obdr\u017eeli povol\u00e1vac\u00ed rozkaz. Vojensk\u00e9 cvi\u010den\u00ed je z pohledu nemocensk\u00e9ho poji\u0161t\u011bn\u00ed vylou\u010denou dobou.<\/p>\n\n\n\n<p>Po zad\u00e1n\u00ed nep\u0159\u00edtomnosti do \u010dasov\u00e9ho fondu je pot\u0159eba na kart\u011b zam\u011bstnance ru\u010dn\u011b zadat tak\u00e9 vyn\u011bt\u00ed z eviden\u010dn\u00edho stavu, konkr\u00e9tn\u011b v \u00fadaj\u00edch:<\/p>\n\n\n\n<p>L3214 \u201eDruh vyn\u011bt\u00ed z eviden\u010dn\u00edho stavu\u201c<br>L3220 \u201eDatum vyn\u011bt\u00ed z eviden\u010dn\u00edho stavu\u201c<br>L3226 \u201eDatum n\u00e1vratu do eviden\u010dn\u00edho stavu\u201c<\/p>\n\n\n\n<p><strong>Mzdov\u00e9 slo\u017eky:<\/strong><\/p>\n\n\n\n<p>545 \u201eVojensk\u00e9 cvi\u010den\u00ed\u201c<\/p>\n\n\n\n<p><\/p>\n\n\n\n<h2 class=\"wp-block-heading\"><strong>I \u2013 dovolen\u00e1<\/strong><\/h2>\n\n\n\n<p>N\u00e1vod pro evidenci dovolen\u00e9 v hodin\u00e1ch najdete <a href=\"\/?p=1403\" target=\"_blank\" rel=\"noreferrer noopener\">zde<\/a><\/p>\n\n\n\n<p>Pro zad\u00e1v\u00e1n\u00ed dovolen\u00e9 pomoc\u00ed okna datum\u016f je nejprve nutn\u00e9 tuto mo\u017enost povolit ve funkci Mzdy 2-7-1 \u201eZ\u00e1kladn\u00ed parametrick\u00fd soubor\u201c, na z\u00e1lo\u017ece \u201eDovolen\u00e1\u201c, ozna\u010den\u00edm \u00fadaje \u201eZad\u00e1v\u00e1n\u00ed dovolen\u00e9 oknem datum\u016f\u201c. V takov\u00e9m p\u0159\u00edpad\u011b najdete v \u010dasov\u00e9m fondu v okn\u011b datum\u016f nep\u0159\u00edtomnost \u010d. I.<\/p>\n\n\n\n<p>Pokud nechcete dovolenou zad\u00e1vat pomoc\u00ed okna datum\u016f, zru\u0161te za\u0161krtnut\u00ed tohoto \u00fadaje ve funkci 2-7-1 a zad\u00e1vejte dovolenou pouze pomoc\u00ed mzdov\u00e9 slo\u017eky. V takov\u00e9m p\u0159\u00edpad\u011b v \u010dasov\u00e9m fondu v okn\u011b datum\u016f nep\u0159\u00edtomnost \u010d. I nenajdete a dovolenou zad\u00e1v\u00e1te pouze mzdovou slo\u017ekou 511.<\/p>\n\n\n\n<p>Dovolenou do budoucna lze zad\u00e1vat pouze tehdy, pokud je povoleno zad\u00e1v\u00e1n\u00ed dovolen\u00e9 pomoc\u00ed datum\u016f.<\/p>\n\n\n<div class=\"wp-block-image\">\n<figure class=\"aligncenter\"><img loading=\"lazy\" decoding=\"async\" width=\"747\" height=\"577\" src=\"https:\/\/podpora.nuggetsw.cz\/wp-content\/uploads\/2021\/05\/dovol.jpg\" alt=\"\" class=\"wp-image-2155\" srcset=\"https:\/\/podpora.nuggetsw.cz\/wp-content\/uploads\/2021\/05\/dovol.jpg 747w, https:\/\/podpora.nuggetsw.cz\/wp-content\/uploads\/2021\/05\/dovol-300x232.jpg 300w\" sizes=\"auto, (max-width: 747px) 100vw, 747px\" \/><\/figure><\/div>\n\n\n<p><strong>Pozn\u00e1mka:<\/strong> Pokud pou\u017e\u00edv\u00e1te kalend\u00e1\u0159e z d\u016fvodu nepravideln\u00e9 pracovn\u00ed doby, doporu\u010dujeme zad\u00e1vat dovolenou pomoc\u00ed okna datum\u016f.<\/p>\n\n\n\n<p><strong>Mzdov\u00e9 slo\u017eky:<\/strong><\/p>\n\n\n\n<p>510 \u201eDovolen\u00e1 minul\u00e9ho roku\u201c<br>511 \u201e\u0158\u00e1dn\u00e1 dovolen\u00e1\u201c<br>513 \u201eNevybran\u00e1 dovolen\u00e1 k proplacen\u00ed\u201c<\/p>\n\n\n\n<p><\/p>\n\n\n\n<h3 class=\"wp-block-heading\"><strong>K \u2013 placen\u00e9 studijn\u00ed volno<\/strong><\/h3>\n\n\n\n<p><strong>Mzdov\u00e9 slo\u017eky:<\/strong><\/p>\n\n\n\n<p>534 \u201eN\u00e1hrady mzdy za \u0161kolen\u00ed\u201c (pracovn\u00ed dny)<\/p>\n\n\n\n<p><\/p>\n\n\n\n<h3 class=\"wp-block-heading\"><strong>L \u2013 \u0161kol\u00edc\u00ed \u010dinnost<\/strong><\/h3>\n\n\n\n<p><strong>Mzdov\u00e9 slo\u017eky:<\/strong><\/p>\n\n\n\n<p>533 \u201eN\u00e1hrady mzdy za sportovn\u00ed reprezentaci\u201c (pracovn\u00ed dny)<\/p>\n\n\n\n<p><\/p>\n\n\n\n<h2 class=\"wp-block-heading\"><strong>M \u2013 d\u016fle\u017eit\u00e9 osobn\u00ed p\u0159ek\u00e1\u017eky<\/strong><\/h2>\n\n\n\n<p>Pro zad\u00e1v\u00e1n\u00ed osobn\u00edch p\u0159ek\u00e1\u017eek zam\u011bstnance dle \u00a7 199 z\u00e1kon\u00edku pr\u00e1ce. Lze zad\u00e1vat s daty do okna datum\u016f nebo bez dat pouze mzdovou slo\u017ekou 551.<\/p>\n\n\n\n<p><strong>Mzdov\u00e9 slo\u017eky:<\/strong><\/p>\n\n\n\n<p>551 \u201eD\u016fle\u017eit\u00e9 osobn\u00ed p\u0159ek\u00e1\u017eky\u201c (pracovn\u00ed dny)<\/p>\n\n\n\n<p><\/p>\n\n\n\n<h3 class=\"wp-block-heading\"><strong>O \u2013 neplacen\u00e9 \u2013 volno vylou\u010den\u00e9 doby<\/strong><\/h3>\n\n\n\n<p>Vylou\u010den\u00e9 doby pro nemoc a ELDP.<\/p>\n\n\n\n<p><strong>Mzdov\u00e9 slo\u017eky:<\/strong><\/p>\n\n\n\n<p>          810 Neplacen\u00e9 volno \u2013 vylou\u010den\u00e1 doba (pracovn\u00ed dny)<br>          99 Zame\u0161kan\u00e9 pracovn\u00ed dny<\/p>\n\n\n\n<p><\/p>\n\n\n\n<h3 class=\"wp-block-heading\"><strong>T \u2013 vyrovn\u00e1vac\u00ed p\u0159\u00edsp\u011bvek v mate\u0159stv\u00ed<\/strong><\/h3>\n\n\n\n<p><strong>Mzdov\u00e9 slo\u017eky:<\/strong><\/p>\n\n\n\n<p>721 Vyrovn\u00e1vac\u00ed p\u0159\u00edsp\u011bvek (kalend\u00e1\u0159n\u00ed dny)<\/p>\n\n\n\n<p><\/p>\n\n\n\n<h3 class=\"wp-block-heading\"><strong>V \u2013 vojensk\u00e1 slu\u017eba<\/strong><\/h3>\n\n\n\n<p>Historick\u00fd \u00fadaj: zam\u011bstnanci ve vojn\u011b \u010di v civiln\u00ed slu\u017ebe.<\/p>\n\n\n\n<p>Vojensk\u00e1 slu\u017eba je z pohledu nemocensk\u00e9ho poji\u0161t\u011bn\u00ed takt\u00e9\u017e vylou\u010denou dobou. Po zad\u00e1n\u00ed do \u010dasov\u00e9ho fondu se vyn\u011bt\u00ed i n\u00e1vrat z\/do eviden\u010dn\u00edho stavu automaticky propisuje do karty zam\u011bstnance do \u00fadaj\u016f: <\/p>\n\n\n\n<p>L3214 Druh vyn\u011bt\u00ed z eviden\u010dn\u00edho stavu<br>L3220 Datum vyn\u011bt\u00ed z eviden\u010dn\u00edho stavu<br>L3226 Datum n\u00e1vratu do eviden\u010dn\u00edho stavu<\/p>\n\n\n\n<p><strong>Mzdov\u00e9 slo\u017eky:<\/strong><\/p>\n\n\n\n<p>851 Vojensk\u00e1 slu\u017eba (kalend\u00e1\u0159n\u00ed dny)<br>99 Zame\u0161kan\u00e9 pracovn\u00ed dny<\/p>\n\n\n\n<p><\/p>\n\n\n\n<h3 class=\"wp-block-heading\"><strong>W \u2013 nemoc od p\u0159edchoz\u00edho zam\u011bstnavatele<\/strong><\/h3>\n\n\n\n<p><strong>Mzdov\u00e9 slo\u017eky:<\/strong><\/p>\n\n\n\n<p>          960 Nemoc z&nbsp;p\u0159edchoz\u00edho zam\u011bstn\u00e1n\u00ed<\/p>\n\n\n\n<p><\/p>\n\n\n\n<h3 class=\"wp-block-heading\"><strong>Z \u2013 ru\u0161en\u00ed<\/strong><\/h3>\n\n\n\n<p>Pokud je pot\u0159eba zru\u0161it ji\u017e d\u0159\u00edve zadanou nep\u0159\u00edtomnost (v p\u0159edchoz\u00edch ji\u017e uzav\u0159en\u00fdch m\u011bs\u00edc\u00edch), pou\u017eije se druh Z (ru\u0161en\u00ed) a zad\u00e1vaj\u00ed se stejn\u00e1 data, jak\u00e1 byla uvedena v posledn\u00edm m\u011bs\u00edci ru\u0161en\u00e9 nep\u0159\u00edtomnosti. P\u016fvodn\u00ed data zjist\u00edte pomoc\u00ed tla\u010d\u00edtka &#8222;Historie&#8220;.<\/p>\n\n\n\n<p>Nap\u0159\u00edklad pokud byla v historii zad\u00e1na nep\u0159\u00edtomnost \u010d. 9 a nem\u011bla b\u00fdt evidov\u00e1na, zru\u0161\u00edte ji zad\u00e1n\u00edm druhu Z, p\u0159ep\u00ed\u0161ete stejn\u00e1 data, kter\u00e1 byla uvedena u nep\u0159\u00edtomnosti \u010d. 9, a v\u017edy zkontrolujete v\u00fdsledek v Simulaci II. v \u010dasov\u00e9m fondu.<\/p>\n\n\n\n<h4 class=\"wp-block-heading\">&nbsp;<\/h4>\n\n\n\n<h3 class=\"wp-block-heading has-text-align-center\"><strong>OPRAVY NEP\u0158\u00cdTOMNOST\u00cd<\/strong><\/h3>\n\n\n\n<h4 class=\"wp-block-heading\"><strong>OPRAVA V AKTU\u00c1LN\u00cdM M\u011aS\u00cdCI<\/strong><\/h4>\n\n\n\n<p>V aktu\u00e1ln\u00edm m\u011bs\u00edci opravte datumy dle skute\u010dnosti. V\u017edy zkontrolujte Simulaci v\u00fdpo\u010dtu a p\u0159epo\u010d\u00edtejte dan\u00e9ho zam\u011bstannce.<\/p>\n\n\n\n<h4 class=\"wp-block-heading\"><strong>OPRAVA DO MINULOSTI (tedy ji\u017e zav\u0159en\u00e9ho m\u011bs\u00edce)<\/strong><\/h4>\n\n\n\n<p>Ke ka\u017ed\u00e9 oprav\u011b je nutno p\u0159istupovat samostatn\u011b a \u0159e\u0161it individu\u00e1ln\u011b. Nelze opravy pau\u0161alizovat.<\/p>\n\n\n\n<p>V p\u0159\u00edpad\u011b, \u017ee d\u011bl\u00e1te opravu poprv\u00e9 nebo si nejste 100% jisti s opravou, zavolejte na na\u0161i hotline a r\u00e1di v\u00e1m s opravou pom\u016f\u017eeme. Opravy nep\u0159\u00edtomnost\u00ed maj\u00ed vliv nap\u0159. na vylou\u010den\u00e9 doby, na ELDP atd., proto je pot\u0159eba opravy prov\u00e1d\u011bt korektn\u011b a spr\u00e1vn\u011b. <\/p>\n\n\n\n<p>V\u017edy je nutn\u00e9 zkontrolovat Simulaci v\u00fdpo\u010dtu a pokud provedete opravu v \u010dasov\u00e9m fondu, ji\u017e negenerujte \u010dasov\u00fd fond, co\u017e m\u016f\u017ee ovlivnit vygenerovan\u00e9 hodiny. <\/p>\n\n\n\n<h3 class=\"wp-block-heading has-text-align-center\"><strong>P\u0159\u00edklady nejb\u011b\u017en\u011bj\u0161\u00edch oprav<\/strong><\/h3>\n\n\n\n<h3 class=\"wp-block-heading\">P\u0159\u00edklad 1<\/h3>\n\n\n\n<p><em><strong>Zjist\u00edme, \u017ee PN byla ukon\u010dena k posledn\u00edmu dni p\u0159edchoz\u00edho m\u011bs\u00edce, u\u017e jsme v m\u011bs\u00edci nov\u00e9m.<\/strong><\/em><br><em><strong>P\u016fvodn\u00ed PN:&nbsp;<\/strong>nemoc od 15.10., dosud neukon\u010den\u00e1 (jsme v listopadu)<\/em><br><em><strong>P\u0159i\u0161lo ukon\u010den\u00ed PN, ale a\u017e po p\u0159echodu do listopadu:&nbsp;<\/strong>nemoc ukon\u010dena tedy zp\u011btn\u011b k 31.10.<\/em><\/p>\n\n\n\n<p><strong>Zad\u00e1n\u00ed do \u010cF<\/strong>: Otev\u0159ete zadanou nep\u0159\u00edtomnost pomoc\u00ed tla\u010d\u00edtka &#8222;Upravit&#8220; a dopl\u0148te \u00fadaje &#8222;LIKV. DO&#8220; a &#8222;SCHOPEN OD&#8220; podle skute\u010dn\u00e9ho stavu. Pokud v\u0161ak byla nemoc v \u0159\u00edjnu ji\u017e proplacena do 31. 10., ponechte \u00fadaj &#8222;LIKV. DO&#8220; pr\u00e1zdn\u00fd, proto\u017ee k proplacen\u00ed ji\u017e do\u0161lo.<\/p>\n\n\n\n<p><strong>Zkontrolujte &#8222;Simulaci v\u00fdpo\u010dtu&#8220;<\/strong>.<\/p>\n\n\n\n<figure class=\"wp-block-table is-style-stripes\"><table><tbody><tr><td><strong>Druh<\/strong><\/td><td><strong>NESCHOPEN OD<\/strong><\/td><td><strong>LIKV. OD<\/strong><\/td><td><strong>SCHOPEN OD<\/strong><\/td><td><strong>LIKV. DO<\/strong><\/td><\/tr><tr><td><strong>1<\/strong><\/td><td>15.10.<\/td><td>15.10.<\/td><td>1.11.<\/td><td>(31.10.)<\/td><\/tr><\/tbody><\/table><\/figure>\n\n\n\n<h3 class=\"wp-block-heading\">P\u0159\u00edklad 2<\/h3>\n\n\n\n<p><strong><em>Do\u0161lo ke zm\u011bn\u011b druhu nep\u0159\u00edtomnosti ji\u017e zav\u0159en\u00e9 nemoci. &nbsp;PN z&nbsp;\u0159\u00edjna, jsme v&nbsp;otev\u0159en\u00e9m listopadu.<\/em><\/strong><br><strong><em>P\u016fvodn\u00ed PN:&nbsp;<\/em><\/strong><em>karant\u00e9na od 15.10. do 20.10.<\/em><br><strong><em>P\u0159i\u0161la oprava p\u016fvodn\u00ed PN:&nbsp;<\/em><\/strong><em>nemoc od 15.10. do 20.10.<\/em><\/p>\n\n\n\n<p><strong>Zad\u00e1n\u00ed do \u010cF<\/strong>: P\u016fvodn\u00ed nemoc (Druh nep\u0159\u00edtomnosti = 1) p\u0159ep\u00ed\u0161ete na karant\u00e9nu (Druh nep\u0159\u00edtomnosti = ) tak, \u017ee p\u016fvodn\u00ed nemoc ukon\u010d\u00edte a karant\u00e9nu zad\u00e1te p\u0159es tla\u010d\u00edtko &#8222;Nov\u00fd&#8220;. Do nov\u00e9ho z\u00e1znamu p\u0159ep\u00ed\u0161ete stejn\u00e9 datumy i stejn\u00e9 \u010d\u00edslo PN a zm\u011bn\u00edte pouze &#8222;Druh nep\u0159\u00edtomnosti&#8220;.<\/p>\n\n\n\n<p>Program automaticky zm\u011bn\u00ed p\u016fvodn\u00ed druh na nov\u00fd. <strong>Zkontrolujte &#8222;Simulaci v\u00fdpo\u010dtu&#8220;<\/strong>.<\/p>\n\n\n\n<figure class=\"wp-block-table is-style-stripes\"><table><tbody><tr><td><strong>Zad\u00e1n\u00ed<\/strong><\/td><td><strong>Nep\u0159\u00edtomnost<\/strong><\/td><td><strong>NESCHOPEN OD<\/strong><\/td><td><strong>LIKV. OD<\/strong><\/td><td><strong>SCHOPEN OD<\/strong><\/td><td><strong>LIKV. DO<\/strong><\/td><\/tr><tr><td><strong>P\u016fvodn\u00ed<\/strong><\/td><td>6<\/td><td>15.10.<\/td><td>15.10.<\/td><td>21.10.<\/td><td>20.10.<\/td><\/tr><tr><td><strong>Nov\u00fd<\/strong><\/td><td>1<\/td><td>15.10.<\/td><td>15.10.<\/td><td>21.10.<\/td><td>20.10.<\/td><\/tr><\/tbody><\/table><\/figure>\n\n\n\n<h3 class=\"wp-block-heading\">P\u0159\u00edklad 3<\/h3>\n\n\n\n<p><em><strong>Do\u0161lo ke zm\u011bn\u011b druhu nep\u0159\u00edtomnosti a nep\u0159\u00edtomnost je\u0161t\u011b nebyla ukon\u010dena. PN z&nbsp;\u0159\u00edjna, jsme v&nbsp;otev\u0159en\u00e9m listopadu.<\/strong><\/em><br><em><strong>P\u016fvodn\u00ed PN:&nbsp;<\/strong>nemoc od 15.10., trv\u00e1n\u00ed 10.11., dosud neukon\u010dena<\/em><br><em><strong>P\u0159i\u0161la oprava p\u016fvodn\u00ed PN:<\/strong>&nbsp;karant\u00e9na od 15.10. a dosud neukon\u010den\u00e1<\/em><br><em><strong>P\u0159i\u0161lo ukon\u010den\u00ed p\u016fvodn\u00ed PN:<\/strong>&nbsp;15.10.-15.11.<\/em><\/p>\n\n\n\n<p><strong>Zad\u00e1n\u00ed do \u010cF<\/strong>: P\u016fvodn\u00ed nemoc ukon\u010dete a opravte nov\u00fdm \u0159\u00e1dkem. Je nutn\u00e9 zapsat stejn\u00e9 \u010d\u00edslo neschopenky. Prvn\u00ed zad\u00e1n\u00ed bude s neukon\u010denou PN. Po doru\u010den\u00ed ukon\u010den\u00ed PN upravte datumy podle skute\u010dnosti, jak je zn\u00e1zorn\u011bno na \u0159\u00e1dku 3 s n\u00e1zvem Zad\u00e1n\u00ed ukon\u010den\u00ed.<\/p>\n\n\n\n<p>Program automaticky zm\u011bn\u00ed p\u016fvodn\u00ed druh na nov\u00fd. <strong>Zkontrolujte &#8222;Simulaci v\u00fdpo\u010dtu&#8220;<\/strong>.<\/p>\n\n\n\n<figure class=\"wp-block-table is-style-stripes\"><table><tbody><tr><td><strong>Zad\u00e1n\u00ed<\/strong><\/td><td><strong>Nep\u0159\u00edtomnost<\/strong><\/td><td><strong>NESCHOPEN OD<\/strong><\/td><td><strong>LIKV. OD<\/strong><\/td><td><strong>SCHOPEN OD<\/strong><\/td><td><strong>LIKV. DO<\/strong><\/td><\/tr><tr><td><strong>P\u016fvodn\u00ed<\/strong><\/td><td>1<\/td><td>15.10.<\/td><td>15.10.<\/td><td>11.11.<\/td><td>10.11.<\/td><\/tr><tr><td><strong>Nov\u00fd<\/strong><\/td><td>6<\/td><td>15.10.<\/td><td>15.10.<\/td><td>&nbsp;<\/td><td>10.11.<\/td><\/tr><tr><td><strong>Zad\u00e1n\u00ed ukon\u010den\u00ed<\/strong><\/td><td>6<\/td><td>15.10.<\/td><td>15.10.<\/td><td>16.11.<\/td><td>15.11.<\/td><\/tr><\/tbody><\/table><\/figure>\n\n\n\n<h3 class=\"wp-block-heading\">P\u0159\u00edklad 4<\/h3>\n\n\n\n<p><em><strong>Do\u0161lo ke zm\u011bn\u011b ukon\u010den\u00ed PN o 2 dny d\u0159\u00edve, PN je\u0161t\u011b nebyla ukon\u010dena. Nemoc z&nbsp;\u0159\u00edjna, jsme v&nbsp;otev\u0159en\u00e9m listopadu<\/strong><\/em><br><em><strong>P\u016fvodn\u00ed PN:&nbsp;<\/strong>nemoc od 15.10., dosud neukon\u010deno, likvidov\u00e1no (proplaceno) do 31.10.<\/em><br><em><strong>P\u0159i\u0161la oprava p\u016fvodn\u00ed PN:&nbsp;<\/strong>nemoc od 15.10., ukon\u010dena 28.10.<\/em><\/p>\n\n\n\n<p><strong>Zad\u00e1n\u00ed do \u010cF<\/strong>: P\u016fvodn\u00ed nemoc nejprve ukon\u010dete n\u00e1sleduj\u00edc\u00ed den po likvidaci a ulo\u017ete. Pokud byla likvidace provedena nap\u0159\u00edklad k 31. 10., v listopadu ponechte \u00fadaj &#8222;LIKV. DO&#8220; pr\u00e1zdn\u00fd. Pot\u00e9 klikn\u011bte na &#8222;Nov\u00fd&#8220; a zru\u0161te p\u016fvodn\u00ed nemoc zad\u00e1n\u00edm Druhu nep\u0159\u00edtomnosti =  Z. Z\u00e1znam ulo\u017ete tla\u010d\u00edtkem OK, aby se \u010dasov\u00fd fond zam\u011bstnance zav\u0159el a zm\u011bna se spr\u00e1vn\u011b zapsala. Po op\u011btovn\u00e9m otev\u0159en\u00ed \u010dasov\u00e9ho fondu zam\u011bstnance zadejte nov\u00fd \u0159\u00e1dek s datumy podle skute\u010dn\u00e9ho pr\u016fb\u011bhu PN, jak je zn\u00e1zorn\u011bno na t\u0159et\u00edm \u0159\u00e1dku s druhem 1.<\/p>\n\n\n\n<p><strong>Zkontrolujte &#8222;Simulaci v\u00fdpo\u010dtu&#8220;<\/strong>.<\/p>\n\n\n\n<figure class=\"wp-block-table is-style-stripes\"><table><tbody><tr><td><strong>Zad\u00e1n\u00ed<\/strong><\/td><td><strong>Nep\u0159\u00edtomnost<\/strong><\/td><td><strong>NESCHOPEN OD<\/strong><\/td><td><strong>LIKV. OD<\/strong><\/td><td><strong>SCHOPEN OD<\/strong><\/td><td><strong>LIKV. DO<\/strong><\/td><\/tr><tr><td><strong>P\u016fvodn\u00ed v \u0159\u00edjnu, u\u017e jsme v listopadu<\/strong><\/td><td>1<\/td><td>15.10.<\/td><td>15.10.<\/td><td>1.11.<\/td><td>&nbsp;<\/td><\/tr><tr><td><strong>Nov\u00fd<\/strong><\/td><td>Z<\/td><td>15.10.<\/td><td>15.10.<\/td><td>1.11.<\/td><td>31.10.<\/td><\/tr><tr><td><strong>Nov\u00fd<\/strong><\/td><td>1<\/td><td>15.10.<\/td><td>15.10.<\/td><td>29.10.<\/td><td>28.10.<\/td><\/tr><\/tbody><\/table><\/figure>\n\n\n\n<h2 class=\"wp-block-heading has-text-align-center\">Vylou\u010den\u00e9 doby pro nemoc<\/h2>\n\n\n\n<p>Kontrolu, p\u0159\u00edp. opravu vylou\u010den\u00fdch dob pro nemoc, tedy pro NEMPRI, je mo\u017en\u00e9 ve funkci Mzdy 2-8-1 &#8222;N\u00e1stup, v\u00fdstup, pr\u016fm\u011br pro nemoc&#8220;. Najdete si konkr\u00e9tn\u00edho zam\u011bstnance a otev\u0159e se v\u00e1m n\u00e1sleduj\u00edc\u00ed tabulka.<\/p>\n\n\n<div class=\"wp-block-image\">\n<figure class=\"aligncenter size-full\"><img loading=\"lazy\" decoding=\"async\" width=\"900\" height=\"542\" src=\"https:\/\/podpora.nuggetsw.cz\/wp-content\/uploads\/2024\/03\/image-101.png\" alt=\"\" class=\"wp-image-7977\" srcset=\"https:\/\/podpora.nuggetsw.cz\/wp-content\/uploads\/2024\/03\/image-101.png 900w, https:\/\/podpora.nuggetsw.cz\/wp-content\/uploads\/2024\/03\/image-101-300x181.png 300w, https:\/\/podpora.nuggetsw.cz\/wp-content\/uploads\/2024\/03\/image-101-768x463.png 768w\" sizes=\"auto, (max-width: 900px) 100vw, 900px\" \/><\/figure><\/div>\n\n\n<p>Ozna\u010dte m\u011bs\u00edc a pak p\u0159es tla\u010d\u00edtko Oprava se dostanete do dal\u0161\u00ed karty, kde v\u00e1s zaj\u00edm\u00e1 Kalend\u00e1\u0159n\u00ed dny a Vylou\u010den\u00e9 doby. <strong>Bu\u010fte opatrn\u00ed s opravou, tyto z\u00e1sahy jsou ru\u010dn\u00ed proveden\u00e9 u\u017eivatelem, tzn. \u017ee je program s\u00e1m ji\u017e nevr\u00e1t\u00ed do p\u016fvodn\u00edch hodnot.<\/strong> <\/p>\n\n\n<div class=\"wp-block-image\">\n<figure class=\"aligncenter size-full\"><img loading=\"lazy\" decoding=\"async\" width=\"453\" height=\"598\" src=\"https:\/\/podpora.nuggetsw.cz\/wp-content\/uploads\/2024\/03\/image-102.png\" alt=\"\" class=\"wp-image-7978\" srcset=\"https:\/\/podpora.nuggetsw.cz\/wp-content\/uploads\/2024\/03\/image-102.png 453w, https:\/\/podpora.nuggetsw.cz\/wp-content\/uploads\/2024\/03\/image-102-227x300.png 227w\" sizes=\"auto, (max-width: 453px) 100vw, 453px\" \/><\/figure><\/div>\n\n\n<p><strong>Vylou\u010den\u00e9 doby v t\u00e9to funkci NE\u0158E\u0160\u00cd vylou\u010den\u00e9 doby pro ELDP<\/strong>. Vylou\u010den\u00e9 doby pro ELDP se mus\u00ed opravit p\u0159\u00edmo ve vytvo\u0159en\u00e9m ELDP a jako podklad slou\u017e\u00ed sestavy z funkce Mzdy 10-3 P\u0159\u00edjmy pro d\u016fchod, sestava LZ349Y a 10-2 Mzdov\u00fd list.<\/p>\n\n\n\n<p>Bli\u017e\u0161\u00ed informace najdete v n\u00e1vodu <a href=\"https:\/\/podpora.nuggetsw.cz\/index.php\/knowledge-base\/vyloucene-doby-pro-nemoc-nempri\/\">Opravy: Vylou\u010den\u00e9 doby pro nemoc (NEMPRI)<\/a><\/p>\n","protected":false},"excerpt":{"rendered":"<p>Okno datum\u016f slou\u017e\u00ed pro zad\u00e1v\u00e1n\u00ed nep\u0159\u00edtomnost\u00ed zam\u011bstnance s datumy. Okno datum\u016f najdete v \u010dasov\u00e9m fondu zam\u011bstnance v doln\u00ed \u010d\u00e1sti okna. \u010casov\u00fd fond otev\u0159ete pomoc\u00ed funkce: Co najdete v tomto \u010dl\u00e1nku: Okno datum\u016f v \u010dasov\u00e9m fondu Datumy pro zad\u00e1v\u00e1n\u00ed nep\u0159\u00edtomnost\u00ed Okno datum\u016f slou\u017e\u00ed pro zad\u00e1v\u00e1n\u00ed nep\u0159\u00edtomnost\u00ed s datumy \u201eod \u2013 do\u201c. Vysv\u011btlen\u00ed datum\u016f v Okn\u011b datum\u016f: [&hellip;]<\/p>\n","protected":false},"author":3,"featured_media":0,"template":"","format":"standard","meta":{"footnotes":""},"lsvr_kba_cat":[916],"lsvr_kba_tag":[156,383,154,157,158],"class_list":["post-908","lsvr_kba","type-lsvr_kba","status-publish","format-standard","hentry","lsvr_kba_cat-casovy-fond","lsvr_kba_tag-nepritomnost","lsvr_kba_tag-odpracovana-cela-smena","lsvr_kba_tag-okno-datumu","lsvr_kba_tag-opravy","lsvr_kba_tag-prehled-e-neschopenek"],"_links":{"self":[{"href":"https:\/\/podpora.nuggetsw.cz\/index.php\/wp-json\/wp\/v2\/lsvr_kba\/908","targetHints":{"allow":["GET"]}}],"collection":[{"href":"https:\/\/podpora.nuggetsw.cz\/index.php\/wp-json\/wp\/v2\/lsvr_kba"}],"about":[{"href":"https:\/\/podpora.nuggetsw.cz\/index.php\/wp-json\/wp\/v2\/types\/lsvr_kba"}],"author":[{"embeddable":true,"href":"https:\/\/podpora.nuggetsw.cz\/index.php\/wp-json\/wp\/v2\/users\/3"}],"version-history":[{"count":100,"href":"https:\/\/podpora.nuggetsw.cz\/index.php\/wp-json\/wp\/v2\/lsvr_kba\/908\/revisions"}],"predecessor-version":[{"id":11415,"href":"https:\/\/podpora.nuggetsw.cz\/index.php\/wp-json\/wp\/v2\/lsvr_kba\/908\/revisions\/11415"}],"wp:attachment":[{"href":"https:\/\/podpora.nuggetsw.cz\/index.php\/wp-json\/wp\/v2\/media?parent=908"}],"wp:term":[{"taxonomy":"lsvr_kba_cat","embeddable":true,"href":"https:\/\/podpora.nuggetsw.cz\/index.php\/wp-json\/wp\/v2\/lsvr_kba_cat?post=908"},{"taxonomy":"lsvr_kba_tag","embeddable":true,"href":"https:\/\/podpora.nuggetsw.cz\/index.php\/wp-json\/wp\/v2\/lsvr_kba_tag?post=908"}],"curies":[{"name":"wp","href":"https:\/\/api.w.org\/{rel}","templated":true}]}}