
{"id":8931,"date":"2024-12-10T12:14:11","date_gmt":"2024-12-10T12:14:11","guid":{"rendered":"https:\/\/podpora.nuggetsw.cz\/?post_type=lsvr_kba&#038;p=8931"},"modified":"2026-02-06T17:33:45","modified_gmt":"2026-02-06T17:33:45","slug":"kalendar-prodlouzeni-kalendare-na-dalsi-rok","status":"publish","type":"lsvr_kba","link":"https:\/\/podpora.nuggetsw.cz\/index.php\/knowledge-base\/kalendar-prodlouzeni-kalendare-na-dalsi-rok\/","title":{"rendered":"Kalend\u00e1\u0159e: Prodlou\u017een\u00ed kalend\u00e1\u0159e na dal\u0161\u00ed rok"},"content":{"rendered":"\n<p>Rekapitulace, p\u0159i p\u0159echodu z listopadu do prosince, kontroluje kalend\u00e1\u0159e pro n\u00e1sleduj\u00edc\u00ed rok. V p\u0159\u00edpad\u011b, kdy m\u00e1te u zam\u011bstnance nasazen\u00fd kalend\u00e1\u0159, kter\u00fd nen\u00ed otev\u0159en\u00fd pro n\u00e1sleduj\u00edc\u00ed rok, program v\u00e1m vygeneruje zpr\u00e1vu do &#8222;Zpr\u00e1vy&#8220;, ve kter\u00e9 zjist\u00edte, kter\u00fd kalend\u00e1\u0159 je pot\u0159eba prodlou\u017eit pro n\u00e1sleduj\u00edc\u00ed rok. <\/p>\n\n\n\n<p>Pro prodlou\u017een\u00ed existuj\u00edc\u00edho kalend\u00e1\u0159e na dal\u0161\u00ed rok m\u016f\u017eete postupovat t\u0159emi zp\u016fsoby:<\/p>\n\n\n\n<ol class=\"wp-block-list\"><li><strong>Automatick\u00e9 prodlou\u017een\u00ed<\/strong><ul><li>Pokud u dan\u00e9ho kalend\u00e1\u0159e m\u00e1te vygenerovan\u00fd cyklus, posta\u010d\u00ed ozna\u010dit check box v &#8222;Aktualizaci kalend\u00e1\u0159e&#8220;, kter\u00fd se jmenuje &#8222;Automatick\u00e9 prodlu\u017eov\u00e1n\u00ed&#8220;. Ozna\u010dte ho a pokud nebudete m\u00edt pro dan\u00fd kalend\u00e1\u0159 otev\u0159en\u00fd n\u00e1sleduj\u00edc\u00ed rok, program v\u00e1m ho p\u0159i rekapitulaci za listopad automaticky prodlou\u017e\u00ed.<\/li><\/ul><\/li><\/ol>\n\n\n\n<div class=\"wp-block-image\"><figure class=\"aligncenter size-full\"><img loading=\"lazy\" decoding=\"async\" width=\"148\" height=\"190\" src=\"https:\/\/podpora.nuggetsw.cz\/wp-content\/uploads\/2024\/08\/image-5.png\" alt=\"\" class=\"wp-image-8566\"\/><\/figure><\/div>\n\n\n\n<ol class=\"wp-block-list\" start=\"2\"><li><strong>Nov\u00fd z\u00e1znam<\/strong><ul><li>Pou\u017eijete u kalend\u00e1\u0159\u016f, u kter\u00fdch nem\u00e1te ulo\u017een\u00fd vygenerovan\u00fd cyklus (tzn. v tabulce seznamu kalend\u00e1\u0159\u016f m\u00e1te zapsan\u00fd vygenerovan\u00fd cyklus ve sloupci &#8222;Cyklus&#8220;).<\/li><li>Zvolte &#8222;Nov\u00fd z\u00e1znam&#8220;.<\/li><\/ul><ul><li>Zadejte \u010d\u00edslo existuj\u00edc\u00edho kalend\u00e1\u0159e a zm\u011b\u0148te rok na nov\u00fd, kter\u00fd je\u0161t\u011b nen\u00ed pou\u017eit pro tento kalend\u00e1\u0159.<\/li><li>Kalend\u00e1\u0159 se otev\u0159e pro aktualizaci hodnot, kde budou v\u0161echny m\u011bs\u00edce nastaveny na X, co\u017e zna\u010d\u00ed hodiny dle \u00favazku.<\/li><li>V budoucnu je nutn\u00e9 tento kalend\u00e1\u0159 upravit podle skute\u010dn\u00e9ho sm\u011bnn\u00e9ho re\u017eimu, proto\u017ee toto prodlou\u017een\u00ed nezahrnuje p\u0159edchoz\u00ed nastaven\u00ed cyklu ani vyrovn\u00e1vac\u00edho obdob\u00ed.<\/li><\/ul><\/li><\/ol>\n\n\n\n<div class=\"wp-block-image\"><figure class=\"aligncenter size-full\"><img loading=\"lazy\" decoding=\"async\" width=\"232\" height=\"159\" src=\"https:\/\/podpora.nuggetsw.cz\/wp-content\/uploads\/2023\/10\/kalen_novy.jpg\" alt=\"\" class=\"wp-image-6834\"\/><\/figure><\/div>\n\n\n\n<div class=\"wp-block-image\"><figure class=\"aligncenter size-full\"><img loading=\"lazy\" decoding=\"async\" width=\"787\" height=\"594\" src=\"https:\/\/podpora.nuggetsw.cz\/wp-content\/uploads\/2023\/10\/kalend-novy.jpg\" alt=\"\" class=\"wp-image-6835\" srcset=\"https:\/\/podpora.nuggetsw.cz\/wp-content\/uploads\/2023\/10\/kalend-novy.jpg 787w, https:\/\/podpora.nuggetsw.cz\/wp-content\/uploads\/2023\/10\/kalend-novy-300x226.jpg 300w, https:\/\/podpora.nuggetsw.cz\/wp-content\/uploads\/2023\/10\/kalend-novy-768x580.jpg 768w\" sizes=\"auto, (max-width: 787px) 100vw, 787px\" \/><\/figure><\/div>\n\n\n\n<ol class=\"wp-block-list\" start=\"3\"><li><strong>Prodlou\u017eit<\/strong><ul><li>Tla\u010d\u00edtko &#8222;Prodlou\u017eit&#8220; <ul><li><strong>m\u016f\u017eete pou\u017e\u00edt v p\u0159\u00edpad\u011b,<\/strong> kdy\u017e m\u00e1te vygenerovan\u00fd cyklus (tzn. v tabulce seznamu kalend\u00e1\u0159\u016f m\u00e1te zapsan\u00fd vygenerovan\u00fd cyklus ve sloupci &#8222;Cyklus&#8220;).<\/li><li><strong>nebude aktivn\u00ed<\/strong>, pokud cyklus u dan\u00e9ho kalend\u00e1\u0159e vygenerovan\u00fd nem\u00e1te (tzn. v tabulce seznamu kalend\u00e1\u0159\u016f je sloupce &#8222;Cyklus&#8220; pr\u00e1zdn\u00fd). <\/li><\/ul><\/li><li>Postup p\u0159i prodlu\u017eov\u00e1n\u00ed kalend\u00e1\u0159e pomoc\u00ed tla\u010d\u00edtka &#8222;Prodlou\u017eit&#8220;:<ul><li>Ozna\u010dte kalend\u00e1\u0159 v aktu\u00e1ln\u00edm roce, kter\u00fd chcete prodlou\u017eit.<\/li><li>Stiskn\u011bte tla\u010d\u00edtko &#8222;Prodlou\u017eit&#8220;.<\/li><li>Kalend\u00e1\u0159 se automaticky prodlou\u017e\u00ed do n\u00e1sleduj\u00edc\u00edho roku.<\/li><\/ul><\/li><li>Tento zp\u016fsob zahrnuje i ulo\u017een\u00fd cyklus a nastaven\u00e9 vyrovn\u00e1vac\u00ed obdob\u00ed, co\u017e je u\u017eite\u010dn\u00e9, pokud chcete zachovat opakuj\u00edc\u00ed se nastaven\u00ed do budoucnosti.<\/li><\/ul><\/li><\/ol>\n\n\n\n<p>V\u0161echny zp\u016fsoby umo\u017e\u0148uj\u00ed prodlou\u017een\u00ed kalend\u00e1\u0159e na dal\u0161\u00ed rok, p\u0159i\u010dem\u017e volba z\u00e1vis\u00ed na tom, zda pot\u0159ebujete zachovat nastaven\u00ed cyklu a vyrovn\u00e1vac\u00edho obdob\u00ed nebo pokud chcete za\u010d\u00edt s nulov\u00fdm kalend\u00e1\u0159em pro dal\u0161\u00ed rok.<\/p>\n","protected":false},"excerpt":{"rendered":"<p>Rekapitulace, p\u0159i p\u0159echodu z listopadu do prosince, kontroluje kalend\u00e1\u0159e pro n\u00e1sleduj\u00edc\u00ed rok. V p\u0159\u00edpad\u011b, kdy m\u00e1te u zam\u011bstnance nasazen\u00fd kalend\u00e1\u0159, kter\u00fd nen\u00ed otev\u0159en\u00fd pro n\u00e1sleduj\u00edc\u00ed rok, program v\u00e1m vygeneruje zpr\u00e1vu do &#8222;Zpr\u00e1vy&#8220;, ve kter\u00e9 zjist\u00edte, kter\u00fd kalend\u00e1\u0159 je pot\u0159eba prodlou\u017eit pro n\u00e1sleduj\u00edc\u00ed rok. Pro prodlou\u017een\u00ed existuj\u00edc\u00edho kalend\u00e1\u0159e na dal\u0161\u00ed rok m\u016f\u017eete postupovat t\u0159emi zp\u016fsoby: Automatick\u00e9 [&hellip;]<\/p>\n","protected":false},"author":3,"featured_media":0,"template":"","format":"standard","meta":{"footnotes":""},"lsvr_kba_cat":[920],"lsvr_kba_tag":[],"class_list":["post-8931","lsvr_kba","type-lsvr_kba","status-publish","format-standard","hentry","lsvr_kba_cat-kalendare"],"_links":{"self":[{"href":"https:\/\/podpora.nuggetsw.cz\/index.php\/wp-json\/wp\/v2\/lsvr_kba\/8931","targetHints":{"allow":["GET"]}}],"collection":[{"href":"https:\/\/podpora.nuggetsw.cz\/index.php\/wp-json\/wp\/v2\/lsvr_kba"}],"about":[{"href":"https:\/\/podpora.nuggetsw.cz\/index.php\/wp-json\/wp\/v2\/types\/lsvr_kba"}],"author":[{"embeddable":true,"href":"https:\/\/podpora.nuggetsw.cz\/index.php\/wp-json\/wp\/v2\/users\/3"}],"version-history":[{"count":2,"href":"https:\/\/podpora.nuggetsw.cz\/index.php\/wp-json\/wp\/v2\/lsvr_kba\/8931\/revisions"}],"predecessor-version":[{"id":10642,"href":"https:\/\/podpora.nuggetsw.cz\/index.php\/wp-json\/wp\/v2\/lsvr_kba\/8931\/revisions\/10642"}],"wp:attachment":[{"href":"https:\/\/podpora.nuggetsw.cz\/index.php\/wp-json\/wp\/v2\/media?parent=8931"}],"wp:term":[{"taxonomy":"lsvr_kba_cat","embeddable":true,"href":"https:\/\/podpora.nuggetsw.cz\/index.php\/wp-json\/wp\/v2\/lsvr_kba_cat?post=8931"},{"taxonomy":"lsvr_kba_tag","embeddable":true,"href":"https:\/\/podpora.nuggetsw.cz\/index.php\/wp-json\/wp\/v2\/lsvr_kba_tag?post=8931"}],"curies":[{"name":"wp","href":"https:\/\/api.w.org\/{rel}","templated":true}]}}