
{"id":6828,"date":"2023-10-18T07:23:08","date_gmt":"2023-10-18T07:23:08","guid":{"rendered":"https:\/\/podpora.nuggetsw.cz\/?post_type=lsvr_kba&#038;p=6828"},"modified":"2026-02-06T17:34:11","modified_gmt":"2026-02-06T17:34:11","slug":"kalendare","status":"publish","type":"lsvr_kba","link":"https:\/\/podpora.nuggetsw.cz\/index.php\/knowledge-base\/kalendare\/","title":{"rendered":"Kalend\u00e1\u0159e (Mzdy 2-5)"},"content":{"rendered":"\n<p>Kalend\u00e1\u0159e slou\u017e\u00ed k nastaven\u00ed nepravideln\u011b rozvr\u017een\u00e9 pracovn\u00ed doby, zkr\u00e1cen\u00fdch \u00favazk\u016f, kdy zam\u011bstnanec pracuje ka\u017ed\u00fd den jinak nebo m\u00e1 r\u016fznou d\u00e9lku sm\u011bn. Tak\u00e9 je vyu\u017eijete, pokud pot\u0159ebujete sledovat vyrovn\u00e1vac\u00ed obdob\u00ed.<\/p>\n\n\n\n<p>Vyrovn\u00e1vac\u00ed obdob\u00ed je obdob\u00ed, b\u011bhem kter\u00e9ho mus\u00ed zam\u011bstnanec odpracovat tolik hodin, aby v pr\u016fm\u011bru dos\u00e1hl stanoven\u00e9 t\u00fddenn\u00ed pracovn\u00ed doby. Zam\u011bstnavatel p\u0159i stanoven\u00ed vyrovn\u00e1vac\u00edho obdob\u00ed sleduje rozvr\u017een\u00ed pracovn\u00ed doby v r\u00e1mci ur\u010den\u00e9ho po\u010dtu t\u00fddn\u016f, b\u011bhem kter\u00fdch mus\u00ed zam\u011bstnanec splnit sv\u016fj pracovn\u00ed fond (\u00favazek x t\u00fddny vyrovn\u00e1vac\u00edho obdob\u00ed). Vyrovn\u00e1vac\u00ed obdob\u00ed by nem\u011blo p\u0159es\u00e1hnout 26 t\u00fddn\u016f (v kolektivn\u00ed smlouv\u011b lze po\u010d\u00edtat a\u017e s 52 t\u00fddny).<\/p>\n\n\n\n<p><strong>Pro nastaven\u00ed nepravideln\u00fdch re\u017eim\u016f a sledov\u00e1n\u00ed vyrovn\u00e1vac\u00edho obdob\u00ed pou\u017eijte funkci Mzdy 2-5 &#8222;Kalend\u00e1\u0159&#8220;.<\/strong><\/p>\n\n\n\n<p><strong>U zam\u011bstnance nastav\u00edte \u010d\u00edslo kalend\u00e1\u0159e do \u00fadaje L6014 &#8222;\u010c\u00edslo kalend\u00e1\u0159e&#8220; v kmenov\u00e9 kart\u011b zam\u011bstnance <\/strong>(pro modul MZDY: karta &#8222;Z\u00e1kladn\u00ed \u00fadaje&#8220;, pro modul PERS: karta &#8222;Mzdov\u00e9 \u00fadaje II&#8220;)<\/p>\n\n\n<div class=\"wp-block-image\">\n<figure class=\"aligncenter size-full\"><img loading=\"lazy\" decoding=\"async\" width=\"808\" height=\"557\" src=\"https:\/\/podpora.nuggetsw.cz\/wp-content\/uploads\/2023\/10\/kalen-2.jpg\" alt=\"\" class=\"wp-image-6813\" srcset=\"https:\/\/podpora.nuggetsw.cz\/wp-content\/uploads\/2023\/10\/kalen-2.jpg 808w, https:\/\/podpora.nuggetsw.cz\/wp-content\/uploads\/2023\/10\/kalen-2-300x207.jpg 300w, https:\/\/podpora.nuggetsw.cz\/wp-content\/uploads\/2023\/10\/kalen-2-768x529.jpg 768w\" sizes=\"auto, (max-width: 808px) 100vw, 808px\" \/><\/figure><\/div>\n\n\n<p>Ka\u017ed\u00fd rok lze vytvo\u0159it maxim\u00e1ln\u011b 999 kalend\u00e1\u0159\u016f. Ka\u017ed\u00fd zam\u011bstnanec m\u00e1 v kmenov\u00e9 v\u011bt\u011b \u00fadaj &#8222;L6014&#8220; nastaven na 0 (nulov\u00fd z\u00e1kladn\u00ed kalend\u00e1\u0159). Po kliknut\u00ed na funkci Mzdy 2-5 se otev\u0159e tabulka &#8222;Aktualizace kalend\u00e1\u0159\u016f&#8220;, kde jsou zobrazeny nulov\u00e9 kalend\u00e1\u0159e a d\u0159\u00edve vytvo\u0159en\u00e9 kalend\u00e1\u0159e.<\/p>\n\n\n\n<p><strong>Z\u00e1kladn\u00ed (nulov\u00fd) kalend\u00e1\u0159<\/strong> je kalend\u00e1\u0159 pro pravidelnou pracovn\u00ed dobu od pond\u011bl\u00ed do p\u00e1tku, ur\u010den\u00fd \u00favazkem zam\u011bstnance. To znamen\u00e1, \u017ee p\u00edsmeno X u 40hodinov\u00e9ho t\u00fddne zna\u010d\u00ed 8hodinovou sm\u011bnu, u 37,5hodinov\u00e9ho t\u00fddne 7,5hodinovou sm\u011bnu a nap\u0159\u00edklad u zkr\u00e1cen\u00e9ho \u00favazku 20 hodin t\u00fddn\u011b bude X zna\u010dit 4 hodiny denn\u011b.<\/p>\n\n\n\n<p>Proto, pokud m\u00e1te <strong>zkr\u00e1cen\u00e9 \u00favazky, kdy zam\u011bstnanec pracuje pravideln\u011b od pond\u011bl\u00ed do p\u00e1tku, nenastavujte \u017e\u00e1dn\u00fd nenulov\u00fd kalend\u00e1\u0159<\/strong>. Nenulov\u00fd kalend\u00e1\u0159 u zkr\u00e1cen\u00e9ho \u00favazku nastavte pouze v p\u0159\u00edpad\u011b, \u017ee zam\u011bstnanec pracuje nap\u0159\u00edklad od pond\u011bl\u00ed do \u010dtvrtka a v p\u00e1tek m\u00e1 volno.<\/p>\n\n\n\n<p>Nulov\u00e9 kalend\u00e1\u0159e nelze m\u011bnit \u2013 pouze z nich lze ud\u011blat kopie (na nenulov\u00e9 kalend\u00e1\u0159e).<\/p>\n\n\n\n<h3 class=\"wp-block-heading has-text-align-center\">Vysv\u011btlivky v aktualizaci kalend\u00e1\u0159\u016f<\/h3>\n\n\n<div class=\"wp-block-image\">\n<figure class=\"aligncenter size-full\"><img loading=\"lazy\" decoding=\"async\" width=\"136\" height=\"312\" src=\"https:\/\/podpora.nuggetsw.cz\/wp-content\/uploads\/2023\/10\/kalen_tlacitka.jpg\" alt=\"\" class=\"wp-image-6832\" srcset=\"https:\/\/podpora.nuggetsw.cz\/wp-content\/uploads\/2023\/10\/kalen_tlacitka.jpg 136w, https:\/\/podpora.nuggetsw.cz\/wp-content\/uploads\/2023\/10\/kalen_tlacitka-131x300.jpg 131w\" sizes=\"auto, (max-width: 136px) 100vw, 136px\" \/><\/figure><\/div>\n\n\n<p><strong>Jen aktu\u00e1ln\u00ed rok<\/strong>: Pro zobrazen\u00ed kalend\u00e1\u0159\u016f pouze pro aktu\u00e1ln\u00ed rok (v aktualizaci kalend\u00e1\u0159\u016f skryjete ozna\u010den\u00edm tohoto \u00fadaje kalend\u00e1\u0159e spadaj\u00edc\u00ed do minulosti i budoucnosti).<br><strong>Upravit<\/strong>: Pro otev\u0159en\u00ed a aktualizaci ozna\u010den\u00fdch kalend\u00e1\u0159\u016f (je mo\u017en\u00fd multiv\u00fdb\u011br kalend\u00e1\u0159\u016f, av\u0161ak ka\u017ed\u00fd se otev\u0159e v samostatn\u00e9m okn\u011b).<br><strong>Nov\u00fd z\u00e1znam<\/strong>: Pro otev\u0159en\u00ed nov\u00e9ho kalend\u00e1\u0159e, p\u0159\u00edpadn\u011b otev\u0159en\u00ed nov\u00e9ho kalend\u00e1\u0159e pro budouc\u00ed rok.<br><strong>Kopie<\/strong>: Ozna\u010dte kalend\u00e1\u0159, kter\u00fd chcete zkop\u00edrovat, a vytvo\u0159te tak nov\u00fd kalend\u00e1\u0159.<br><strong>Prodlou\u017eit<\/strong>: Ozna\u010den\u00fd kalend\u00e1\u0159 se v\u00e1m prodlou\u017e\u00ed do n\u00e1sleduj\u00edc\u00edho roku. (Aktivn\u00ed tla\u010d\u00edtko &#8222;Prodlou\u017eit&#8220; budete m\u00edt pouze v p\u0159\u00edpad\u011b, kdy m\u00e1te nastaven\u00fd cyklus u kalend\u00e1\u0159e. Pokud nem\u00e1te ulo\u017een\u00fd cyklus, nem\u016f\u017eete kalend\u00e1\u0159 prodlou\u017eit, ale mus\u00edte pou\u017e\u00edt &#8222;Nov\u00fd z\u00e1znam&#8220;.)<br><strong>Smazat z\u00e1znam<\/strong>: Ozna\u010den\u00fd kalend\u00e1\u0159 sma\u017eete.<br><strong>Opis<\/strong>: Do Zpr\u00e1v vytvo\u0159\u00edte opis kalend\u00e1\u0159e (opis obsahuje m\u011bs\u00edce a dny v m\u011bs\u00edci + ozna\u010den\u00ed definice dn\u016f).<br><strong>Kontrola v.o.<\/strong>: Do Zpr\u00e1v vytvo\u0159\u00edte sestavu sald pro vyrovn\u00e1vac\u00ed obdob\u00ed (vyrovn\u00e1vac\u00ed obdob\u00ed nastavujete v ka\u017ed\u00e9m kalend\u00e1\u0159i p\u0159es tla\u010d\u00edtko &#8222;Upravit&#8220;).<br><strong>Definice dn\u016f<\/strong>: Pro nastaven\u00ed hodin jednotliv\u00fdch sm\u011bn.<br><strong>Definice cykl\u016f<\/strong>: Pro nastaven\u00ed cyklu, kter\u00fd se v r\u00e1mci roku opakuje.<\/p>\n\n\n\n<h2 class=\"wp-block-heading has-text-align-center\">\u010c\u00edm za\u010d\u00edt p\u0159i nastavov\u00e1n\u00ed kalend\u00e1\u0159\u016f<\/h2>\n\n\n\n<p>Jako prvn\u00ed je pot\u0159eba nastavit &#8222;<strong>Definice dn\u016f<\/strong>&#8220; a &#8222;<strong>Definice cykl\u016f<\/strong>&#8222;, kter\u00e9 se pou\u017e\u00edvaj\u00ed p\u0159i aktualizaci kalend\u00e1\u0159\u016f.<\/p>\n\n\n<div class=\"wp-block-image\">\n<figure class=\"aligncenter\"><img loading=\"lazy\" decoding=\"async\" width=\"804\" height=\"552\" src=\"https:\/\/podpora.nuggetsw.cz\/wp-content\/uploads\/2021\/05\/kalend_definice.jpg\" alt=\"\" class=\"wp-image-6818\" srcset=\"https:\/\/podpora.nuggetsw.cz\/wp-content\/uploads\/2021\/05\/kalend_definice.jpg 804w, https:\/\/podpora.nuggetsw.cz\/wp-content\/uploads\/2021\/05\/kalend_definice-300x206.jpg 300w, https:\/\/podpora.nuggetsw.cz\/wp-content\/uploads\/2021\/05\/kalend_definice-768x527.jpg 768w\" sizes=\"auto, (max-width: 804px) 100vw, 804px\" \/><\/figure><\/div>\n\n\n<h3 class=\"wp-block-heading has-text-align-center\">Definice dn\u016f<\/h3>\n\n\n<div class=\"wp-block-image\">\n<figure class=\"aligncenter size-full\"><img loading=\"lazy\" decoding=\"async\" width=\"462\" height=\"469\" src=\"https:\/\/podpora.nuggetsw.cz\/wp-content\/uploads\/2023\/10\/Kalend_definice-dnu.jpg\" alt=\"\" class=\"wp-image-6830\" srcset=\"https:\/\/podpora.nuggetsw.cz\/wp-content\/uploads\/2023\/10\/Kalend_definice-dnu.jpg 462w, https:\/\/podpora.nuggetsw.cz\/wp-content\/uploads\/2023\/10\/Kalend_definice-dnu-296x300.jpg 296w\" sizes=\"auto, (max-width: 462px) 100vw, 462px\" \/><\/figure><\/div>\n\n\n<p><strong>D\u00e9lka sm\u011bny<\/strong>:<\/p>\n\n\n\n<p>Sm\u011bnu trvaj\u00edc\u00ed celou hodinu v rozmez\u00ed 1-9 nemus\u00edte zapisovat p\u00edsmenem (k\u00f3dem dne), ale m\u016f\u017eete tuto hodnotu zapsat pomoc\u00ed numerick\u00e9 kl\u00e1vesnice v dan\u00e9m dni kalend\u00e1\u0159e. Tedy zad\u00e1n\u00edm \u010d\u00edsla 1, 2, 3, &#8230;<\/p>\n\n\n\n<p>U sm\u011bn, kde je pou\u017eito desetinn\u00e9 m\u00edsto (nap\u0159. 7,5) nebo dvojcifern\u00e9 \u010d\u00edslo (nap\u0159. 10), je nutno pou\u017e\u00edt pro d\u00e9lku sm\u011bny p\u00edsmenn\u00e9 ozna\u010den\u00ed A-\u017d (a-\u017e).<\/p>\n\n\n\n<p>P\u0159\u00edklad:<\/p>\n\n\n\n<ul class=\"wp-block-list\">\n<li>K\u00f3d dne A = 11<\/li>\n\n\n\n<li>K\u00f3d dne \u017e = 7,50<\/li>\n<\/ul>\n\n\n\n<p><strong>Nastaven\u00ed sv\u00e1tk\u016f<\/strong>:<\/p>\n\n\n\n<p>Pro nastaven\u00ed sv\u00e1tk\u016f se pou\u017eije znak * (hv\u011bzdi\u010dka na numerick\u00e9 kl\u00e1vesnici). Pokud se st\u0159\u00edd\u00e1 r\u016fzn\u00e1 d\u00e9lka sm\u011bn i ve dnech sv\u00e1tk\u016f, je nutno v kalend\u00e1\u0159i ur\u010dit d\u00e9lku n\u00e1hrady za sv\u00e1tek. Z\u00e1pis pak bude vypadat *A (kdy A = 7,5 hodin).<\/p>\n\n\n\n<p>Pokud d\u00e9lka sm\u011bny nebude ur\u010dena, program automaticky vezme pr\u016fm\u011brnou d\u00e9lku dne pro proplacen\u00ed sv\u00e1tku.<\/p>\n\n\n\n<p><strong>Za\u010d\u00e1tek sm\u011bny<\/strong>:<\/p>\n\n\n\n<p>U n\u011bkolika sm\u011bnn\u00fdch provoz\u016f je mo\u017enost ur\u010dit za\u010d\u00e1tky sm\u011bn.<\/p>\n\n\n\n<p>P\u0159\u00edklad:<\/p>\n\n\n\n<ul class=\"wp-block-list\">\n<li>K\u00f3d dne 1 = 6 (znamen\u00e1, \u017ee sm\u011bna za\u010d\u00edn\u00e1 v 6 hodin)<\/li>\n\n\n\n<li>K\u00f3d dne 2 = 22 (znamen\u00e1, \u017ee sm\u011bna za\u010d\u00edn\u00e1 ve 22 hodin)<\/li>\n<\/ul>\n\n\n\n<h3 class=\"wp-block-heading has-text-align-center\">Definice cyklu<\/h3>\n\n\n\n<p>Cyklus pou\u017eijete v p\u0159\u00edpad\u011b, kdy zam\u011bstnanec m\u00e1 napl\u00e1novan\u00e9 sm\u011bny ve st\u00e1le se opakuj\u00edc\u00edch cyklech, nap\u0159\u00edklad tzv. re\u017eim kr\u00e1tk\u00fd &#8211; dlouh\u00fd t\u00fdden, nebo kdy\u017e jsou sm\u011bny vytvo\u0159eny tak, \u017ee se nap\u0159\u00edklad st\u0159\u00eddaj\u00ed dva dny dlouh\u00e9 sm\u011bny s dny volna a pak navazuje kr\u00e1tk\u00e1 sm\u011bna, a tak st\u00e1le dokola.<\/p>\n\n\n<div class=\"wp-block-image\">\n<figure class=\"aligncenter\"><img loading=\"lazy\" decoding=\"async\" width=\"357\" height=\"404\" src=\"https:\/\/podpora.nuggetsw.cz\/wp-content\/uploads\/2021\/05\/kalen_cykly.jpg\" alt=\"\" class=\"wp-image-6822\" srcset=\"https:\/\/podpora.nuggetsw.cz\/wp-content\/uploads\/2021\/05\/kalen_cykly.jpg 357w, https:\/\/podpora.nuggetsw.cz\/wp-content\/uploads\/2021\/05\/kalen_cykly-265x300.jpg 265w\" sizes=\"auto, (max-width: 357px) 100vw, 357px\" \/><\/figure><\/div>\n\n\n<p>Nov\u00fd cyklus vytvo\u0159\u00edte p\u0159es tla\u010d\u00edtko &#8222;Nov\u00fd z\u00e1znam&#8220; a otev\u0159e se v\u00e1m n\u00e1sleduj\u00edc\u00ed tabulka:<\/p>\n\n\n<div class=\"wp-block-image\">\n<figure class=\"aligncenter size-full\"><img loading=\"lazy\" decoding=\"async\" width=\"420\" height=\"528\" src=\"https:\/\/podpora.nuggetsw.cz\/wp-content\/uploads\/2023\/10\/image-29.png\" alt=\"\" class=\"wp-image-6851\" srcset=\"https:\/\/podpora.nuggetsw.cz\/wp-content\/uploads\/2023\/10\/image-29.png 420w, https:\/\/podpora.nuggetsw.cz\/wp-content\/uploads\/2023\/10\/image-29-239x300.png 239w\" sizes=\"auto, (max-width: 420px) 100vw, 420px\" \/><\/figure><\/div>\n\n\n<p><em>Vysv\u011btlivky k tabulce:<\/em><\/p>\n\n\n\n<p><strong>N\u00e1zev<\/strong>: Ur\u010dete si n\u00e1zev cyklu.<br><strong>D\u00e9lka periody<\/strong>: Nastavte po\u010det dn\u00ed cyklu, kter\u00fd se bude opakovat.<br><strong>1.-14.t\u00fdden<\/strong>: Po nastaven\u00ed &#8222;D\u00e9lka periody&#8220; se v\u00e1m zobraz\u00ed pouze takov\u00fd po\u010det dn\u00ed v t\u00fddnech, kolik ur\u010d\u00edte. Do t\u011bchto \u017elut\u00fdch pol\u00ed nasad\u00edte d\u00e9lku sm\u011bn (pomoc\u00ed &#8222;Definice dn\u016f&#8220; pod \u017elut\u00fdmi okny) \u010di numerickou kl\u00e1vesnic\u00ed (p\u0159i zachov\u00e1n\u00ed pravidel, viz v\u00fd\u0161e &#8222;Definice dn\u016f&#8220;).<br><strong>OK<\/strong>: Ulo\u017e\u00edte nastaven\u00fd cyklus.<br><strong>Storno<\/strong>: Zru\u0161\u00edte cyklus bez ulo\u017een\u00ed.<\/p>\n\n\n\n<p><em>P\u0159\u00edklad nastaven\u00e9ho cyklu<\/em>: D\u00e9lka periody 14 dn\u00ed a st\u0159\u00eddaj\u00ed se sm\u011bny v d\u00e9lce 12 hodin a 7,75 hodin.<\/p>\n\n\n<div class=\"wp-block-image\">\n<figure class=\"aligncenter size-full\"><img loading=\"lazy\" decoding=\"async\" width=\"582\" height=\"247\" src=\"https:\/\/podpora.nuggetsw.cz\/wp-content\/uploads\/2023\/10\/kalen_cykly3.jpg\" alt=\"\" class=\"wp-image-6831\" srcset=\"https:\/\/podpora.nuggetsw.cz\/wp-content\/uploads\/2023\/10\/kalen_cykly3.jpg 582w, https:\/\/podpora.nuggetsw.cz\/wp-content\/uploads\/2023\/10\/kalen_cykly3-300x127.jpg 300w\" sizes=\"auto, (max-width: 582px) 100vw, 582px\" \/><\/figure><\/div>\n\n\n<p>V aktualizaci kalend\u00e1\u0159e pak m\u016f\u017eete pomoc\u00ed &#8222;Generovat cyklus&#8220; vyb\u00edrat cykly a ur\u010dit, kdy za\u010d\u00ednaj\u00ed (bl\u00ed\u017ee viz n\u00ed\u017ee kapitola &#8222;Zalo\u017een\u00ed nov\u00e9ho kalend\u00e1\u0159e &#8211; nasazen\u00ed cyklu&#8220;).<\/p>\n\n\n<div class=\"wp-block-image\">\n<figure class=\"aligncenter size-full\"><img loading=\"lazy\" decoding=\"async\" width=\"438\" height=\"150\" src=\"https:\/\/podpora.nuggetsw.cz\/wp-content\/uploads\/2023\/10\/image-22.png\" alt=\"\" class=\"wp-image-6840\" srcset=\"https:\/\/podpora.nuggetsw.cz\/wp-content\/uploads\/2023\/10\/image-22.png 438w, https:\/\/podpora.nuggetsw.cz\/wp-content\/uploads\/2023\/10\/image-22-300x103.png 300w\" sizes=\"auto, (max-width: 438px) 100vw, 438px\" \/><\/figure><\/div>\n\n\n<h2 class=\"wp-block-heading has-text-align-center\">Zalo\u017een\u00ed nov\u00e9ho kalend\u00e1\u0159e<\/h2>\n\n\n\n<p>Pou\u017eijte tla\u010d\u00edtko &#8222;Nov\u00fd z\u00e1znam&#8220; a vypl\u0148te &#8222;\u010c\u00edslo kalend\u00e1\u0159e&#8220; a &#8222;Rok&#8220;:<\/p>\n\n\n<div class=\"wp-block-image\">\n<figure class=\"aligncenter size-full\"><img loading=\"lazy\" decoding=\"async\" width=\"231\" height=\"166\" src=\"https:\/\/podpora.nuggetsw.cz\/wp-content\/uploads\/2023\/10\/image-18.png\" alt=\"\" class=\"wp-image-6836\"\/><\/figure><\/div>\n\n\n<p>          <strong>\u010c\u00edslo kalend\u00e1\u0159e<\/strong>: Vyberte \u010d\u00edslo kalend\u00e1\u0159e, kter\u00e9 je\u0161t\u011b nebylo pou\u017eito.<br>          <strong>Rok<\/strong>: Defaultn\u011b se v\u00e1m nab\u00eddne aktu\u00e1ln\u00ed rok, kter\u00fd m\u016f\u017eete zm\u011bnit.<\/p>\n\n\n\n<p>Potvrzen\u00edm tla\u010d\u00edtka &#8222;OK&#8220; se otev\u0159e &#8222;<strong>Aktualizace kalend\u00e1\u0159e<\/strong> RRRR &#8211; \u010d\u00edslo kalend\u00e1\u0159e&#8220;:<\/p>\n\n\n<div class=\"wp-block-image\">\n<figure class=\"aligncenter size-full\"><img loading=\"lazy\" decoding=\"async\" width=\"788\" height=\"596\" src=\"https:\/\/podpora.nuggetsw.cz\/wp-content\/uploads\/2023\/10\/image-19.png\" alt=\"\" class=\"wp-image-6837\" srcset=\"https:\/\/podpora.nuggetsw.cz\/wp-content\/uploads\/2023\/10\/image-19.png 788w, https:\/\/podpora.nuggetsw.cz\/wp-content\/uploads\/2023\/10\/image-19-300x227.png 300w, https:\/\/podpora.nuggetsw.cz\/wp-content\/uploads\/2023\/10\/image-19-768x581.png 768w\" sizes=\"auto, (max-width: 788px) 100vw, 788px\" \/><\/figure><\/div>\n\n\n<p><em>a) Vysv\u011btlivky \u00fadaj\u016f v horn\u00ed \u010d\u00e1sti &#8222;Aktualizace kalend\u00e1\u0159e&#8220;<\/em><\/p>\n\n\n\n<p><strong>\u010c\u00edslo kalend\u00e1\u0159e<\/strong>: \u010c\u00edslo kalend\u00e1\u0159e, kter\u00e9 jste si vybrali p\u0159i kliknut\u00ed na tla\u010d\u00edtko &#8222;Nov\u00fd z\u00e1znam&#8220;.<br><strong>Rok<\/strong>: Rok, pro kter\u00fd jste kalend\u00e1\u0159 otev\u0159eli.<br><strong>N\u00e1zev<\/strong>: Vyberte n\u00e1zev kalend\u00e1\u0159e.<br><strong>Pr\u016fm\u011brn\u00e1 d\u00e9lka dne<\/strong>: Pr\u016fm\u011brn\u00e1 d\u00e9lka dne je d\u016fle\u017eit\u00e1 pro spr\u00e1vn\u00e9 generov\u00e1n\u00ed \u010dasov\u00e9ho fondu a dovolen\u00e9 (bl\u00ed\u017ee viz n\u00ed\u017ee).<br><strong>T\u00fddenn\u00ed \u00favazek<\/strong>: Zadejte smluven\u00fd t\u00fddenn\u00ed \u00favazek (hodnota v \u00fadaji L4022 nebo L4023).<\/p>\n\n\n\n<p><em>b) Vysv\u011btlivky \u00fadaj\u016f vpravo v &#8222;Aktualizaci kalend\u00e1\u0159e&#8220;<\/em><\/p>\n\n\n\n<p><strong>Upravit<\/strong>: Pro aktualizaci ozna\u010den\u00e9ho m\u011bs\u00edce (m\u016f\u017eete ozna\u010dit v\u00edce \u0159\u00e1dk\u016f a ty se v\u00e1m otev\u0159ou do jednoho okna; pomoc\u00ed \u0161ipky budete moci aktualizovat ozna\u010den\u00e9 m\u011bs\u00edce).<br><strong>Vybrat v\u0161e<\/strong>: Ozna\u010d\u00edte si v\u0161echny \u0159\u00e1dky v dan\u00e9 aktualizaci kalend\u00e1\u0159e.<br><strong>Opis<\/strong>: Do Zpr\u00e1v vytvo\u0159\u00edte opis kalend\u00e1\u0159e (opis obsahuje m\u011bs\u00edce a dny v m\u011bs\u00edci + ozna\u010den\u00ed definice dn\u016f).<br><strong>Generov\u00e1n\u00ed cyklu<\/strong>: Tla\u010d\u00edtko pro v\u00fdb\u011br ulo\u017een\u00e9ho cyklu a ur\u010den\u00ed, od kdy se m\u00e1 dan\u00fd cyklus pou\u017e\u00edt (bl\u00ed\u017ee viz sekce v\u00fd\u0161e: &#8222;Definice cyklu&#8220;).<br><strong>Automatick\u00e9 prodlu\u017eov\u00e1n\u00ed<\/strong>: Toto ozna\u010dovac\u00ed pole se v\u00e1m objev\u00ed <strong>a\u017e kdy\u017e nasad\u00edte cyklus pomoc\u00ed &#8222;Generov\u00e1n\u00ed cyklu<\/strong>&#8222;. Pokud tento \u00fadaj ozna\u010d\u00edte, kalend\u00e1\u0159e se budou p\u0159i listopadov\u00e9 rekapitulaci automaticky prodlu\u017eovat na n\u00e1sleduj\u00edc\u00ed rok, pokud pro n\u00e1sleduj\u00edc\u00ed rok nebude ji\u017e zalo\u017een\u00fd.<\/p>\n\n\n\n<p><strong>Vyrovn\u00e1vac\u00ed obdob\u00ed (VO)<\/strong><br><strong>D\u00e9lka<\/strong>: Ur\u010dete d\u00e9lku vyrovn\u00e1vac\u00edho obdob\u00ed v t\u00fddnech.<br><strong>Start<\/strong>: Ur\u010dete datum, kdy za\u010d\u00edn\u00e1 vyrovn\u00e1vac\u00ed obdob\u00ed. Navazuj\u00edc\u00ed VO bude program po\u010d\u00edtat od zadan\u00e9ho data (nen\u00ed pot\u0159eba m\u011bnit v budoucnu start VO, pro navazuj\u00edc\u00ed rok se za\u010d\u00e1tek VO p\u0159epo\u010dte a nasad\u00ed s\u00e1m podle za\u010d\u00e1tku VO, nap\u0159. za\u010d\u00e1tek VO byl 1.1.2023 v d\u00e9lce 12 t\u00fddn\u016f, v n\u00e1sleduj\u00edc\u00edm roce bude za\u010d\u00e1tek 25.2.2024).<br><strong>Kontrola v.o<\/strong>.: Do Zpr\u00e1v se vygeneruje sestava s n\u00e1zvem &#8222;Vyrovn\u00e1vac\u00ed obdob\u00ed&#8220; pro kalend\u00e1\u0159.<\/p>\n\n\n\n<p><em>c) Tla\u010d\u00edtka pro ulo\u017een\u00ed\/storno<\/em><\/p>\n\n\n\n<p><strong>OK<\/strong>: Tla\u010d\u00edtkem ulo\u017e\u00edte a zav\u0159ete aktualizaci kalend\u00e1\u0159e.<br><strong>Storno<\/strong>: Zav\u0159ete aktualizaci kalend\u00e1\u0159e bez ulo\u017een\u00ed.<br><strong>Pou\u017e\u00edt<\/strong>: Pokud aktualizujete n\u011bkter\u00fd \u00fadaj, tla\u010d\u00edtkem &#8222;Pou\u017e\u00edt&#8220; pr\u00e1ci ulo\u017e\u00edte, ale nezav\u0159ete kalend\u00e1\u0159 (nap\u0159. provedete zm\u011bnu v konkr\u00e9tn\u00edm m\u011bs\u00edci, ulo\u017e\u00edte pomoc\u00ed tla\u010d\u00edtka &#8222;Pou\u017e\u00edt&#8220; a vygenerujete si sestavu pro VO kalend\u00e1\u0159e).<\/p>\n\n\n\n<h2 class=\"wp-block-heading has-text-align-center\">Pr\u016fm\u011brn\u00e1 d\u00e9lka dne<\/h2>\n\n\n\n<p>Pr\u016fm\u011brn\u00e1 d\u00e9lka dne je d\u016fle\u017eit\u00e1 pro spr\u00e1vn\u00e9 generov\u00e1n\u00ed \u010dasov\u00e9ho fondu a dovolen\u00e9.<\/p>\n\n\n\n<p><em>P\u0159\u00edklad ur\u010den\u00ed pr\u016fm\u011brn\u00e9 d\u00e9lky dne:<\/em><\/p>\n\n\n\n<ul class=\"wp-block-list\">\n<li><strong>24 t\u00fddenn\u00ed fond pracovn\u00ed doby<\/strong>: Sm\u011bny ve dnech Po, \u00dat, P\u00e1, d\u00e9lka sm\u011bny v\u017edy 8 hodin => pr\u016fm\u011brn\u00e1 d\u00e9lka dne je 8 hodin.<\/li>\n\n\n\n<li><strong>12 t\u00fddenn\u00ed fond pracovn\u00ed doby<\/strong>: Sm\u011bny ve dnech Po, St, P\u00e1, d\u00e9lka sm\u011bny v\u017edy 4 hodiny => pr\u016fm\u011brn\u00e1 d\u00e9lka dne je 4 hodiny.<\/li>\n\n\n\n<li><strong>40 t\u00fddenn\u00ed fond pracovn\u00ed doby<\/strong>: Sm\u011bny ve dnech Po, \u00dat, St, \u010ct, d\u00e9lka sm\u011bny v\u017edy 10 hodin => pr\u016fm\u011brn\u00e1 d\u00e9lka dne je 10 hodin.<\/li>\n<\/ul>\n\n\n\n<p>Pro spr\u00e1vn\u00e9 pou\u017eit\u00ed pr\u016fm\u011brn\u00e9 d\u00e9lky dne mus\u00ed b\u00fdt v ostatn\u00edch p\u0159\u00edpadech v\u017edy pr\u016fm\u011brn\u00e1 d\u00e9lka dne stanovena jako: t\u00fddenn\u00ed fond pracovn\u00ed doby d\u011bleno po\u010dtem sm\u011bn v t\u00fddnu.<\/p>\n\n\n\n<p>Nap\u0159\u00edklad:<\/p>\n\n\n\n<ul class=\"wp-block-list\">\n<li><strong>40 t\u00fddenn\u00ed fond pracovn\u00ed doby (FPD)<\/strong>: Sm\u011bny Po \u2013 11, \u00dat \u2013 8, St \u2013 6, \u010ct \u2013 4, P\u00e1 \u2013 11 => pr\u016fm\u011brn\u00e1 d\u00e9lka dne \u010din\u00ed 8 hodin. Sou\u010dasn\u011b se u sv\u00e1tk\u016f zad\u00e1v\u00e1 * a p\u00edsmenn\u00e9 ozna\u010den\u00ed d\u00e9lky sm\u011bny dle &#8222;Definice dn\u016f&#8220; (nap\u0159. *B, kdy B = 11 hodin).<\/li>\n\n\n\n<li><strong>24 t\u00fddenn\u00ed FPD<\/strong>: Sm\u011bny Po \u2013 11, \u00dat \u2013 8, St \u2013 5 => pr\u016fm\u011brn\u00e1 d\u00e9lka dne \u010din\u00ed 8 hodin. Sou\u010dasn\u011b se u sv\u00e1tk\u016f zad\u00e1v\u00e1 * a p\u00edsmenn\u00e9 ozna\u010den\u00ed d\u00e9lky sm\u011bny dle &#8222;Definice dn\u016f&#8220; (nap\u0159. *B, kdy B = 11 hodin).<\/li>\n<\/ul>\n\n\n\n<h2 class=\"wp-block-heading has-text-align-center\">Vyrovn\u00e1vac\u00ed obdob\u00ed (VO)<\/h2>\n\n\n\n<p>Vyrovn\u00e1vac\u00ed obdob\u00ed nastavujete v konkr\u00e9tn\u00edm kalend\u00e1\u0159i ur\u010den\u00edm d\u00e9lky VO v t\u00fddnech a za\u010d\u00e1tkem VO. Po prvn\u00edm nastaven\u00ed u\u017e dal\u0161\u00ed nastavov\u00e1n\u00ed nen\u00ed pot\u0159eba, proto\u017ee program automaticky pokra\u010duje v dal\u0161\u00edm VO. P\u0159i prodlu\u017eov\u00e1n\u00ed kalend\u00e1\u0159e pomoc\u00ed tla\u010d\u00edtka &#8222;Prodlou\u017eit&#8220; (v seznamu kalend\u00e1\u0159\u016f) program spr\u00e1vn\u011b vypo\u010d\u00edt\u00e1 za\u010d\u00e1tek a d\u00e9lku VO pro n\u00e1sleduj\u00edc\u00ed rok.<\/p>\n\n\n<div class=\"wp-block-image\">\n<figure class=\"aligncenter size-full\"><img loading=\"lazy\" decoding=\"async\" width=\"143\" height=\"122\" src=\"https:\/\/podpora.nuggetsw.cz\/wp-content\/uploads\/2023\/10\/image-25.png\" alt=\"\" class=\"wp-image-6843\"\/><\/figure><\/div>\n\n\n<p><strong>POZOR:<\/strong> Pokud pou\u017eijete tla\u010d\u00edtko &#8222;Nov\u00fd z\u00e1znam&#8220; pro otev\u0159en\u00ed kalend\u00e1\u0159e pro n\u00e1sleduj\u00edc\u00ed rok, program nebude br\u00e1t v \u00favahu ulo\u017een\u00fd cyklus nebo za\u010d\u00e1tek VO.<\/p>\n\n\n\n<p>Vyrovn\u00e1vac\u00ed obdob\u00ed se pro ka\u017ed\u00e9ho zam\u011bstnance po\u010d\u00edt\u00e1 jako \u00favazek (\u00fadaj L4022\/L4023) kr\u00e1t d\u00e9lka VO. Kontrolu sm\u011bn u zam\u011bstnanc\u016f prov\u00e1d\u00edte pomoc\u00ed sestavy LZ802P &#8222;Vyrovn\u00e1vac\u00ed obdob\u00ed pro kalend\u00e1\u0159&#8220;.<\/p>\n\n\n\n<p>Ka\u017ed\u00e1 vygenerovan\u00e1 sestava ukazuje dan\u00e9 vyrovn\u00e1vac\u00ed obdob\u00ed v\u010detn\u011b data od &#8211; do (viz vzorov\u00e1 sestava n\u00ed\u017ee). Pro vztah s dovolenou plat\u00ed n\u00e1sleduj\u00edc\u00ed tabulka ro\u010dn\u00edho pracovn\u00edho fondu, co\u017e znamen\u00e1, \u017ee v r\u00e1mci v\u0161ech vyrovn\u00e1vac\u00edch obdob\u00ed v jednom roce mus\u00edte dodr\u017eet ro\u010dn\u00ed pracovn\u00ed fond podle uveden\u00e9 tabulky (pro rok 2024).<\/p>\n\n\n\n<p>Vyrovn\u00e1vac\u00ed obdob\u00ed usnadn\u00ed sledov\u00e1n\u00ed spr\u00e1vn\u00e9ho po\u010dtu sm\u011bn v r\u00e1mci stanoven\u00e9ho vyrovn\u00e1vac\u00edho obdob\u00ed. Pro kontrolu slou\u017e\u00ed sestava v PDF\/CSV form\u00e1tu LZ802P &#8222;Vyrovn\u00e1vac\u00ed obdob\u00ed pro kalend\u00e1\u0159&#8220;.<\/p>\n\n\n\n<p>Sestavu m\u016f\u017eete vygenerovat na dvou m\u00edstech:<\/p>\n\n\n\n<ol class=\"wp-block-list\">\n<li>V aktualizaci kalend\u00e1\u0159\u016f (seznam ulo\u017een\u00fdch kalend\u00e1\u0159\u016f), kde m\u016f\u017eete ozna\u010dit v\u00edce kalend\u00e1\u0159\u016f a stisknout tla\u010d\u00edtko &#8222;Kontrola v.o.&#8220;.<\/li>\n\n\n\n<li>V aktualizaci konkr\u00e9tn\u00edho kalend\u00e1\u0159e pomoc\u00ed tla\u010d\u00edtka &#8222;Kontrola v.o.&#8220;.<\/li>\n<\/ol>\n\n\n\n<p>Jak\u00e1koliv zm\u011bna, a\u0165 v hlavn\u00edm kalend\u00e1\u0159i (v seznamu kalend\u00e1\u0159\u016f) nebo v do\u010dasn\u00e9 zm\u011bn\u011b kalend\u00e1\u0159e v \u010dasov\u00e9m fondu zam\u011bstnance (funkce Mzdy 2-3-1), se projev\u00ed n\u00e1sledn\u011b i v sestav\u011b &#8222;Vyrovn\u00e1vac\u00ed obdob\u00ed pro kalend\u00e1\u0159&#8220;.<\/p>\n\n\n\n<p><em>Ro\u010dn\u00ed pracovn\u00ed fond pro rok 2026 ve vztahu k dovolen\u00e9:<\/em><\/p>\n\n\n\n<figure class=\"wp-block-table is-style-stripes\"><table><tbody><tr><td><br>T\u00fddenn\u00ed pracovn\u00ed doba &#8211; pracovn\u00ed re\u017eim<\/td><td>Z\u00e1konn\u00fd t\u00fddenn\u00ed \u00favazek<\/td><td>&nbsp;<\/td><td>Ro\u010dn\u00ed pracovn\u00ed fond v\u010d. sv\u00e1tk\u016f (celkem hodin za rok)<\/td><td>Ro\u010dn\u00ed n\u00e1rok dovolen\u00e9 zam\u011bstnance v hodin\u00e1ch p\u0159i ro\u010dn\u00edm n\u00e1roku<\/td><td>Ro\u010dn\u00ed n\u00e1rok dovolen\u00e9 zam\u011bstnance v hodin\u00e1ch p\u0159i ro\u010dn\u00edm n\u00e1roku<\/td><\/tr><tr><td>&nbsp;<\/td><td>&nbsp;<\/td><td>&nbsp;<\/td><td>&nbsp;<\/td><td>4 t\u00fddny<\/td><td>5 t\u00fddn\u016f<\/td><\/tr><tr><td>jednosm\u011bnn\u00fd (z\u00e1kladn\u00ed)<\/td><td>40<\/td><td>&nbsp;<\/td><td>2088<\/td><td>160<\/td><td>200<\/td><\/tr><tr><td>dvousm\u011bnn\u00fd<\/td><td>38,75<\/td><td>&nbsp;<\/td><td>2022,75<\/td><td>155<\/td><td>194<\/td><\/tr><tr><td>t\u0159\u00edsm\u011bnn\u00fd a nep\u0159etr\u017eit\u00fd<\/td><td>37,5<\/td><td>&nbsp;<\/td><td>1957,5<\/td><td>150<\/td><td>188<\/td><\/tr><\/tbody><\/table><\/figure>\n\n\n\n<h4 class=\"wp-block-heading has-text-align-center\">Vzhled sestavy Vyrovn\u00e1vac\u00ed obdob\u00ed pro kalend\u00e1\u0159<\/h4>\n\n\n\n<p><strong>Sestava v PDF:<\/strong><\/p>\n\n\n<div class=\"wp-block-image\">\n<figure class=\"aligncenter size-full\"><img loading=\"lazy\" decoding=\"async\" width=\"876\" height=\"147\" src=\"https:\/\/podpora.nuggetsw.cz\/wp-content\/uploads\/2023\/10\/image-23.png\" alt=\"\" class=\"wp-image-6841\" srcset=\"https:\/\/podpora.nuggetsw.cz\/wp-content\/uploads\/2023\/10\/image-23.png 876w, https:\/\/podpora.nuggetsw.cz\/wp-content\/uploads\/2023\/10\/image-23-300x50.png 300w, https:\/\/podpora.nuggetsw.cz\/wp-content\/uploads\/2023\/10\/image-23-768x129.png 768w\" sizes=\"auto, (max-width: 876px) 100vw, 876px\" \/><\/figure><\/div>\n\n\n<p><strong>Sestava v CSV:<\/strong><\/p>\n\n\n<div class=\"wp-block-image\">\n<figure class=\"aligncenter size-large\"><img loading=\"lazy\" decoding=\"async\" width=\"1024\" height=\"81\" src=\"https:\/\/podpora.nuggetsw.cz\/wp-content\/uploads\/2023\/10\/image-24-1024x81.png\" alt=\"\" class=\"wp-image-6842\" srcset=\"https:\/\/podpora.nuggetsw.cz\/wp-content\/uploads\/2023\/10\/image-24-1024x81.png 1024w, https:\/\/podpora.nuggetsw.cz\/wp-content\/uploads\/2023\/10\/image-24-300x24.png 300w, https:\/\/podpora.nuggetsw.cz\/wp-content\/uploads\/2023\/10\/image-24-768x61.png 768w, https:\/\/podpora.nuggetsw.cz\/wp-content\/uploads\/2023\/10\/image-24.png 1156w\" sizes=\"auto, (max-width: 1024px) 100vw, 1024px\" \/><\/figure><\/div>\n\n\n<h2 class=\"wp-block-heading has-text-align-center\">Aktualizace kalend\u00e1\u0159\u016f<\/h2>\n\n\n\n<p>Proveden\u00ed aktualizace kalend\u00e1\u0159\u016f lze prov\u00e9st n\u00e1sleduj\u00edc\u00edmi zp\u016fsoby:<\/p>\n\n\n\n<p><strong>Nov\u00fd kalend\u00e1\u0159 bez cyklu:<\/strong> Tento zp\u016fsob je vhodn\u00fd pro nov\u011b vytvo\u0159en\u00e9 kalend\u00e1\u0159e, kter\u00e9 nemaj\u00ed nastaven\u00fd opakuj\u00edc\u00ed se cyklus. Ka\u017ed\u00fd m\u011bs\u00edc se mus\u00ed aktualizovat samostatn\u011b.<\/p>\n\n\n\n<p><strong>Aktualizace existuj\u00edc\u00edho kalend\u00e1\u0159e:<\/strong> Slou\u017e\u00ed k \u00faprav\u011b kalend\u00e1\u0159\u016f, kter\u00e9 ji\u017e byly vytvo\u0159eny a obsahuj\u00ed p\u0159edchoz\u00ed nastaven\u00ed m\u011bs\u00edc\u016f.<\/p>\n\n\n\n<p><strong>Nov\u00fd kalend\u00e1\u0159 s nasazen\u00fdm cyklem:<\/strong> Tento zp\u016fsob je ur\u010den pro nov\u00e9 kalend\u00e1\u0159e, do kter\u00fdch je pot\u0159eba zahrnout cyklus, kter\u00fd se opakuje. Cyklus umo\u017e\u0148uje opakov\u00e1n\u00ed nastaven\u00ed sm\u011bn pravideln\u011b v r\u016fzn\u00fdch obdob\u00edch.<\/p>\n\n\n\n<h2 class=\"wp-block-heading has-text-align-center\">1. Nov\u00fd kalend\u00e1\u0159 bez cyklu<\/h2>\n\n\n\n<p>Pro vytvo\u0159en\u00ed nov\u00e9ho kalend\u00e1\u0159e bez cyklu postupujte n\u00e1sledovn\u011b:<\/p>\n\n\n\n<ol class=\"wp-block-list\">\n<li><strong>Nastaven\u00ed hodnoty X:<\/strong> Ka\u017ed\u00fd m\u011bs\u00edc v kalend\u00e1\u0159i m\u00e1 hodnotu X, kter\u00e1 odpov\u00edd\u00e1 pracovn\u00ed dob\u011b zam\u011bstnanc\u016f podle jejich \u00favazku. Nap\u0159\u00edklad X m\u016f\u017ee znamenat 8 hodin v hlavn\u00edm kalend\u00e1\u0159i nebo se p\u0159izp\u016fsob\u00ed \u00favazku zam\u011bstnance podle \u00fadaj\u016f L4022 a L4023.<\/li>\n\n\n\n<li><strong>Aktualizace jednotliv\u00fdch m\u011bs\u00edc\u016f:<\/strong> Pokud je pot\u0159eba nastavit ka\u017ed\u00fd m\u011bs\u00edc samostatn\u011b, m\u016f\u017eete ozna\u010dit v\u0161echny 12 m\u011bs\u00edc\u016f a pomoc\u00ed tla\u010d\u00edtka &#8222;Upravit&#8220; otev\u0159\u00edt jejich nastaven\u00ed. V kalend\u00e1\u0159i mohou b\u00fdt n\u00e1sleduj\u00edc\u00ed hodnoty:<\/li>\n<\/ol>\n\n\n\n<ul class=\"wp-block-list\">\n<li><strong>X:<\/strong> Ozna\u010duje pracovn\u00ed den s d\u00e9lkou sm\u011bny podle \u00favazku.<\/li>\n\n\n\n<li><strong>S:<\/strong> Sobota.<\/li>\n\n\n\n<li><strong>N:<\/strong> Ned\u011ble.<\/li>\n\n\n\n<li><strong>*n\u00e1hrada za sv\u00e1tek:<\/strong> Ozna\u010duje den, kter\u00fd je n\u00e1hradou za sv\u00e1tek.<\/li>\n<\/ul>\n\n\n<div class=\"wp-block-image\">\n<figure class=\"aligncenter size-full\"><img loading=\"lazy\" decoding=\"async\" width=\"641\" height=\"318\" src=\"https:\/\/podpora.nuggetsw.cz\/wp-content\/uploads\/2023\/10\/image-28.png\" alt=\"\" class=\"wp-image-6847\" srcset=\"https:\/\/podpora.nuggetsw.cz\/wp-content\/uploads\/2023\/10\/image-28.png 641w, https:\/\/podpora.nuggetsw.cz\/wp-content\/uploads\/2023\/10\/image-28-300x149.png 300w\" sizes=\"auto, (max-width: 641px) 100vw, 641px\" \/><\/figure><\/div>\n\n\n<ol start=\"3\" class=\"wp-block-list\">\n<li><strong>\u00daprava d\u00e9lky sm\u011bn:<\/strong> P\u00edsmena X v kalend\u00e1\u0159i nahra\u010fte skute\u010dnou d\u00e9lkou sm\u011bny, kterou definujete v sekci &#8222;Definice dn\u016f&#8220;. Dny volna ozna\u010dte p\u00edsmenem V pro volno, nebo ponechte p\u00edsmena S (sobota) a N (ned\u011ble).<\/li>\n\n\n\n<li><strong>D\u00e9lka n\u00e1hrady za sv\u00e1tek:<\/strong> Pokud se st\u0159\u00edd\u00e1 d\u00e9lka sm\u011bn, ur\u010dete d\u00e9lku n\u00e1hrady za sv\u00e1tek pomoc\u00ed z\u00e1pisu nap\u0159\u00edklad *A (kde A = 7,5 hodin) nebo *B (kde B = 11 hodin) nebo *8. Pokud d\u00e9lka sm\u011bny pro sv\u00e1tek nen\u00ed specifikov\u00e1na, program automaticky pou\u017eije pr\u016fm\u011brnou d\u00e9lku dne pro proplacen\u00ed sv\u00e1tku.<\/li>\n<\/ol>\n\n\n\n<p>T\u00edmto zp\u016fsobem m\u016f\u017eete jednodu\u0161e nastavit a upravit v\u0161echny m\u011bs\u00edce v kalend\u00e1\u0159i podle aktu\u00e1ln\u00edch pot\u0159eb pracovn\u00edho pl\u00e1nu zam\u011bstnanc\u016f.<\/p>\n\n\n\n<h2 class=\"wp-block-heading has-text-align-center\">2. <strong>Aktualizace existuj\u00edc\u00edho kalend\u00e1\u0159e<\/strong><\/h2>\n\n\n<div class=\"wp-block-image\">\n<figure class=\"aligncenter size-full\"><img loading=\"lazy\" decoding=\"async\" width=\"788\" height=\"597\" src=\"https:\/\/podpora.nuggetsw.cz\/wp-content\/uploads\/2023\/10\/image-26.png\" alt=\"\" class=\"wp-image-6845\" srcset=\"https:\/\/podpora.nuggetsw.cz\/wp-content\/uploads\/2023\/10\/image-26.png 788w, https:\/\/podpora.nuggetsw.cz\/wp-content\/uploads\/2023\/10\/image-26-300x227.png 300w, https:\/\/podpora.nuggetsw.cz\/wp-content\/uploads\/2023\/10\/image-26-768x582.png 768w\" sizes=\"auto, (max-width: 788px) 100vw, 788px\" \/><\/figure><\/div>\n\n\n<p>Ozna\u010dte konkr\u00e9tn\u00ed \u0159\u00e1dek a tla\u010d\u00edtkem &#8222;Upravit&#8220; otev\u0159ete &#8222;Aktualizace m\u011bs\u00edce v kalend\u00e1\u0159i RRRR &#8211; \u010d\u00edslo&#8220;<\/p>\n\n\n<div class=\"wp-block-image\">\n<figure class=\"aligncenter size-full\"><img loading=\"lazy\" decoding=\"async\" width=\"644\" height=\"317\" src=\"https:\/\/podpora.nuggetsw.cz\/wp-content\/uploads\/2023\/10\/image-27.png\" alt=\"\" class=\"wp-image-6846\" srcset=\"https:\/\/podpora.nuggetsw.cz\/wp-content\/uploads\/2023\/10\/image-27.png 644w, https:\/\/podpora.nuggetsw.cz\/wp-content\/uploads\/2023\/10\/image-27-300x148.png 300w\" sizes=\"auto, (max-width: 644px) 100vw, 644px\" \/><\/figure><\/div>\n\n\n<p>V &#8222;Aktualizace m\u011bs\u00edce v kalend\u00e1\u0159i RRRR &#8211; \u010d\u00edslo&#8220; zm\u011b\u0148te podle &#8222;Definice dn\u016f&#8220; sm\u011bny v dan\u00e9m kalend\u00e1\u0159i. Ulo\u017ete tla\u010d\u00edtkem OK.<\/p>\n\n\n\n<h2 class=\"wp-block-heading has-text-align-center\">3. <strong>Nov\u00fd kalend\u00e1\u0159 pro nasazen\u00ed cyklu<\/strong><\/h2>\n\n\n\n<p>Pro nasazen\u00ed cyklu do nov\u00e9ho kalend\u00e1\u0159e postupujte n\u00e1sledovn\u011b:<\/p>\n\n\n\n<ol class=\"wp-block-list\">\n<li><strong>Otev\u0159en\u00ed kalend\u00e1\u0159e v seznamu:<\/strong> Vyberte konkr\u00e9tn\u00ed kalend\u00e1\u0159, kter\u00fd chcete vytvo\u0159it, a otev\u0159ete ho v seznamu kalend\u00e1\u0159\u016f.<\/li>\n\n\n\n<li><strong>Generov\u00e1n\u00ed cyklu:<\/strong> Klikn\u011bte na tla\u010d\u00edtko &#8222;Generov\u00e1n\u00ed cyklu&#8220;. Otev\u0159e se v\u00e1m okno nazvan\u00e9 &#8222;V\u00fdb\u011br cyklu pro kalend\u00e1\u0159&#8220;.<\/li>\n\n\n\n<li><strong>V\u00fdb\u011br cyklu:<\/strong> Z rozev\u00edrac\u00edho menu vyberte cyklus, kter\u00fd chcete nasadit do kalend\u00e1\u0159e. <\/li>\n<\/ol>\n\n\n<div class=\"wp-block-image\">\n<figure class=\"aligncenter size-full\"><img loading=\"lazy\" decoding=\"async\" width=\"784\" height=\"593\" src=\"https:\/\/podpora.nuggetsw.cz\/wp-content\/uploads\/2023\/10\/image-30.png\" alt=\"\" class=\"wp-image-6852\" srcset=\"https:\/\/podpora.nuggetsw.cz\/wp-content\/uploads\/2023\/10\/image-30.png 784w, https:\/\/podpora.nuggetsw.cz\/wp-content\/uploads\/2023\/10\/image-30-300x227.png 300w, https:\/\/podpora.nuggetsw.cz\/wp-content\/uploads\/2023\/10\/image-30-768x581.png 768w\" sizes=\"auto, (max-width: 784px) 100vw, 784px\" \/><\/figure><\/div>\n\n\n<ol start=\"4\" class=\"wp-block-list\">\n<li><strong>Za\u010d\u00e1tek periody:<\/strong> Ur\u010dete den, od kter\u00e9ho chcete za\u010d\u00edt cyklus v aktu\u00e1ln\u00edm m\u011bs\u00edci. Program automaticky dopo\u010d\u00edt\u00e1 cyklus zp\u011btn\u011b k prvn\u00edmu dni tohoto m\u011bs\u00edce.<\/li>\n\n\n\n<li><strong>Generovat sv\u00e1tky:<\/strong> Pokud chcete nahradit sm\u011bny sv\u00e1tky (*), za\u0161krtn\u011bte toto pol\u00ed\u010dko. Pokud pot\u0159ebujete zm\u011bnit d\u00e9lku sm\u011bn pro sv\u00e1tky, manu\u00e1ln\u011b upravte z\u00e1pis na * + \u010d\u00edslo definice dn\u016f (nap\u0159. *A pro 7,5 hodin).<\/li>\n\n\n\n<li><strong>Po\u010det let:<\/strong> Ur\u010dete, na kolik let dop\u0159edu chcete generovat tento kalend\u00e1\u0159. Doporu\u010duje se zvolit obvykle 1-2 roky.<\/li>\n\n\n\n<li><strong>Automatick\u00e9 prodlu\u017eov\u00e1n\u00ed:<\/strong> Pokud chcete, aby se kalend\u00e1\u0159 automaticky prodlu\u017eoval v\u010detn\u011b cyklu a vyrovn\u00e1vac\u00edho obdob\u00ed, za\u0161krtn\u011bte mo\u017enost Automatick\u00e9ho prodlu\u017eov\u00e1n\u00ed.<\/li>\n<\/ol>\n\n\n<div class=\"wp-block-image\">\n<figure class=\"aligncenter size-full\"><img loading=\"lazy\" decoding=\"async\" width=\"783\" height=\"593\" src=\"https:\/\/podpora.nuggetsw.cz\/wp-content\/uploads\/2023\/10\/image-31.png\" alt=\"\" class=\"wp-image-6854\" srcset=\"https:\/\/podpora.nuggetsw.cz\/wp-content\/uploads\/2023\/10\/image-31.png 783w, https:\/\/podpora.nuggetsw.cz\/wp-content\/uploads\/2023\/10\/image-31-300x227.png 300w, https:\/\/podpora.nuggetsw.cz\/wp-content\/uploads\/2023\/10\/image-31-768x582.png 768w\" sizes=\"auto, (max-width: 783px) 100vw, 783px\" \/><\/figure><\/div>\n\n\n<p>T\u00edmto zp\u016fsobem m\u016f\u017eete jednodu\u0161e a efektivn\u011b nasadit opakuj\u00edc\u00ed se cyklus do nov\u00e9ho kalend\u00e1\u0159e a automatizovat jeho prodlu\u017eov\u00e1n\u00ed do budoucnosti.<\/p>\n\n\n\n<h2 class=\"wp-block-heading has-text-align-center\"><strong>Prodlou\u017een\u00ed kalend\u00e1\u0159e na dal\u0161\u00ed rok<\/strong><\/h2>\n\n\n\n<p>Rekapitulace, p\u0159i p\u0159echodu z listopadu do prosince, kontroluje kalend\u00e1\u0159e pro n\u00e1sleduj\u00edc\u00ed rok. V p\u0159\u00edpad\u011b, kdy m\u00e1te u zam\u011bstnance nasazen\u00fd kalend\u00e1\u0159, kter\u00fd nen\u00ed otev\u0159en\u00fd pro n\u00e1sleduj\u00edc\u00ed rok, program v\u00e1m vygeneruje zpr\u00e1vu do &#8222;Zpr\u00e1vy&#8220;, ve kter\u00e9 zjist\u00edte, kter\u00fd kalend\u00e1\u0159 je pot\u0159eba prodlou\u017eit pro n\u00e1sleduj\u00edc\u00ed rok. <\/p>\n\n\n\n<p>Pro prodlou\u017een\u00ed existuj\u00edc\u00edho kalend\u00e1\u0159e na dal\u0161\u00ed rok m\u016f\u017eete postupovat t\u0159emi zp\u016fsoby:<\/p>\n\n\n\n<ol class=\"wp-block-list\">\n<li><strong>Automatick\u00e9 prodlou\u017een\u00ed<\/strong>\n<ul class=\"wp-block-list\">\n<li>Pokud u dan\u00e9ho kalend\u00e1\u0159e m\u00e1te vygenerovan\u00fd cyklus, posta\u010d\u00ed ozna\u010dit check box v &#8222;Aktualizaci kalend\u00e1\u0159e&#8220;, kter\u00fd se jmenuje &#8222;Automatick\u00e9 prodlu\u017eov\u00e1n\u00ed&#8220;. Ozna\u010dte ho a pokud nebudete m\u00edt pro dan\u00fd kalend\u00e1\u0159 otev\u0159en\u00fd n\u00e1sleduj\u00edc\u00ed rok, program v\u00e1m ho p\u0159i rekapitulaci za listopad automaticky prodlou\u017e\u00ed.<\/li>\n<\/ul>\n<\/li>\n<\/ol>\n\n\n<div class=\"wp-block-image\">\n<figure class=\"aligncenter size-full\"><img loading=\"lazy\" decoding=\"async\" width=\"148\" height=\"190\" src=\"https:\/\/podpora.nuggetsw.cz\/wp-content\/uploads\/2024\/08\/image-5.png\" alt=\"\" class=\"wp-image-8566\"\/><\/figure><\/div>\n\n\n<ol start=\"2\" class=\"wp-block-list\">\n<li><strong>Nov\u00fd z\u00e1znam<\/strong><ul><li>Pou\u017eijete u kalend\u00e1\u0159\u016f, u kter\u00fdch nem\u00e1te ulo\u017een\u00fd vygenerovan\u00fd cyklus (tzn. v tabulce seznamu kalend\u00e1\u0159\u016f m\u00e1te zapsan\u00fd vygenerovan\u00fd cyklus ve sloupci &#8222;Cyklus&#8220;).<\/li><li>Zvolte &#8222;Nov\u00fd z\u00e1znam&#8220;.<\/li><\/ul>\n<ul class=\"wp-block-list\">\n<li>Zadejte \u010d\u00edslo existuj\u00edc\u00edho kalend\u00e1\u0159e a zm\u011b\u0148te rok na nov\u00fd, kter\u00fd je\u0161t\u011b nen\u00ed pou\u017eit pro tento kalend\u00e1\u0159.<\/li>\n\n\n\n<li>Kalend\u00e1\u0159 se otev\u0159e pro aktualizaci hodnot, kde budou v\u0161echny m\u011bs\u00edce nastaveny na X, co\u017e zna\u010d\u00ed hodiny dle \u00favazku.<\/li>\n\n\n\n<li>V budoucnu je nutn\u00e9 tento kalend\u00e1\u0159 upravit podle skute\u010dn\u00e9ho sm\u011bnn\u00e9ho re\u017eimu, proto\u017ee toto prodlou\u017een\u00ed nezahrnuje p\u0159edchoz\u00ed nastaven\u00ed cyklu ani vyrovn\u00e1vac\u00edho obdob\u00ed.<\/li>\n<\/ul>\n<\/li>\n<\/ol>\n\n\n<div class=\"wp-block-image\">\n<figure class=\"aligncenter size-full\"><img loading=\"lazy\" decoding=\"async\" width=\"232\" height=\"159\" src=\"https:\/\/podpora.nuggetsw.cz\/wp-content\/uploads\/2023\/10\/kalen_novy.jpg\" alt=\"\" class=\"wp-image-6834\"\/><\/figure><\/div>\n\n<div class=\"wp-block-image\">\n<figure class=\"aligncenter size-full\"><img loading=\"lazy\" decoding=\"async\" width=\"787\" height=\"594\" src=\"https:\/\/podpora.nuggetsw.cz\/wp-content\/uploads\/2023\/10\/kalend-novy.jpg\" alt=\"\" class=\"wp-image-6835\" srcset=\"https:\/\/podpora.nuggetsw.cz\/wp-content\/uploads\/2023\/10\/kalend-novy.jpg 787w, https:\/\/podpora.nuggetsw.cz\/wp-content\/uploads\/2023\/10\/kalend-novy-300x226.jpg 300w, https:\/\/podpora.nuggetsw.cz\/wp-content\/uploads\/2023\/10\/kalend-novy-768x580.jpg 768w\" sizes=\"auto, (max-width: 787px) 100vw, 787px\" \/><\/figure><\/div>\n\n\n<ol start=\"3\" class=\"wp-block-list\">\n<li><strong>Prodlou\u017eit<\/strong>\n<ul class=\"wp-block-list\">\n<li>Tla\u010d\u00edtko &#8222;Prodlou\u017eit&#8220;\n<ul class=\"wp-block-list\">\n<li><strong>m\u016f\u017eete pou\u017e\u00edt v p\u0159\u00edpad\u011b,<\/strong> kdy\u017e m\u00e1te vygenerovan\u00fd cyklus (tzn. v tabulce seznamu kalend\u00e1\u0159\u016f m\u00e1te zapsan\u00fd vygenerovan\u00fd cyklus ve sloupci &#8222;Cyklus&#8220;.<\/li>\n\n\n\n<li><strong>nebude aktivn\u00ed<\/strong>, pokud cyklus u dan\u00e9ho kalend\u00e1\u0159e vygenerovan\u00fd nem\u00e1te (tzn. v tabulce seznamu kalend\u00e1\u0159\u016f je sloupce &#8222;Cyklus&#8220; pr\u00e1zdn\u00fd). <\/li>\n<\/ul>\n<\/li>\n\n\n\n<li>Postup p\u0159i prodlu\u017eov\u00e1n\u00ed kalend\u00e1\u0159e pomoc\u00ed tla\u010d\u00edtka &#8222;Prodlou\u017eit&#8220;:\n<ul class=\"wp-block-list\">\n<li>Ozna\u010dte kalend\u00e1\u0159 v aktu\u00e1ln\u00edm roce, kter\u00fd chcete prodlou\u017eit.<\/li>\n\n\n\n<li>Stiskn\u011bte tla\u010d\u00edtko &#8222;Prodlou\u017eit&#8220;.<\/li>\n\n\n\n<li>Kalend\u00e1\u0159 se automaticky prodlou\u017e\u00ed do n\u00e1sleduj\u00edc\u00edho roku.<\/li>\n<\/ul>\n<\/li>\n\n\n\n<li>Tento zp\u016fsob zahrnuje i ulo\u017een\u00fd cyklus a nastaven\u00e9 vyrovn\u00e1vac\u00ed obdob\u00ed, co\u017e je u\u017eite\u010dn\u00e9, pokud chcete zachovat opakuj\u00edc\u00ed se nastaven\u00ed do budoucnosti.<\/li>\n<\/ul>\n<\/li>\n<\/ol>\n\n\n\n<p>V\u0161echny zp\u016fsoby umo\u017e\u0148uj\u00ed prodlou\u017een\u00ed kalend\u00e1\u0159e na dal\u0161\u00ed rok, p\u0159i\u010dem\u017e volba z\u00e1vis\u00ed na tom, zda pot\u0159ebujete zachovat nastaven\u00ed cyklu a vyrovn\u00e1vac\u00edho obdob\u00ed nebo pokud chcete za\u010d\u00edt s nulov\u00fdm kalend\u00e1\u0159em pro dal\u0161\u00ed rok.<\/p>\n\n\n\n<h2 class=\"wp-block-heading has-text-align-center\">Do\u010dasn\u00e1 zm\u011bna kalend\u00e1\u0159e v \u010dasov\u00e9m fondu zam\u011bstnance<\/h2>\n\n\n\n<p>Do\u010dasn\u00e1 zm\u011bna kalend\u00e1\u0159e umo\u017e\u0148uje individu\u00e1ln\u00ed \u00fapravy kalend\u00e1\u0159e pro konkr\u00e9tn\u00edho zam\u011bstnance v r\u00e1mci skupiny. Tyto zm\u011bny se zapisuj\u00ed p\u0159\u00edmo do \u010dasov\u00e9ho fondu zam\u011bstnance a jsou vizu\u00e1ln\u011b ozna\u010deny zv\u00fdrazn\u011bn\u00fdm a podtr\u017een\u00fdm dnem.<\/p>\n\n\n\n<p>Pokud provedete zm\u011bnu kalend\u00e1\u0159e, je doporu\u010deno p\u0159egenerovat \u010dasov\u00fd fond zam\u011bstnance, zejm\u00e9na pokud se generuje odpracovan\u00e1 doba. T\u00edmto zp\u016fsobem se synchronizuj\u00ed nahran\u00e9 dny s aktualizovanou do\u010dasnou zm\u011bnou kalend\u00e1\u0159e. <\/p>\n\n\n<div class=\"wp-block-image\">\n<figure class=\"aligncenter size-full\"><img loading=\"lazy\" decoding=\"async\" width=\"645\" height=\"343\" src=\"https:\/\/podpora.nuggetsw.cz\/wp-content\/uploads\/2023\/10\/image-32.png\" alt=\"\" class=\"wp-image-6858\" srcset=\"https:\/\/podpora.nuggetsw.cz\/wp-content\/uploads\/2023\/10\/image-32.png 645w, https:\/\/podpora.nuggetsw.cz\/wp-content\/uploads\/2023\/10\/image-32-300x160.png 300w\" sizes=\"auto, (max-width: 645px) 100vw, 645px\" \/><\/figure><\/div>\n\n\n<p>Pokud v kalend\u00e1\u0159i existuj\u00ed nep\u0159\u00edtomnosti, je rovn\u011b\u017e nutn\u00e9 po proveden\u00ed \u00faprav v do\u010dasn\u00e9 zm\u011bn\u011b kalend\u00e1\u0159e p\u0159egenerovat tyto nep\u0159\u00edtomnosti. To zajist\u00ed, \u017ee informace o nep\u0159\u00edtomnostech budou aktu\u00e1ln\u00ed a spr\u00e1vn\u011b se budou odr\u00e1\u017eet ve sledovan\u00fdch datech.<\/p>\n\n\n\n<p>Pro kontrolu p\u0159\u00edpadn\u00fdch odchylek mezi doch\u00e1zkou a kalend\u00e1\u0159em lze pou\u017e\u00edt funkci Mzdy 2-3-4 &#8222;Kontrola \u010dasov\u00e9ho fondu&#8220; a zvolit prvn\u00ed mo\u017enost, kter\u00e1 umo\u017e\u0148uje detailn\u00ed kontrolu \u010dasov\u00e9ho fondu.<\/p>\n\n\n<div class=\"wp-block-image\">\n<figure class=\"aligncenter size-full\"><img loading=\"lazy\" decoding=\"async\" width=\"1005\" height=\"654\" src=\"https:\/\/podpora.nuggetsw.cz\/wp-content\/uploads\/2023\/10\/kalend_docasna-zmena.jpg\" alt=\"\" class=\"wp-image-6857\" srcset=\"https:\/\/podpora.nuggetsw.cz\/wp-content\/uploads\/2023\/10\/kalend_docasna-zmena.jpg 1005w, https:\/\/podpora.nuggetsw.cz\/wp-content\/uploads\/2023\/10\/kalend_docasna-zmena-300x195.jpg 300w, https:\/\/podpora.nuggetsw.cz\/wp-content\/uploads\/2023\/10\/kalend_docasna-zmena-768x500.jpg 768w\" sizes=\"auto, (max-width: 1005px) 100vw, 1005px\" \/><\/figure><\/div>\n\n\n<h2 class=\"wp-block-heading has-text-align-center\">Nasazen\u00ed kalend\u00e1\u0159e v kart\u011b zam\u011bstnance<\/h2>\n\n\n\n<p>Pro nasazen\u00ed kalend\u00e1\u0159\u016f jednotliv\u00fdm zam\u011bstnanc\u016fm do \u00fadaje L6014 \u010c\u00edslo kalend\u00e1\u0159e v syst\u00e9mu je t\u0159eba postupovat n\u00e1sledovn\u011b:<\/p>\n\n\n\n<ol class=\"wp-block-list\">\n<li><strong>Kde najdete \u00fadaj L6014 \u010c\u00edslo kalend\u00e1\u0159e:<\/strong>\n<ul class=\"wp-block-list\">\n<li>Ve mzd\u00e1ch: na kart\u011b Z\u00e1kladn\u00ed \u00fadaje (funkce 2-1-1).<\/li>\n\n\n\n<li>V personalistice: na kart\u011b Mzdov\u00e9 \u00fadaje II (funkce 1-1).<\/li>\n<\/ul>\n<\/li>\n\n\n\n<li><strong>Jak prov\u00e9st hromadn\u00e9 nasazen\u00ed nebo kontrolu kalend\u00e1\u0159\u016f:<\/strong>\n<ul class=\"wp-block-list\">\n<li>Pro hromadn\u00e9 zm\u011bny m\u016f\u017eete vyu\u017e\u00edt funkci Mzdy 2-1-4 Hromadn\u00e9 zm\u011bny pro nasazen\u00ed kalend\u00e1\u0159\u016f.<\/li>\n\n\n\n<li>Alternativn\u011b ve funkci Pers 1-4 Hromadn\u00e9 zm\u011bny, pokud prov\u00e1d\u00edte zm\u011bny v personalistice.<\/li>\n<\/ul>\n<\/li>\n<\/ol>\n\n\n<div class=\"wp-block-image\">\n<figure class=\"aligncenter size-full\"><img loading=\"lazy\" decoding=\"async\" width=\"703\" height=\"519\" src=\"https:\/\/podpora.nuggetsw.cz\/wp-content\/uploads\/2023\/10\/image-33.png\" alt=\"\" class=\"wp-image-6859\" srcset=\"https:\/\/podpora.nuggetsw.cz\/wp-content\/uploads\/2023\/10\/image-33.png 703w, https:\/\/podpora.nuggetsw.cz\/wp-content\/uploads\/2023\/10\/image-33-300x221.png 300w\" sizes=\"auto, (max-width: 703px) 100vw, 703px\" \/><\/figure><\/div>\n\n\n<h2 class=\"wp-block-heading\">Nahr\u00e1v\u00e1n\u00ed kalend\u00e1\u0159\u016f ka\u017ed\u00fd m\u011bs\u00edc pomoc\u00ed extern\u00edho souboru<\/h2>\n\n\n\n<p>Pro firmy nebo provozy, kde zam\u011bstnanci m\u011bn\u00ed kalend\u00e1\u0159e \u010dasto a v\u011bt\u0161\u00ed po\u010det osob vy\u017eaduje pru\u017enou \u00fapravu, je mo\u017en\u00e9 vyu\u017e\u00edt nahr\u00e1v\u00e1n\u00ed kalend\u00e1\u0159\u016f p\u0159es u\u017eivatelsk\u00fd program. Tento proces eliminuje ru\u010dn\u00ed \u00fapravy kalend\u00e1\u0159\u016f a zjednodu\u0161uje administrativn\u00ed pr\u00e1ci. Postup je n\u00e1sleduj\u00edc\u00ed:<\/p>\n\n\n\n<ul class=\"wp-block-list\">\n<li><strong>P\u0159\u00edprava souboru s kalend\u00e1\u0159i:<\/strong> P\u0159ed zad\u00e1v\u00e1n\u00edm doch\u00e1zky ka\u017ed\u00fd m\u011bs\u00edc p\u0159iprav\u00edte soubor obsahuj\u00edc\u00ed pl\u00e1novan\u00e9 sm\u011bny pro zam\u011bstnance. Soubor by m\u011bl obsahovat p\u0159edem definovan\u00e9 sloupce s informacemi o sm\u011bn\u00e1ch.<\/li>\n\n\n\n<li><strong>Nahr\u00e1n\u00ed souboru do programu:<\/strong> Soubor s kalend\u00e1\u0159i nahr\u00e1v\u00e1te do syst\u00e9mu pomoc\u00ed u\u017eivatelsk\u00e9ho programu, kter\u00fd podporuje tuto funkcionalitu. T\u00edmto zp\u016fsobem eliminujete pot\u0159ebu ru\u010dn\u00edch \u00faprav kalend\u00e1\u0159\u016f a zjednodu\u0161\u00edte proces m\u011bs\u00ed\u010dn\u00ed administrace.<\/li>\n<\/ul>\n\n\n\n<h3 class=\"wp-block-heading\">Dal\u0161\u00ed informace<\/h3>\n\n\n\n<p>V p\u0159\u00edpad\u011b z\u00e1jmu o tuto placenou u\u017eivatelskou zm\u011bnu nebo pot\u0159eby dal\u0161\u00edch podrobnost\u00ed kontaktujte hotline nebo sv\u00e9ho konzultanta, kte\u0159\u00ed v\u00e1m poskytnou detailn\u00ed informace o mo\u017enostech a postupech p\u0159i nahr\u00e1v\u00e1n\u00ed kalend\u00e1\u0159\u016f do syst\u00e9mu.<\/p>\n\n\n\n<p>Bli\u017e\u0161\u00ed n\u00e1vod pro nahr\u00e1v\u00e1n\u00ed souborem naleznete <a href=\"\/?p=2465\">zde<\/a>.<\/p>\n","protected":false},"excerpt":{"rendered":"<p>Kalend\u00e1\u0159e slou\u017e\u00ed k nastaven\u00ed nepravideln\u011b rozvr\u017een\u00e9 pracovn\u00ed doby, zkr\u00e1cen\u00fdch \u00favazk\u016f, kdy zam\u011bstnanec pracuje ka\u017ed\u00fd den jinak nebo m\u00e1 r\u016fznou d\u00e9lku sm\u011bn. Tak\u00e9 je vyu\u017eijete, pokud pot\u0159ebujete sledovat vyrovn\u00e1vac\u00ed obdob\u00ed. Vyrovn\u00e1vac\u00ed obdob\u00ed je obdob\u00ed, b\u011bhem kter\u00e9ho mus\u00ed zam\u011bstnanec odpracovat tolik hodin, aby v pr\u016fm\u011bru dos\u00e1hl stanoven\u00e9 t\u00fddenn\u00ed pracovn\u00ed doby. Zam\u011bstnavatel p\u0159i stanoven\u00ed vyrovn\u00e1vac\u00edho obdob\u00ed sleduje rozvr\u017een\u00ed [&hellip;]<\/p>\n","protected":false},"author":3,"featured_media":0,"template":"","format":"standard","meta":{"footnotes":""},"lsvr_kba_cat":[24,920],"lsvr_kba_tag":[],"class_list":["post-6828","lsvr_kba","type-lsvr_kba","status-publish","format-standard","hentry","lsvr_kba_cat-zakladni-nastaveni-firmy","lsvr_kba_cat-kalendare"],"_links":{"self":[{"href":"https:\/\/podpora.nuggetsw.cz\/index.php\/wp-json\/wp\/v2\/lsvr_kba\/6828","targetHints":{"allow":["GET"]}}],"collection":[{"href":"https:\/\/podpora.nuggetsw.cz\/index.php\/wp-json\/wp\/v2\/lsvr_kba"}],"about":[{"href":"https:\/\/podpora.nuggetsw.cz\/index.php\/wp-json\/wp\/v2\/types\/lsvr_kba"}],"author":[{"embeddable":true,"href":"https:\/\/podpora.nuggetsw.cz\/index.php\/wp-json\/wp\/v2\/users\/3"}],"version-history":[{"count":28,"href":"https:\/\/podpora.nuggetsw.cz\/index.php\/wp-json\/wp\/v2\/lsvr_kba\/6828\/revisions"}],"predecessor-version":[{"id":10999,"href":"https:\/\/podpora.nuggetsw.cz\/index.php\/wp-json\/wp\/v2\/lsvr_kba\/6828\/revisions\/10999"}],"wp:attachment":[{"href":"https:\/\/podpora.nuggetsw.cz\/index.php\/wp-json\/wp\/v2\/media?parent=6828"}],"wp:term":[{"taxonomy":"lsvr_kba_cat","embeddable":true,"href":"https:\/\/podpora.nuggetsw.cz\/index.php\/wp-json\/wp\/v2\/lsvr_kba_cat?post=6828"},{"taxonomy":"lsvr_kba_tag","embeddable":true,"href":"https:\/\/podpora.nuggetsw.cz\/index.php\/wp-json\/wp\/v2\/lsvr_kba_tag?post=6828"}],"curies":[{"name":"wp","href":"https:\/\/api.w.org\/{rel}","templated":true}]}}