
{"id":5285,"date":"2023-05-11T08:52:15","date_gmt":"2023-05-11T08:52:15","guid":{"rendered":"https:\/\/podpora.nuggetsw.cz\/?post_type=lsvr_kba&#038;p=5285"},"modified":"2026-02-06T18:01:53","modified_gmt":"2026-02-06T18:01:53","slug":"zamestnanec-doplatky-do-minima","status":"publish","type":"lsvr_kba","link":"https:\/\/podpora.nuggetsw.cz\/index.php\/knowledge-base\/zamestnanec-doplatky-do-minima\/","title":{"rendered":"Zam\u011bstnanec: Doplatky do minima (zdravotn\u00ed poji\u0161t\u011bn\u00ed)"},"content":{"rendered":"\n<p><strong>Platba na zdravotn\u00ed poji\u0161t\u011bn\u00ed<\/strong> je pro ka\u017ed\u00e9ho ob\u010dana \u010cesk\u00e9 republiky <strong>povinn\u00e1<\/strong>. Za zam\u011bstnance tuto \u010d\u00e1stku odv\u00e1d\u00ed zam\u011bstnavatel z jejich mzdy, OSV\u010c si hrad\u00ed poji\u0161t\u011bn\u00ed samy m\u011bs\u00ed\u010dn\u00edmi z\u00e1lohami a za n\u011bkter\u00e9 ob\u010dany plat\u00ed zdravotn\u00ed poji\u0161t\u011bn\u00ed st\u00e1t.<br>Ti <strong>zam\u011bstnanci<\/strong>, kte\u0159\u00ed si v dan\u00e9m m\u011bs\u00edci <strong>nevyd\u011blaj\u00ed alespo\u0148 v\u00fd\u0161i minim\u00e1ln\u00ed mzdy<\/strong>, <strong>musej\u00ed doplatit povinn\u00e9 zdravotn\u00ed poji\u0161t\u011bn\u00ed do minima.<\/strong><\/p>\n\n\n\n<p><strong>Doplatek na zdravotn\u00ed poji\u0161t\u011bn\u00ed mus\u00ed prov\u00e1d\u011bt zam\u011bstnanci<\/strong>, kte\u0159\u00ed <strong>nedosahuj\u00ed <\/strong>\u00farovn\u011b <strong>minim\u00e1ln\u00ed mzdy<\/strong>. Nap\u0159. p\u0159i \u010d\u00e1ste\u010dn\u00fdch \u00favazc\u00edch, zam\u011bstnanci \u010derpaj\u00edc\u00ed neplacen\u00e9 volno a nedos\u00e1hnou v dan\u00e9m m\u011bs\u00edci v\u00fd\u0161e minim\u00e1ln\u00ed mzdy.<br>Tak\u00e9 se s doplatkem na zdravotn\u00ed poji\u0161t\u011bn\u00ed mohou setkat zam\u011bstnanci pracuj\u00edc\u00ed na dohody (DPP, DP\u010c) a vyd\u011blaj\u00ed si nad z\u00e1konn\u00e9 limity, ale nedos\u00e1hnou v\u00fd\u0161e minim\u00e1ln\u00ed mzdy.<br>Tzn. \u017ee aby zam\u011bstnanec nemusel dopl\u00e1cet na zdravotn\u00ed poji\u0161t\u011bn\u00ed, jeho p\u0159\u00edjem mus\u00ed dosahovat alespo\u0148 minim\u00e1ln\u00ed mzdy (v roce 2023 17 300,-).<br><strong>\u010c\u00e1stku doplatku na zdravotn\u00edm poji\u0161t\u011bn\u00ed sraz\u00ed zam\u011bstnavatel z hrub\u00e9 mzdy zam\u011bstnance<\/strong>.<\/p>\n\n\n\n<p>Pokud m\u00e1 zam\u011bstnanec v\u00edce pracovn\u00edch \u00favazk\u016f u r\u016fzn\u00fdch zam\u011bstnavatel\u016f, zam\u011bstnanec si zvol\u00ed zam\u011bstnavatele, u kter\u00e9ho doplatek odvede. Z\u00e1rove\u0148 po\u017e\u00e1d\u00e1 dopl\u00e1cej\u00edc\u00edho zam\u011bstnavatele o potvrzen\u00ed, \u017ee je za n\u011bj hrazeno zdravotn\u00ed poji\u0161t\u011bn\u00ed. Toto potvrzen\u00ed pak p\u0159ed\u00e1 ostatn\u00edm zam\u011bstnavatel\u016fm. <\/p>\n\n\n\n<p><strong>Jedin\u00fd p\u0159\u00edpad<\/strong>, kdy <strong>za zam\u011bstnance hrad\u00ed doplatek<\/strong> do zdravotn\u00edho minima <strong>zam\u011bstnavatel<\/strong> je ten, kdy by zam\u011bstnanec nevyd\u011blal v\u00fd\u0161i minim\u00e1ln\u00ed mzdy <strong>kv\u016fli p\u0159ek\u00e1\u017ek\u00e1m na stran\u011b zam\u011bstnavatele<\/strong>.<\/p>\n\n\n\n<h2 class=\"has-text-align-center wp-block-heading\">Nastaven\u00ed v Nuggetu<\/h2>\n\n\n\n<p>Na kart\u011b zam\u011bstnance (funkce Mzdy 2-1-1) na z\u00e1lo\u017ece <strong>Mzdov\u00e9 \u00fadaje &#8211; ostatn\u00ed<\/strong>, najdete dva \u00fadaje (L4115 a L4117), kter\u00e9 se t\u00fdkaj\u00ed doplatk\u016f na ZP. Jak je to s t\u011bmito \u00fadaji a kdy dan\u00fd check box ozna\u010dit a kdy neozna\u010dit? <\/p>\n\n\n\n<div class=\"wp-block-image\"><figure class=\"aligncenter size-full\"><img loading=\"lazy\" decoding=\"async\" width=\"882\" height=\"631\" src=\"https:\/\/podpora.nuggetsw.cz\/wp-content\/uploads\/2023\/05\/Doplatky-do-minima.jpg\" alt=\"\" class=\"wp-image-5286\" srcset=\"https:\/\/podpora.nuggetsw.cz\/wp-content\/uploads\/2023\/05\/Doplatky-do-minima.jpg 882w, https:\/\/podpora.nuggetsw.cz\/wp-content\/uploads\/2023\/05\/Doplatky-do-minima-300x215.jpg 300w, https:\/\/podpora.nuggetsw.cz\/wp-content\/uploads\/2023\/05\/Doplatky-do-minima-768x549.jpg 768w\" sizes=\"auto, (max-width: 882px) 100vw, 882px\" \/><\/figure><\/div>\n\n\n\n<h3 class=\"has-text-align-center wp-block-heading\">Vysv\u011btlen\u00ed \u00fadaj\u016f<\/h3>\n\n\n\n<h2 class=\"has-text-align-center wp-block-heading\">L4115 Doplatek do minim\u00e1ln\u00edho vym\u011b\u0159ovac\u00edho z\u00e1kladu ZP &#8211; hrazen\u00fd organizac\u00ed<\/h2>\n\n\n\n<div class=\"wp-block-image\"><figure class=\"aligncenter size-full\"><img loading=\"lazy\" decoding=\"async\" width=\"369\" height=\"137\" src=\"https:\/\/podpora.nuggetsw.cz\/wp-content\/uploads\/2023\/05\/L4115.jpg\" alt=\"\" class=\"wp-image-5288\" srcset=\"https:\/\/podpora.nuggetsw.cz\/wp-content\/uploads\/2023\/05\/L4115.jpg 369w, https:\/\/podpora.nuggetsw.cz\/wp-content\/uploads\/2023\/05\/L4115-300x111.jpg 300w\" sizes=\"auto, (max-width: 369px) 100vw, 369px\" \/><\/figure><\/div>\n\n\n\n<ul class=\"wp-block-list\"><li><strong>ozna\u010den\u00edm\/neozna\u010den\u00edm tohoto check boxu ovlivn\u00edte p\u0159\u00edpadn\u00fd <\/strong>dopo\u010det zdravotn\u00edho poji\u0161t\u011bn\u00ed zam\u011bstnance do minim\u00e1ln\u00edho vym\u011b\u0159ovac\u00edho z\u00e1kladu, kter\u00e9 je <strong>hrazen\u00e9 organizac\u00ed<\/strong> <strong>dle Z\u00e1kon\u00edku pr\u00e1ce 2023 &#8211; \u00a7 207 &#8211; \u00a7 210 &#8211; P\u0159ek\u00e1\u017eky v pr\u00e1ci na stran\u011b zam\u011bstnavatele<\/strong><ul><li>pokud check box <strong>ozna\u010d\u00edte <\/strong>&#8211; dopo\u010det do minim\u00e1ln\u00ed vym\u011b\u0159ovac\u00ed z\u00e1kladny pro ZP se <strong>provede<\/strong> (hodnota 1)<\/li><li>pokud check box <strong>neozna\u010d\u00edte<\/strong> &#8211; dopo\u010det do minim\u00e1ln\u00ed vym\u011b\u0159ovac\u00ed z\u00e1kladny pro ZP se <strong>neprovede<\/strong> (hodnota 0)<\/li><\/ul><\/li><\/ul>\n\n\n\n<ul class=\"wp-block-list\"><li><strong><em>pozn\u00e1mka<\/em><\/strong>:<ul><li>dle odst. 10 Z\u00e1kona \u010d. 592\/1992 Sb.: <ul><li><em>Pokud je vym\u011b\u0159ovac\u00ed z\u00e1klad zam\u011bstnance ni\u017e\u0161\u00ed ne\u017e minim\u00e1ln\u00ed vym\u011b\u0159ovac\u00ed z\u00e1klad, je <strong>zam\u011bstnanec povinen doplatit <\/strong>zdravotn\u00ed poji\u0161\u0165ovn\u011b prost\u0159ednictv\u00edm sv\u00e9ho zam\u011bstnavatele pojistn\u00e9 ve v\u00fd\u0161i 13,5 % z rozd\u00edlu t\u011bchto z\u00e1klad\u016f.<\/em><ul><li>nap\u0159. kdy\u017e si vezme zam\u011bstnanec neplacen\u00e9 volno a dojde k doplatku do minima na ZP, tento doplatek hrad\u00ed cel\u00fd zam\u011bstnanec, nikoliv zam\u011bstnavatel, jak tomu b\u00fdv\u00e1valo d\u0159\u00edve<\/li><\/ul><\/li><li>zam\u011bstnavatel tedy hrad\u00ed zdravotn\u00ed pojistn\u00e9 za zam\u011bstnance <strong>pouze v p\u0159\u00edpadech p\u0159ek\u00e1\u017eek ze strany zam\u011bstnavatele<\/strong> (v Nuggetu v\u0161ak mus\u00edte pou\u017e\u00edt spr\u00e1vn\u00e9 mzdov\u00e9 slo\u017eky, a to 570 a\u017e 573; a d\u00e1le 575 a\u017e 578)<\/li><\/ul><\/li><\/ul><\/li><\/ul>\n\n\n\n<p><\/p>\n\n\n\n<h2 class=\"has-text-align-center wp-block-heading\">L4117 Dopo\u010det ZP do min. vym\u011b\u0159ovac\u00ed z\u00e1kladny (dopo\u010det do minim\u00e1ln\u00ed vym.z\u00e1klady pro ZP se provede)<\/h2>\n\n\n\n<div class=\"wp-block-image\"><figure class=\"aligncenter size-full\"><img loading=\"lazy\" decoding=\"async\" width=\"366\" height=\"137\" src=\"https:\/\/podpora.nuggetsw.cz\/wp-content\/uploads\/2023\/05\/L4117.jpg\" alt=\"\" class=\"wp-image-5287\" srcset=\"https:\/\/podpora.nuggetsw.cz\/wp-content\/uploads\/2023\/05\/L4117.jpg 366w, https:\/\/podpora.nuggetsw.cz\/wp-content\/uploads\/2023\/05\/L4117-300x112.jpg 300w\" sizes=\"auto, (max-width: 366px) 100vw, 366px\" \/><\/figure><\/div>\n\n\n\n<ul class=\"wp-block-list\"><li>t\u00edmto check boxem ur\u010d\u00edte, zdali zam\u011bstnanci doplat\u00edte zdravotn\u00ed poji\u0161t\u011bn\u00ed do minim\u00e1ln\u00edho vym\u011b\u0159ovac\u00edho z\u00e1kladu podle ustanoven\u00ed \u00a73 z\u00e1kona 592\/1992 Sb.<ul><li>pokud check box <strong>ozna\u010d\u00edte <\/strong>&#8211; doplatek do minim\u00e1ln\u00edho vym\u011b\u0159ovac\u00edho z\u00e1kladu <strong>provedete<\/strong> (hodnota 1)<ul><li>po v\u00fdpo\u010dtu v\u0161ech zam\u011bstnanc\u016f (funkce Mzdy 6-1) obdr\u017e\u00edte v Protokolu informaci, \u017ee &#8222;Vym\u011b\u0159ovac\u00ed z\u00e1klad odvodu ZP byl dopo\u010dten do min.hodnoty&#8220; <\/li><\/ul><\/li><li>pokud check box <strong>neozna\u010d\u00edte <\/strong>&#8211; doplatek do minim\u00e1ln\u00edho vym\u011b\u0159ovac\u00edho z\u00e1kladu <strong>neprovedete<\/strong> (hodnota 0)<ul><li>po v\u00fdpo\u010dtu v\u0161ech zam\u011bstnanc\u016f (funkce Mzdy 6-1) obdr\u017e\u00edte v Protokolu informaci, \u017ee &#8222;Vym\u011b\u0159ovac\u00ed z\u00e1klad odvodu ZP je men\u0161\u00ed ne\u017e minim\u00e1ln\u00ed&#8220;<\/li><\/ul><\/li><\/ul><\/li><\/ul>\n\n\n\n<p><\/p>\n\n\n\n<h2 class=\"has-text-align-center wp-block-heading\">Z praxe, kdy ozna\u010dit\/neozna\u010dit \u00fadaje L4115 a L4117<\/h2>\n\n\n\n<p><strong>P\u0159\u00edklad \u010d. 1<\/strong><\/p>\n\n\n\n<p>P\u0159ek\u00e1\u017eka na stran\u011b zam\u011bstnavatele dle \u00a7207 a\u017e \u00a7209, kter\u00e9 jsou zad\u00e1ny mzdov\u00fdmi slo\u017ekami 570 a\u017e 573; a d\u00e1le 575 a\u017e 578 a z\u00e1rove\u0148 v dan\u00e9m m\u011bs\u00edci zam\u011bstnanec \u010derp\u00e1 neplacen\u00e9 volno.<\/p>\n\n\n\n<ul class=\"wp-block-list\"><li>L4115 &#8211; check box ozna\u010d\u00edme<\/li><li>L4117 &#8211; check box ozna\u010d\u00edme<\/li><\/ul>\n\n\n\n<ul class=\"wp-block-list\"><li>pokud oba \u00fadaje L4115 a L4117 budou ozna\u010deny (tedy bude hodnota 1), program v dan\u00e9m m\u011bs\u00edci rozd\u011bl\u00ed dopo\u010det do minim\u00e1ln\u00edho vym\u011b\u0159ovac\u00edho z\u00e1kladu 13,5 % na doplatek zam\u011bstnavatele a zam\u011bstnance<\/li><li><strong><em>Upozorn\u011bn\u00ed<\/em><\/strong>: Jin\u00e9 mzdov\u00e9 slo\u017eky pou\u017eit\u00e9 pro n\u00e1hrady na stran\u011b zam\u011bstnavatele neprovedou rozd\u011blen\u00ed doplatku do minim\u00e1ln\u00edho vym\u011b\u0159ovac\u00edho z\u00e1kladu.<\/li><li><strong><em>Kontrola<\/em><\/strong>:<ul><li>kontrolu rozd\u011blen\u00ed lze ov\u011b\u0159it ve funkci Mzdy 8-9-1 LZ381 Zdravotn\u00ed pojistn\u00e9<\/li><\/ul><\/li><\/ul>\n\n\n\n<ul class=\"wp-block-list\"><li>\u00fahrada organizace je ukl\u00e1d\u00e1na na mzdov\u00e9m list\u011b zam\u011bstnance pod mzdovou slo\u017ekou 9201 ZP za neplacen\u00e9 zdravotn\u00ed volno.<\/li><\/ul>\n\n\n\n<p><strong>P\u0159\u00edklad \u010d. 2<\/strong><\/p>\n\n\n\n<p>Zam\u011bstnanec je cel\u00fd m\u011bs\u00edc na p\u0159ek\u00e1\u017ek\u00e1ch na zam\u011bstnavatele dle \u00a7207 a\u017e \u00a7209, kter\u00e9 jsou zad\u00e1ny mzdov\u00fdmi slo\u017ekami 570 a\u017e 573; a d\u00e1le 575 a\u017e 578. Dopo\u010det do minim\u00e1ln\u00edho vym\u011b\u0159ovac\u00edho z\u00e1kladu ZP hrad\u00ed organizace.<\/p>\n\n\n\n<p>L4115 &#8211; check box ozna\u010d\u00edme<br>L4117 &#8211; check box neozna\u010d\u00edme<\/p>\n\n\n\n<p><strong>P\u0159\u00edklad \u010d. 3<\/strong><\/p>\n\n\n\n<p>Zam\u011bstnanec u v\u00e1s pracuje na z\u00e1klad\u011b dohody o proveden\u00ed pr\u00e1ce a m\u00e1 v\u00edce zam\u011bstnavatel\u016f. <\/p>\n\n\n\n<p>a) Dodal potvrzen\u00ed od jin\u00e9ho zam\u011bstnavatele, \u017ee za n\u011bho hrad\u00ed minim\u00e1ln\u00ed vym\u011b\u0159ovac\u00ed z\u00e1klad do ZP<\/p>\n\n\n\n<p>          L4115 &#8211; check box neozna\u010d\u00edme<br>          L4117 &#8211; check box neozna\u010d\u00edme<\/p>\n\n\n\n<p>b) Potvrzen\u00ed od jin\u00e9ho zam\u011bstnavatele nedodal, proto do minim\u00e1ln\u00edho vym\u011b\u0159ovac\u00edho z\u00e1kladu budete v p\u0159\u00edpad\u011b pot\u0159eby hradit vy<\/p>\n\n\n\n<p>          L4115 &#8211; check box neozna\u010d\u00edme<br>          L4117 &#8211; check box ozna\u010d\u00edme<\/p>\n\n\n\n<p><strong>P\u0159\u00edklad \u010d. 4<\/strong><\/p>\n\n\n\n<p>Zam\u011bstnanec na hlavn\u00ed pracovn\u00ed pom\u011br, kter\u00fd je u v\u00e1s roky, m\u011bl ozna\u010den\u00fd \u00fadaj L4117 a nyn\u00ed dodal podklad, \u017ee je ve starobn\u00edm d\u016fchodu, ale nad\u00e1le u v\u00e1s bude pracovat.<\/p>\n\n\n\n<p>L4115 &#8211; check box neozna\u010d\u00edme<br>L4117 &#8211; check box neozna\u010d\u00edme (stal se st\u00e1tn\u00edm poji\u0161t\u011bncem, proto nen\u00ed pot\u0159eba dopl\u00e1cet v p\u0159\u00edpad\u011b pot\u0159eby do minima na ZP)<\/p>\n\n\n\n<p><\/p>\n\n\n\n<h4 class=\"has-text-align-center wp-block-heading\">Ustanoven\u00ed \u00a73 z\u00e1kona 592\/1992 Sb.<\/h4>\n\n\n\n<p><strong>(8) Minim\u00e1ln\u00ed vym\u011b\u0159ovac\u00ed z\u00e1klad neplat\u00ed pro osobu:<\/strong><br>\u2026<br>a) s t\u011b\u017ek\u00fdm t\u011blesn\u00fdm, smyslov\u00fdm nebo ment\u00e1ln\u00edm posti\u017een\u00edm, kter\u00e1 je dr\u017eitelem pr\u016fkazu ZTP nebo ZTP\/P podle zvl\u00e1\u0161tn\u00edho pr\u00e1vn\u00edho p\u0159edpisu);<br>b) kter\u00e1 dos\u00e1hla v\u011bku pot\u0159ebn\u00e9ho pro n\u00e1rok na starobn\u00ed d\u016fchod, av\u0161ak nespl\u0148uje dal\u0161\u00ed podm\u00ednky pro jeho p\u0159izn\u00e1n\u00ed;<br>c) kter\u00e1 celodenn\u011b osobn\u011b a \u0159\u00e1dn\u011b pe\u010duje alespo\u0148 o jedno d\u00edt\u011b do sedmi let v\u011bku nebo nejm\u00e9n\u011b o dv\u011b d\u011bti do 15 let v\u011bku. Podm\u00ednka celodenn\u00ed p\u00e9\u010de se pova\u017euje za spln\u011bnou, je-li d\u00edt\u011b p\u0159ed\u0161koln\u00edho v\u011bku um\u00edst\u011bno v jesl\u00edch (mate\u0159sk\u00e9 \u0161kole), pop\u0159\u00edpad\u011b v obdobn\u00e9m za\u0159\u00edzen\u00ed na dobu, kter\u00e1 nep\u0159evy\u0161uje \u010dty\u0159i hodiny denn\u011b, a jde-li o d\u00edt\u011b pln\u00edc\u00ed povinnou \u0161koln\u00ed doch\u00e1zku, po dobu n\u00e1v\u0161t\u011bvy \u0161koly, s v\u00fdjimkou um\u00edst\u011bn\u00ed v za\u0159\u00edzen\u00ed s t\u00fddenn\u00edm \u010di celoro\u010dn\u00edm pobytem. Za takovou osobu se pova\u017euje v\u017edy pouze jedna osoba, a to bu\u010f otec nebo matka d\u00edt\u011bte, nebo osoba, kter\u00e1 p\u0159evzala d\u00edt\u011b do trval\u00e9 p\u00e9\u010de nahrazuj\u00edc\u00ed p\u00e9\u010di rodi\u010d\u016f;<br>d) kter\u00e1 sou\u010dasn\u011b vedle zam\u011bstn\u00e1n\u00ed vykon\u00e1v\u00e1 samostatnou v\u00fdd\u011ble\u010dnou \u010dinnost a odv\u00e1d\u00ed z\u00e1lohy na pojistn\u00e9 vypo\u010dten\u00e9 alespo\u0148 z minim\u00e1ln\u00edho vym\u011b\u0159ovac\u00edho z\u00e1kladu stanoven\u00e9ho pro osoby samostatn\u011b v\u00fdd\u011ble\u010dn\u011b \u010dinn\u00e9,<br>e) za kterou je pl\u00e1tcem pojistn\u00e9ho st\u00e1t,<br>f) kter\u00e1 je pouze p\u0159\u00edjemcem odm\u011bny p\u011bstouna,<br>pokud tyto skute\u010dnosti trvaj\u00ed po cel\u00e9 rozhodn\u00e9 obdob\u00ed. Vym\u011b\u0159ovac\u00edm z\u00e1kladem u t\u011bchto zam\u011bstnanc\u016f je jejich skute\u010dn\u00fd p\u0159\u00edjem.<br>\u2026<br><strong>(10) Pokud je vym\u011b\u0159ovac\u00ed z\u00e1klad zam\u011bstnance ni\u017e\u0161\u00ed ne\u017e minim\u00e1ln\u00ed vym\u011b\u0159ovac\u00ed z\u00e1klad, je zam\u011bstnanec povinen doplatit zdravotn\u00ed poji\u0161\u0165ovn\u011b prost\u0159ednictv\u00edm sv\u00e9ho zam\u011bstnavatele pojistn\u00e9 ve v\u00fd\u0161i 13,5 % z rozd\u00edlu t\u011bchto z\u00e1klad\u016f.<\/strong> M\u00e1-li zam\u011bstnanec v\u00edce zam\u011bstnavatel\u016f, je povinen doplatit pojistn\u00e9 podle p\u0159edchoz\u00ed v\u011bty prost\u0159ednictv\u00edm toho zam\u011bstnavatele, kter\u00e9ho si zvol\u00ed, a to v\u017edy sou\u010dasn\u011b s odvodem pojistn\u00e9ho v n\u00e1sleduj\u00edc\u00edm kalend\u00e1\u0159n\u00edm m\u011bs\u00edci. Pokud je vym\u011b\u0159ovac\u00ed z\u00e1klad ni\u017e\u0161\u00ed z d\u016fvod\u016f p\u0159ek\u00e1\u017eek na stran\u011b organizace,16) je tento rozd\u00edl povinen doplatit zam\u011bstnavatel.<\/p>\n\n\n\n<p class=\"has-text-align-right\">&#8230; cel\u00e9 zn\u011bn\u00ed z\u00e1kona nap\u0159. <a href=\"https:\/\/www.zakonyprolidi.cz\/cs\/1992-592\" target=\"_blank\" rel=\"noreferrer noopener\">zde<\/a><\/p>\n\n\n\n<p><br><\/p>\n","protected":false},"excerpt":{"rendered":"<p>Platba na zdravotn\u00ed poji\u0161t\u011bn\u00ed je pro ka\u017ed\u00e9ho ob\u010dana \u010cesk\u00e9 republiky povinn\u00e1. Za zam\u011bstnance tuto \u010d\u00e1stku odv\u00e1d\u00ed zam\u011bstnavatel z jejich mzdy, OSV\u010c si hrad\u00ed poji\u0161t\u011bn\u00ed samy m\u011bs\u00ed\u010dn\u00edmi z\u00e1lohami a za n\u011bkter\u00e9 ob\u010dany plat\u00ed zdravotn\u00ed poji\u0161t\u011bn\u00ed st\u00e1t.Ti zam\u011bstnanci, kte\u0159\u00ed si v dan\u00e9m m\u011bs\u00edci nevyd\u011blaj\u00ed alespo\u0148 v\u00fd\u0161i minim\u00e1ln\u00ed mzdy, musej\u00ed doplatit povinn\u00e9 zdravotn\u00ed poji\u0161t\u011bn\u00ed do minima. Doplatek na [&hellip;]<\/p>\n","protected":false},"author":3,"featured_media":0,"template":"","format":"standard","meta":{"footnotes":""},"lsvr_kba_cat":[949],"lsvr_kba_tag":[],"class_list":["post-5285","lsvr_kba","type-lsvr_kba","status-publish","format-standard","hentry","lsvr_kba_cat-karta-zamestnance"],"_links":{"self":[{"href":"https:\/\/podpora.nuggetsw.cz\/index.php\/wp-json\/wp\/v2\/lsvr_kba\/5285","targetHints":{"allow":["GET"]}}],"collection":[{"href":"https:\/\/podpora.nuggetsw.cz\/index.php\/wp-json\/wp\/v2\/lsvr_kba"}],"about":[{"href":"https:\/\/podpora.nuggetsw.cz\/index.php\/wp-json\/wp\/v2\/types\/lsvr_kba"}],"author":[{"embeddable":true,"href":"https:\/\/podpora.nuggetsw.cz\/index.php\/wp-json\/wp\/v2\/users\/3"}],"version-history":[{"count":4,"href":"https:\/\/podpora.nuggetsw.cz\/index.php\/wp-json\/wp\/v2\/lsvr_kba\/5285\/revisions"}],"predecessor-version":[{"id":5833,"href":"https:\/\/podpora.nuggetsw.cz\/index.php\/wp-json\/wp\/v2\/lsvr_kba\/5285\/revisions\/5833"}],"wp:attachment":[{"href":"https:\/\/podpora.nuggetsw.cz\/index.php\/wp-json\/wp\/v2\/media?parent=5285"}],"wp:term":[{"taxonomy":"lsvr_kba_cat","embeddable":true,"href":"https:\/\/podpora.nuggetsw.cz\/index.php\/wp-json\/wp\/v2\/lsvr_kba_cat?post=5285"},{"taxonomy":"lsvr_kba_tag","embeddable":true,"href":"https:\/\/podpora.nuggetsw.cz\/index.php\/wp-json\/wp\/v2\/lsvr_kba_tag?post=5285"}],"curies":[{"name":"wp","href":"https:\/\/api.w.org\/{rel}","templated":true}]}}