
{"id":1403,"date":"2025-05-05T15:55:00","date_gmt":"2025-05-05T15:55:00","guid":{"rendered":"https:\/\/podpora.nuggetsw.cz\/?post_type=lsvr_kba&#038;p=1403"},"modified":"2026-02-06T17:29:13","modified_gmt":"2026-02-06T17:29:13","slug":"dovolena-od-roku-2021","status":"publish","type":"lsvr_kba","link":"https:\/\/podpora.nuggetsw.cz\/index.php\/knowledge-base\/dovolena-od-roku-2021\/","title":{"rendered":"Dovolen\u00e1: Dovolen\u00e1 v hodin\u00e1ch"},"content":{"rendered":"\n<p><strong>Dovolen\u00e1<\/strong> p\u0159edstavuje placen\u00e9 volno, na kter\u00e9 m\u00e1 zam\u011bstnanec ze z\u00e1kona n\u00e1rok. Slou\u017e\u00ed k odpo\u010dinku b\u011bhem roku a jej\u00ed rozsah se odv\u00edj\u00ed od d\u00e9lky pracovn\u00edho pom\u011bru a rozsahu \u00favazku.<\/p>\n\n\n\n<p>Dovolen\u00e1 se odvozuje od <strong>odpracovan\u00e9 doby p\u0159epo\u010dten\u00e9 na t\u00fddny<\/strong> a <strong>po\u010d\u00edt\u00e1 se v hodin\u00e1ch<\/strong>, co\u017e umo\u017e\u0148uje p\u0159esn\u011bj\u0161\u00ed zohledn\u011bn\u00ed d\u00e9lky sm\u011bn, zejm\u00e9na u zam\u011bstnanc\u016f s <strong>nerovnom\u011brn\u011b rozvr\u017eenou pracovn\u00ed dobou<\/strong> nebo <strong>zkr\u00e1cen\u00fdmi \u00favazky<\/strong>.<br>Tento princip byl zaveden v r\u00e1mci zm\u011bny legislativy v roce <strong>2021<\/strong>.<\/p>\n\n\n\n<p>Od <strong>1. 6. 2025<\/strong> nav\u00edc plat\u00ed, \u017ee podle tzv. <strong>flexinovely<\/strong> lze <strong>dovolenou nav\u00e1zat na v\u00edce pracovn\u00edch pom\u011br\u016f<\/strong> u jednoho zam\u011bstnavatele. To umo\u017e\u0148uje efektivn\u011bj\u0161\u00ed spr\u00e1vu n\u00e1rok\u016f u zam\u011bstnanc\u016f, kte\u0159\u00ed maj\u00ed v\u00edce soub\u011b\u017en\u00fdch pracovn\u00edch vztah\u016f.<\/p>\n\n\n\n<p>Pokud <strong>pracovn\u00ed pom\u011br trv\u00e1 cel\u00fd kalend\u00e1\u0159n\u00ed rok<\/strong> (52 t\u00fddn\u016f) a zam\u011bstnanec jej cel\u00fd <strong>odpracuje<\/strong>, vznik\u00e1 n\u00e1rok na <strong>plnou dovolenou za rok<\/strong>.<br>Pokud <strong>netrv\u00e1 cel\u00fd rok<\/strong>, n\u00e1rok se kr\u00e1t\u00ed \u2013 vypo\u010d\u00edt\u00e1v\u00e1 se <strong>pom\u011brn\u00e1 \u010d\u00e1st dovolen\u00e9<\/strong> podle tzv. <strong>zapo\u010ditateln\u00fdch t\u00fddn\u016f<\/strong>.<\/p>\n\n\n\n<p>Na konci roku se m\u016f\u017ee st\u00e1t, \u017ee zam\u011bstnanec <strong>p\u0159e\u010derp\u00e1 dovolenou<\/strong>, proto\u017ee syst\u00e9m vyhodnocuje n\u00e1rok pr\u016fb\u011b\u017en\u011b. V takov\u00e9m p\u0159\u00edpad\u011b je mo\u017en\u00e9 p\u0159e\u010derp\u00e1n\u00ed <strong>vr\u00e1tit ru\u010dn\u00ed korekc\u00ed<\/strong> \u2013 viz n\u00ed\u017ee odstavec <em>P\u0159e\u010derpan\u00e1 dovolen\u00e1<\/em>.<\/p>\n\n\n\n<p><strong>Vypo\u0159\u00e1d\u00e1n\u00ed dovolen\u00e9<\/strong> (finan\u010dn\u00ed n\u00e1hrada) je mo\u017en\u00e9 <strong>pouze v m\u011bs\u00edci<\/strong>, kdy zam\u011bstnanci <strong>kon\u010d\u00ed pracovn\u00ed pom\u011br<\/strong>.<\/p>\n\n\n\n<h2 class=\"wp-block-heading has-text-align-center\">Ro\u010dn\u00ed dovolen\u00e1 v hodin\u00e1ch: p\u0159ehled podle \u00favazku a t\u00fddn\u016f dovolen\u00e9<\/h2>\n\n\n\n<p>V\u00fd\u0161e ro\u010dn\u00edho n\u00e1roku dovolen\u00e9 v hodin\u00e1ch z\u00e1vis\u00ed na d\u00e9lce <strong>t\u00fddenn\u00edho \u00favazku<\/strong> a na tom, <strong>kolik hodin zam\u011bstnanec skute\u010dn\u011b odpracuje<\/strong>. Pokud zam\u011bstnanec za rok <strong>odpracuje m\u00e9n\u011b<\/strong>, ne\u017e odpov\u00edd\u00e1 jeho \u00favazku, n\u00e1rok na dovolenou se <strong>kr\u00e1t\u00ed<\/strong>. Naopak p\u0159i vy\u0161\u0161\u00edm po\u010dtu odpracovan\u00fdch hodin se n\u00e1rok m\u016f\u017ee <strong>zv\u00fd\u0161it<\/strong>.<\/p>\n\n\n\n<p><strong>Z\u00e1kladn\u00ed v\u00fdpo\u010dty pro rok 2026 p\u0159i r\u016fzn\u00fdch t\u00fddenn\u00edch \u00favazc\u00edch uv\u00e1d\u00ed n\u00e1sleduj\u00edc\u00ed tabulka<\/strong>:<\/p>\n\n\n\n<figure class=\"wp-block-table is-style-stripes\"><table class=\"has-fixed-layout\"><tbody><tr><td>T\u00fddenn\u00ed pracovn\u00ed doba &#8211; pracovn\u00ed re\u017eim<\/td><td>Z\u00e1konn\u00fd t\u00fddenn\u00ed \u00favazek<\/td><td>Ro\u010dn\u00ed pracovn\u00ed fond v\u010d. sv\u00e1tk\u016f (celkem hodin za rok)<\/td><td>Ro\u010dn\u00ed n\u00e1rok dovolen\u00e9 zam\u011bstnance v hodin\u00e1ch p\u0159i ro\u010dn\u00edm n\u00e1roku<\/td><td><\/td><\/tr><tr><td><\/td><td><\/td><td><\/td><td>4 t\u00fddny<\/td><td>5 t\u00fddn\u016f<\/td><\/tr><tr><td>jednosm\u011bnn\u00fd (z\u00e1kladn\u00ed)<\/td><td>40<\/td><td>2088<\/td><td>160<\/td><td>200<\/td><\/tr><tr><td>dvousm\u011bnn\u00fd<\/td><td>38,75<\/td><td>2022,75<\/td><td>155<\/td><td>194<\/td><\/tr><tr><td>t\u0159\u00edsm\u011bnn\u00fd a nep\u0159etr\u017eit\u00fd<\/td><td>37,5<\/td><td>1957,5<\/td><td>150<\/td><td>188<\/td><\/tr><\/tbody><\/table><\/figure>\n\n\n\n<h2 class=\"wp-block-heading has-text-align-center\">Co je d\u016fle\u017eit\u00e9 m\u00edt spr\u00e1vn\u011b nastaveno v syst\u00e9mu Nugget pro spr\u00e1vn\u00fd v\u00fdpo\u010det dovolen\u00e9<\/h2>\n\n\n\n<ol class=\"wp-block-list\">\n<li>Ro\u010dn\u00ed n\u00e1rok dovolen\u00e9 v t\u00fddnech ve funkci <strong>Mzdy 2-7-1, z\u00e1lo\u017eka &#8222;Dovolen\u00e1&#8220;, \u00fadaj &#8222;N\u00e1rok na dovolenou v organizaci&#8220;<\/strong>.\n<ul class=\"wp-block-list\">\n<li>Pokud m\u00e1 organizace r\u016fzn\u00fd n\u00e1rok (nap\u0159. 4 a 5 t\u00fddn\u016f), doporu\u010dujeme nasadit <strong>ni\u017e\u0161\u00ed hodnotu<\/strong> a u konkr\u00e9tn\u00edch zam\u011bstnanc\u016f upravit \u00fadaj <strong>L3322 \u201eN\u00e1rok na \u0159\u00e1dnou dovolenou\u201c<\/strong> ru\u010dn\u011b.<\/li>\n<\/ul>\n<\/li>\n\n\n\n<li><strong>\u00davazek zam\u011bstnance<\/strong> \u2013 zkontrolujte \u00fadaje <strong>L4022 \u201eZ\u00e1konn\u00fd t\u00fddenn\u00ed pracovn\u00ed \u00favazek\u201c<\/strong> a <strong>L4023 \u201eJin\u00fd t\u00fddenn\u00ed pracovn\u00ed \u00favazek\u201c<\/strong>. Tyto \u00fadaje se zad\u00e1vaj\u00ed v kmenov\u00e9 kart\u011b zam\u011bstnance, ve funkc\u00edch:\n<ul class=\"wp-block-list\">\n<li><strong>Mzdy 2-1-1 &#8222;Dopln\u011bn\u00ed nebo oprava v\u011bty&#8220;<\/strong> nebo <\/li>\n\n\n\n<li><strong>Pers 1-1 &#8222;Aktualizace person\u00e1ln\u00edch \u00fadaj\u016f<\/strong>&#8222;<\/li>\n<\/ul>\n<\/li>\n\n\n\n<li><strong>Spr\u00e1vn\u011b p\u0159i\u0159azen\u00fd kalend\u00e1\u0159<\/strong> \u2013 ve funkci <strong>Mzdy 2-5<\/strong>. Kalend\u00e1\u0159 mus\u00ed odpov\u00eddat re\u00e1ln\u00e9mu rozvr\u017een\u00ed pracovn\u00ed doby zam\u011bstnance.<\/li>\n\n\n\n<li><strong>\u010casov\u00fd fond v \u00fa\u010detn\u00edm obdob\u00ed<\/strong> \u2013 mus\u00ed b\u00fdt zad\u00e1n kompletn\u00ed, jinak dojde k chybn\u00e9mu p\u0159epo\u010dtu dovolen\u00e9. Funkce <strong>Mzdy 2-3-1 \u2013 Dopln\u011bn\u00ed nebo oprava v\u011bty<\/strong>.<\/li>\n<\/ol>\n\n\n\n<h2 class=\"wp-block-heading has-text-align-center\">Kontrola kl\u00ed\u010dov\u00fdch \u00fadaj\u016f pro spr\u00e1vn\u00fd v\u00fdpo\u010det dovolen\u00e9 v Nuggetu<\/h2>\n\n\n\n<p>Pro spr\u00e1vn\u00e9 fungov\u00e1n\u00ed v\u00fdpo\u010dtu dovolen\u00e9 je pot\u0159eba zkontrolovat n\u00e1sleduj\u00edc\u00ed \u00fadaje v <strong>kmenov\u00e9 kart\u011b zam\u011bstnance<\/strong> ve funkci <strong>Mzdy 2-1-1 &#8222;Dopln\u011bn\u00ed nebo oprava v\u011bty&#8220;<\/strong>:<\/p>\n\n\n\n<ol class=\"wp-block-list\">\n<li><strong>L3322 &#8222;N\u00e1rok na dovolenou<\/strong>&#8220;\n<ul class=\"wp-block-list\">\n<li>Zad\u00e1v\u00e1 se v <strong>t\u00fddnech <\/strong>(nap\u0159. 4 nebo 5 t\u00fddn\u016f ro\u010dn\u011b)<\/li>\n<\/ul>\n<\/li>\n\n\n\n<li><strong>L3338 &#8222;Kumulativn\u00ed fond zam\u011bstnance pro dovolenou<\/strong>&#8220;\n<ul class=\"wp-block-list\">\n<li>Ud\u00e1v\u00e1 po\u010det hodin, kter\u00e9 m\u011bl zam\u011bstnanec <strong>od za\u010d\u00e1tku roku odpracovat<\/strong>.<\/li>\n\n\n\n<li>Vzorec: <em>kalend\u00e1\u0159n\u00ed dny \u00d7 \u00favazek \u00f7 5<\/em><\/li>\n\n\n\n<li>P\u0159\u00edklad:\n<ul class=\"wp-block-list\">\n<li>Zam\u011bstnanec m\u011bl do b\u0159ezna \u00favazek 30 hodin t\u00fddn\u011b, od dubna 20 hodin t\u00fddn\u011b. Jsme v \u00fa\u010detn\u00edm obdob\u00ed 05\/2021:<\/li>\n\n\n\n<li>[((31+28+31) * 30) + (30 * 20)] \/ 5 => (2700 + 600) \/ 5 => 660<\/li>\n<\/ul>\n<\/li>\n<\/ul>\n<\/li>\n\n\n\n<li><strong>L4303 &#8222;\u010c\u00e1ste\u010dn\u011b zapo\u010ditateln\u00e1 doba<\/strong>&#8220;\n<ul class=\"wp-block-list\">\n<li>Hodiny, kter\u00e9 zam\u011bstnanec <strong>neodpracoval<\/strong> z d\u016fvodu nap\u0159. nemoci, karant\u00e9ny, neplacen\u00e9ho volna nebo vazby.<\/li>\n<\/ul>\n<\/li>\n\n\n\n<li><strong>L4304 &#8222;Pln\u011b zapo\u010ditateln\u00e1 doba<\/strong>&#8220;\n<ul class=\"wp-block-list\">\n<li>Hodiny, kter\u00e9 se <strong>zapo\u010d\u00edt\u00e1vaj\u00ed jako odpracovan\u00e1 doba<\/strong> pro \u00fa\u010dely n\u00e1roku na dovolenou.<\/li>\n<\/ul>\n<\/li>\n<\/ol>\n\n\n\n<p><em>Pozn\u00e1mka<\/em>: <strong>Sou\u010det hodnot L4303 a L4304 by m\u011bl b\u00fdt v\u017edy roven fondu pracovn\u00ed doby zam\u011bstnance!<\/strong><\/p>\n\n\n\n<h4 class=\"wp-block-heading\">\u00daprava \u00fadaj\u016f pomoc\u00ed mzdov\u00fdch slo\u017eek<\/h4>\n\n\n\n<p>Pokud je pot\u0159eba hodnoty L4303 nebo L4304 upravit, pou\u017eijte k tomu ur\u010den\u00e9 mzdov\u00e9 slo\u017eky:<\/p>\n\n\n\n<ul class=\"wp-block-list\">\n<li>Pro <strong>L4304 (odpracovan\u00e1 doba)<\/strong>: pou\u017eijte <strong>MS 921 \u2013 Odpracovan\u00e1 doba<\/strong><\/li>\n\n\n\n<li>Pro <strong>L4303 (\u010d\u00e1ste\u010dn\u011b zapo\u010ditateln\u00e1 doba)<\/strong>: pou\u017eijte <strong>MS 925 \u2013 Korekce L430<\/strong><\/li>\n<\/ul>\n\n\n\n<h2 class=\"wp-block-heading has-text-align-center\">\u00dadaje pro navazov\u00e1n\u00ed dovolen\u00e9<\/h2>\n\n\n\n<ul class=\"wp-block-list\">\n<li><strong>Parametr L3340 \u201eNepropl\u00e1cet dovolenou p\u0159i v\u00fdstupu\u201c<\/strong>: Najdete v Personalistice i ve Mzd\u00e1ch na z\u00e1lo\u017ece Dovolen\u00e1.<\/li>\n\n\n\n<li><strong>Funk\u010dn\u00ed tla\u010d\u00edtko \u201eNavazuje na p\u0159edch. PP\u201c<\/strong>: Dostupn\u00e9 pouze ve Mzd\u00e1ch na z\u00e1lo\u017ece Dovolen\u00e1.<\/li>\n\n\n\n<li><strong>Nov\u00e9 \u00fadaje v sekci &#8222;\u00dadaje z p\u0159edchoz\u00edho pracovn\u00edho pom\u011bru&#8220;, <\/strong>konkr\u00e9tn\u011b \u00fadaje:<strong> <\/strong>\n<ul class=\"wp-block-list\">\n<li><strong>L4304B &#8222;Pln\u011b zapo\u010ditateln\u00e9 doby pro dovolenou&#8220;<\/strong><\/li>\n\n\n\n<li><strong>L4303B &#8222;\u010c\u00e1ste\u010dn\u011b zapo\u010ditateln\u00e9 doby pro dovolenou&#8220;<\/strong><\/li>\n\n\n\n<li><strong>L3338B &#8222;Kumulativn\u00ed \u00favazek pro dovolenou&#8220;<\/strong><\/li>\n\n\n\n<li><strong>L3334B &#8222;Korekce (+ p\u0159eveden\u00e1, &#8211; vy\u010derpan\u00e1)&#8220; <\/strong><\/li>\n\n\n\n<li><strong>L3341<\/strong> <strong>&#8222;Po\u010det kalend\u00e1\u0159n\u00edch dn\u016f p\u0159edchoz\u00edho pracovn\u00edho pom\u011bru&#8220;<\/strong><\/li>\n<\/ul>\n<\/li>\n\n\n\n<li><strong>L3332 &#8222;Alikvotn\u00ed n\u00e1rok na dovolenou<\/strong>&#8220; &#8211; \u00dadaj bude zn\u00e1zor\u0148ovat alikv\u00f3tn\u00ed n\u00e1rok na dovolenou vypo\u010d\u00edtan\u00fd z hodnot obou navazuj\u00edc\u00edch pracovn\u00edch pom\u011br\u016f se zohledn\u011bn\u00edm korekce a vy\u010derpan\u00e9 dovolen\u00e9 z ukon\u010den\u00e9ho PP.<\/li>\n<\/ul>\n\n\n\n<h2 class=\"wp-block-heading has-text-align-center\">Jak pracovat s navazov\u00e1n\u00edm PP<\/h2>\n\n\n\n<ol class=\"wp-block-list\">\n<li><strong>U kon\u010d\u00edc\u00edho pracovn\u00edho pom\u011bru za\u0161krtn\u011bte parametr L3340 \u201eNepropl\u00e1cet dovolenou p\u0159i v\u00fdstupu\u201c.<\/strong>\n<ul class=\"wp-block-list\">\n<li>Nevy\u010derpan\u00e1 dovolen\u00e1 nebude proplacena a bude mo\u017en\u00e9 ji nav\u00e1zat na nov\u00fd pracovn\u00ed pom\u011br.<\/li>\n\n\n\n<li>Tento \u00fadaj najdete jak v Personalistice, tak ve Mzd\u00e1ch.<\/li>\n\n\n\n<li>V protokolu k v\u00fdpo\u010dtu se zobraz\u00ed hl\u00e1\u0161ka: \u201e<strong>Neproplacen\u00e1 dovolen\u00e1 z d\u016fvodu potla\u010den\u00ed \u00fadajem L3340.<\/strong>\u201c<\/li>\n<\/ul>\n<\/li>\n\n\n\n<li><strong>U nov\u00e9ho (navazuj\u00edc\u00edho) pracovn\u00edho pom\u011bru ve Mzd\u00e1ch na z\u00e1lo\u017ece Dovolen\u00e1 klikn\u011bte na tla\u010d\u00edtko \u201eNavazuje na p\u0159edch. PP\u201c.<\/strong>\n<ul class=\"wp-block-list\">\n<li>Zobraz\u00ed se p\u0159ehled pracovn\u00edch pom\u011br\u016f zam\u011bstnance.<\/li>\n\n\n\n<li>Vyberte pracovn\u00ed pom\u011br, ze kter\u00e9ho chcete p\u0159ev\u00e9st hodnoty pro v\u00fdpo\u010det dovolen\u00e9.<\/li>\n\n\n\n<li>Hodnoty se p\u0159evedou do \u00fadaj\u016f <strong>L4304B, L4303B, L3338B, L3341<\/strong> z p\u0159edchoz\u00edho ukon\u010den\u00e9ho pom\u011bru.<\/li>\n\n\n\n<li>\u00dadaj <strong>L3334B<\/strong> obsahuje korekce: p\u0159evedenou dovolenou z minul\u00e9ho a p\u0159edminul\u00e9ho roku a vy\u010derpanou dovolenou z ukon\u010den\u00e9ho pracovn\u00edho pom\u011bru.<\/li>\n<\/ul>\n<\/li>\n<\/ol>\n\n\n\n<h2 class=\"wp-block-heading\">Jak postupovat p\u0159i v\u00fdpo\u010dtu n\u00e1roku dovolen\u00e9 krok za krokem<\/h2>\n\n\n\n<h4 class=\"wp-block-heading has-text-align-center\">1. Spo\u010d\u00edt\u00e1me pr\u016fm\u011brn\u00fd t\u00fddenn\u00ed \u00favazek zam\u011bstnance (v\u00e1\u017een\u00fd pr\u016fm\u011br)<\/h4>\n\n\n\n<ul class=\"wp-block-list\">\n<li>Tento pr\u016fm\u011br slou\u017e\u00ed pro v\u00fdpo\u010det dovolen\u00e9 i pro stanoven\u00ed 12n\u00e1sobku a 20n\u00e1sobku t\u00fddenn\u00ed pracovn\u00ed doby, podle kter\u00fdch se posuzuje zapo\u010ditatelnost doby do n\u00e1roku na dovolenou.<\/li>\n\n\n\n<li><strong>V\u00fdpo\u010det:<\/strong>\n<ul class=\"wp-block-list\">\n<li><strong>(po\u010det kalend\u00e1\u0159n\u00edch dn\u016f * \u00favazek) \/ 365 (po\u010det dn\u016f v roce) = pr\u016fm\u011brn\u00fd t\u00fddenn\u00ed \u00favazek<\/strong><\/li>\n<\/ul>\n<\/li>\n<\/ul>\n\n\n\n<h4 class=\"wp-block-heading has-text-align-center\">2. Posouzen\u00ed 12n\u00e1sobku a 20n\u00e1sobku pr\u016fm\u011brn\u00e9ho t\u00fddenn\u00edho \u00favazku pro zapo\u010ditatelnost<\/h4>\n\n\n\n<ul class=\"wp-block-list\">\n<li>N\u00e1rok na dovolenou se po\u010d\u00edt\u00e1 podle odpracovan\u00e9 nebo pl\u00e1novan\u00e9 pracovn\u00ed doby.<\/li>\n\n\n\n<li><strong>\u010c\u00e1ste\u010dn\u011b zapo\u010ditateln\u00e1 doba<\/strong> jsou p\u0159ek\u00e1\u017eky v pr\u00e1ci, jako jsou DPN (s v\u00fdjimkou pracovn\u00edho \u00farazu a nemoci z povol\u00e1n\u00ed), karant\u00e9na, rodi\u010dovsk\u00e1 dovolen\u00e1, neplacen\u00e9 volno, vazba a v\u00fdkon trestu.<\/li>\n\n\n\n<li>Pokud zam\u011bstnanec v kalend\u00e1\u0159n\u00edm roce odpracuje alespo\u0148 <strong>12n\u00e1sobek sv\u00e9ho pr\u016fm\u011brn\u00e9ho t\u00fddenn\u00edho \u00favazku<\/strong>, zapo\u010d\u00edtaj\u00ed se do odpracovan\u00e9 doby tak\u00e9 tyto nep\u0159\u00edtomnosti, maxim\u00e1ln\u011b v\u0161ak v rozsahu <strong>20n\u00e1sobku pr\u016fm\u011brn\u00e9ho t\u00fddenn\u00edho \u00favazku<\/strong>.<\/li>\n\n\n\n<li>V syst\u00e9mu Nugget se tato doba eviduje v \u00fadaji <strong>L4303 \u2013 \u010c\u00e1ste\u010dn\u011b zapo\u010ditateln\u00e9 doby pro dovolenou<\/strong>.<\/li>\n\n\n\n<li>U standardn\u00edho 40hodinov\u00e9ho \u00favazku je maxim\u00e1ln\u00ed hodnota 800 hodin.<\/li>\n<\/ul>\n\n\n\n<p><strong>V\u00fdpo\u010det limit\u016f:<\/strong><\/p>\n\n\n\n<ul class=\"wp-block-list\">\n<li>pr\u016fm\u011brn\u00fd t\u00fddenn\u00ed \u00favazek \u00d7 12 = <strong>limit, kter\u00fd mus\u00ed zam\u011bstnanec odpracovat, aby se nep\u0159\u00edtomnosti zapo\u010d\u00edtaly do odpracovan\u00e9 doby<\/strong><\/li>\n\n\n\n<li>pr\u016fm\u011brn\u00fd t\u00fddenn\u00ed \u00favazek \u00d7 20 = <strong>maxim\u00e1ln\u00ed d\u00e9lka nep\u0159\u00edtomnost\u00ed v hodin\u00e1ch, kter\u00e1 se p\u0159i\u010d\u00edt\u00e1 k odpracovan\u00e9 dob\u011b<\/strong> (pokud zam\u011bstnanec chyb\u00ed m\u00e9n\u011b, samoz\u0159ejm\u011b se p\u0159i\u010d\u00edt\u00e1 m\u00e9n\u011b)<\/li>\n<\/ul>\n\n\n\n<h4 class=\"wp-block-heading has-text-align-center\">3. Po\u010det odpracovan\u00fdch t\u00fddn\u016f<\/h4>\n\n\n\n<ul class=\"wp-block-list\">\n<li>Po\u010det t\u00fddn\u016f vych\u00e1z\u00ed ze skute\u010dn\u011b odpracovan\u00fdch hodin a hodin, kter\u00e9 se pova\u017euj\u00ed za odpracovanou dobu.<\/li>\n\n\n\n<li>Do pln\u011b zapo\u010ditateln\u00e9 doby se po\u010d\u00edtaj\u00ed nap\u0159\u00edklad: mate\u0159sk\u00e1 dovolen\u00e1, pracovn\u00ed \u00faraz, nemoc z povol\u00e1n\u00ed, O\u010cR, sv\u00e1tky, dovolen\u00e1, n\u00e1hrady mzdy za obecn\u00ed z\u00e1jem, v\u00fdkon funkce, sportovn\u00ed reprezentace, studium p\u0159i zam\u011bstn\u00e1n\u00ed, cvi\u010den\u00ed CO, vojensk\u00e1 slu\u017eba, osobn\u00ed p\u0159ek\u00e1\u017eky, n\u00e1hradn\u00ed volno, prostoje, reorganizace, Home Office, rodi\u010dovsk\u00e1 dovolen\u00e1 u mu\u017ee b\u011bhem MD \u017eeny apod.<\/li>\n<\/ul>\n\n\n\n<p><strong>V\u00fdpo\u010det:<\/strong><\/p>\n\n\n\n<p><strong>Odpracovan\u00e9 hodiny za rok \/ pr\u016fm\u011brn\u00fd t\u00fddenn\u00ed \u00favazek = po\u010det t\u00fddn\u016f (zaokrouhluje se v\u017edy dol\u016f)<\/strong><\/p>\n\n\n\n<h4 class=\"wp-block-heading has-text-align-center\">4. V\u00fdpo\u010det n\u00e1roku na dovolenou<\/h4>\n\n\n\n<ul class=\"wp-block-list\">\n<li>N\u00e1rok se vypo\u010d\u00edt\u00e1 z p\u0159edchoz\u00edch hodnot.<\/li>\n<\/ul>\n\n\n\n<p><strong>V\u00fdpo\u010det:<\/strong><\/p>\n\n\n\n<p><strong>(vypo\u010dten\u00e9 pracovn\u00ed t\u00fddny \/ 52 tj. po\u010det t\u00fddn\u016f v roce) * pr\u016fm\u011brn\u00fd t\u00fddenn\u00ed \u00favazek * n\u00e1rok na dovolenou v t\u00fddnech = Alikv\u00f3tn\u00ed n\u00e1rok na dovolenou (v\u00fdsledek se v\u017edy zaokrouhluje nahoru)<\/strong><\/p>\n\n\n\n<p><strong>Ro\u010dn\u00ed n\u00e1rok na dovolenou v hodin\u00e1ch \/ po\u010det t\u00fddn\u016f v roce * po\u010det pracovn\u00edch t\u00fddn\u016f 200 \/ 52,143 * po\u010det zapo\u010ditateln\u00fdch t\u00fddn\u016f<\/strong><\/p>\n\n\n\n<h3 class=\"wp-block-heading has-text-align-center\"><strong>Jak n\u00e1m \u00fadaje v Nuggetu m\u016f\u017eou usnadnit v\u00fdpo\u010dty<\/strong><\/h3>\n\n\n\n<p><strong>V\u00fdpo\u010det pr\u016fm\u011brn\u00e9ho t\u00fddenn\u00edho \u00favazku pomoc\u00ed \u00fadaje L3338 &#8222;Kumulativn\u00ed fond<\/strong>&#8222;<\/p>\n\n\n\n<ul class=\"wp-block-list\">\n<li>\u00dadaj L3338 zn\u00e1zor\u0148uje hodnoty minul\u00fdch \u00fa\u010detn\u00edch obdob\u00ed.<\/li>\n\n\n\n<li><em>P\u0159\u00edklady<\/em>:\n<ul class=\"wp-block-list\">\n<li><strong>Jsme v \u00fa\u010detn\u00edm obdob\u00ed listopad. Hodnota L3338 zn\u00e1zor\u0148uje hodnoty 01-10\/2021<\/strong>\n<ul class=\"wp-block-list\">\n<li>((L3338 * 5) + (kalend\u00e1\u0159n\u00ed dny 11-12\/2021 * aktu\u00e1ln\u00ed \u00favazek)) \/ 365 = tj. kalend\u00e1\u0159n\u00ed dny roku<\/li>\n<\/ul>\n<\/li>\n\n\n\n<li><strong>Jsme v kv\u011btnu, L3338 napo\u010d\u00edt\u00e1 hodnoty 1-4\/2021 => 960 <\/strong>\n<ul class=\"wp-block-list\">\n<li>(<em>(960*5) + (245 * 40)) \/ 365 = 40<\/em><\/li>\n<\/ul>\n<\/li>\n<\/ul>\n<\/li>\n<\/ul>\n\n\n\n<h3 class=\"wp-block-heading has-text-align-center\">Korekce \u00fadaj\u016f L4303 a L4304<\/h3>\n\n\n\n<p>Korekce hodnot pro L4303 &#8222;\u010c\u00e1ste\u010dn\u011b zapo\u010ditateln\u00e1 doba&#8220; a L4304 (Pln\u011b zapo\u010ditateln\u00e1 doba) lze prov\u00e1d\u011bt v \u010dasov\u00e9m fondu pomoc\u00ed mzdov\u00fdch slo\u017eek:<\/p>\n\n\n\n<p><strong>921 Odpracovan\u00e1 doba (pro \u00fadaj L4304)<br>925 Korekce L4303 (pro \u00fadaj L4303)<\/strong><\/p>\n\n\n\n<p>Zm\u011bny se projev\u00ed v kmenov\u00e9 kart\u011b zam\u011bstnance v \u00fadaji <strong>L3222 &#8222;Alikvotn\u00ed n\u00e1rok na dovolenou<\/strong>&#8220; ji\u017e v aktu\u00e1ln\u00edm \u00fa\u010detn\u00edm obdob\u00ed. \u00dadaje L4303 a L4304 se aktualizuj\u00ed po rekapitulaci, tedy p\u0159i p\u0159echodu do dal\u0161\u00edho \u00fa\u010detn\u00edho obdob\u00ed.<\/p>\n\n\n\n<p><em><strong>Upozorn\u011bn\u00ed<\/strong><\/em>:<\/p>\n\n\n\n<p>P\u0159\u00edm\u00e1 ru\u010dn\u00ed \u00faprava \u00fadaj\u016f L4303 a L4304 v kmenov\u00e9 kart\u011b je mo\u017en\u00e1, ale <strong>doporu\u010dujeme prov\u00e1d\u011bt korekce v\u00fdhradn\u011b pomoc\u00ed uveden\u00fdch mzdov\u00fdch slo\u017eek v \u010dasov\u00e9m fondu<\/strong>. Tak zajist\u00edte, \u017ee syst\u00e9m bude m\u00edt kompletn\u00ed podklady pro v\u00fdpo\u010det a nedojde k p\u0159eps\u00e1n\u00ed ru\u010dn\u00edch zm\u011bn automatizovan\u00fdmi p\u0159epo\u010dty (nap\u0159. U\u017eivatelsk\u00fdm programem \u201eP\u0159epo\u010det L4304\u201c).<\/p>\n\n\n\n<h2 class=\"wp-block-heading has-text-align-center\">P\u0159e\u010derpan\u00e1 dovolen\u00e1<\/h2>\n\n\n\n<p>V p\u0159\u00edpad\u011b p\u0159ekro\u010den\u00ed dovolen\u00e9 m\u016f\u017ee zam\u011bstnavatel strhnout zam\u011bstnanci n\u00e1hradu mzdy\/platu za dovolenou, a to bez souhlasu zam\u011bstnance. <br><strong>A to na z\u00e1klad\u011b \u00a7 147 odst. 1 p\u00edsm. e) Z\u00e1kon\u00edku pr\u00e1ce, kter\u00fd \u0159\u00edk\u00e1<\/strong>:<br>Zam\u011bstnavatel sm\u00ed srazit zam\u011bstnanci [\u00a7 146 p\u00edsm. a)] e) jen n\u00e1hradu mzdy nebo platu za dovolenou, na ni\u017e zam\u011bstnanec ztratil pr\u00e1vo nebo na ni\u017e mu pr\u00e1vo nevzniklo, a na n\u00e1hradu mzdy nebo platu podle \u00a7 192, na ni\u017e zam\u011bstnanci pr\u00e1vo nevzniklo.<\/p>\n\n\n\n<p>Z\u00e1rove\u0148 na konci ka\u017ed\u00e9ho kalend\u00e1\u0159n\u00edho roku vyhodnocuje zam\u011bstnavatel p\u0159ehled \u010derp\u00e1n\u00ed dovolen\u00e9. V p\u0159\u00edpad\u011b vzniku p\u0159e\u010derpan\u00e9 dovolen\u00e9 a nekon\u010d\u00edc\u00edho pracovn\u00edho pom\u011bru m\u00e1 zam\u011bstnavatele pr\u00e1vo strhnout p\u0159e\u010derpanou dovolenou z v\u00fdplaty zam\u011bstnance bez jeho souhlasu. <\/p>\n\n\n\n<p>V p\u0159\u00edpad\u011b, \u017ee tedy na konci roku vznikne dovolen\u00e1 v m\u00ednusov\u00fdch hodnot\u00e1ch, tzn. \u017ee zam\u011bstnanec si vybral dovolen\u00e9 v\u00edcne\u017e na kolik m\u011bl n\u00e1rok, p\u0159echodem do nov\u00e9ho roku se tato m\u00ednusov\u00e1 hodnota p\u0159ev\u00e1d\u011bt v z\u00e1kladn\u00edm souboru nebude. <strong>P\u0159ekro\u010den\u00e1 dovolen\u00e1 nesm\u00ed ovlivnit n\u00e1rok na dovolenou v n\u00e1sleduj\u00edc\u00edm roce.<\/strong><\/p>\n\n\n\n<p><strong>Opravu p\u0159e\u010derpan\u00e9 dovolen\u00e9 mus\u00edte zadat ru\u010dn\u011b, a to dle n\u00e1sleduj\u00edc\u00edho postupu:<\/strong><\/p>\n\n\n\n<ol class=\"wp-block-list\">\n<li>Opravu provedete v prosinci, tedy v posledn\u00edm m\u011bs\u00edci kon\u010d\u00edc\u00edho rok.<\/li>\n\n\n\n<li>Mus\u00edte pou\u017e\u00edt mzdovou slo\u017eku pro dovolenou, ale bez okna datum\u016f, tzn. pokud m\u00e1te zapnut\u00fd parametr pro zad\u00e1v\u00e1n\u00ed dovolen\u00e9 oknem datum\u016f, mus\u00edte ho pro tento z\u00e1pis vypnout\n<ul class=\"wp-block-list\">\n<li>ve funkci <strong>Mzdy 2-7-1 z\u00e1kladn\u00ed parametrick\u00fd soubor<\/strong>, <strong>karta Dovolen\u00e1<\/strong> a tam odkliknete \u00fadaj Dovolen\u00e1 oknem datum\u016f.<\/li>\n<\/ul>\n<\/li>\n<\/ol>\n\n\n<div class=\"wp-block-image\">\n<figure class=\"aligncenter size-full\"><img loading=\"lazy\" decoding=\"async\" width=\"739\" height=\"291\" src=\"https:\/\/podpora.nuggetsw.cz\/wp-content\/uploads\/2023\/10\/image-36.png\" alt=\"\" class=\"wp-image-6890\" srcset=\"https:\/\/podpora.nuggetsw.cz\/wp-content\/uploads\/2023\/10\/image-36.png 739w, https:\/\/podpora.nuggetsw.cz\/wp-content\/uploads\/2023\/10\/image-36-300x118.png 300w\" sizes=\"auto, (max-width: 739px) 100vw, 739px\" \/><\/figure><\/div>\n\n\n<ol start=\"3\" class=\"wp-block-list\">\n<li>V \u010dasov\u00e9m fondu u zam\u011bstnance zad\u00e1te dv\u011b mzdov\u00e9 slo\u017eky:\n<ul class=\"wp-block-list\">\n<li><strong>mzdovou slo\u017eku 511<\/strong> a po\u010det hodin s m\u00ednusem (op\u00ed\u0161ete hodnotu z karty zam\u011bstnance, p\u0159\u00edp. z jeho posledn\u00ed v\u00fdplatn\u00ed p\u00e1sky) a zad\u00e1n\u00edm \u010dasov\u00e9 platnosti v m\u011bs\u00edci, kdy byla dovolen\u00e1  naposledy \u010derp\u00e1na (zapi\u0161te \u0159\u00e1dek s dovolenou a pot\u00e9 ho znovu ozna\u010dte a nad oknem datum\u016f otev\u0159ete tla\u010d\u00edtkem \u010cas. platnost okno pro zad\u00e1n\u00ed dan\u00e9ho m\u011bs\u00edce &#8211; viz obr\u00e1zek n\u00ed\u017ee) a ulo\u017ete zad\u00e1n\u00ed OK\n<ul class=\"wp-block-list\">\n<li>\u017ee je u mzdov\u00e9 slo\u017eky jin\u00e1 \u010dasov\u00e1 platnost ne\u017e aktu\u00e1ln\u00ed pozn\u00e1te tak, \u017ee ve sloupci T uvid\u00edte *<\/li>\n\n\n\n<li>program d\u00edky \u010dasov\u00e9 platnosti od\u00fa\u010dtuje \u010d\u00e1stku, kterou spo\u010d\u00edt\u00e1 spr\u00e1vn\u00fdm hodinov\u00fdm pr\u016fm\u011brem, jak\u00fdm byla tato dovolen\u00e1 vy\u010derp\u00e1na<\/li>\n<\/ul>\n<\/li>\n\n\n\n<li><strong>mzdovou slo\u017eku 921<\/strong>, aby nebyl od\u00fa\u010dtov\u00e1n\u00edm ovlivn\u011bn n\u00e1rok alikv\u00f3tn\u00edho n\u00e1roku na dovolenou.<\/li>\n<\/ul>\n<\/li>\n<\/ol>\n\n\n<div class=\"wp-block-image\">\n<figure class=\"aligncenter size-full\"><img loading=\"lazy\" decoding=\"async\" width=\"982\" height=\"560\" src=\"https:\/\/podpora.nuggetsw.cz\/wp-content\/uploads\/2023\/10\/image-37.png\" alt=\"\" class=\"wp-image-6891\" srcset=\"https:\/\/podpora.nuggetsw.cz\/wp-content\/uploads\/2023\/10\/image-37.png 982w, https:\/\/podpora.nuggetsw.cz\/wp-content\/uploads\/2023\/10\/image-37-300x171.png 300w, https:\/\/podpora.nuggetsw.cz\/wp-content\/uploads\/2023\/10\/image-37-768x438.png 768w\" sizes=\"auto, (max-width: 982px) 100vw, 982px\" \/><\/figure><\/div>\n\n\n<ol start=\"4\" class=\"wp-block-list\">\n<li>Ulo\u017ete \u010dasov\u00fd fond.<\/li>\n\n\n\n<li>P\u0159epo\u010d\u00edtejte zam\u011bstnance pomoc\u00ed funkce 6-1 V\u00fdpo\u010det v\u0161ech zam\u011bstnanc\u016f (nebo 6-2 P\u0159epo\u010det vybran\u00fdch zam\u011bstnanc\u016f).<\/li>\n\n\n\n<li>Pokud jste jednor\u00e1zov\u011b vyp\u00ednali zad\u00e1v\u00e1n\u00ed dovolen\u00e9 oknem datum\u016f, tak si op\u011bt ve funkci 2-7-1 tento \u00fadaj ozna\u010dte.\n<ul class=\"wp-block-list\">\n<li>Po t\u00e9to zm\u011bn\u011b uvid\u00edte v \u010dasov\u00e9m fondu \u0159\u00e1dek s dovolenou b\u00edl\u00fd (nikoliv \u017elut\u00fd) a tedy needitovateln\u00fd.<\/li>\n\n\n\n<li>Je to pr\u00e1v\u011b z toho d\u016fvodu, \u017ee jste op\u011bt zapnuli funkci zad\u00e1v\u00e1n\u00ed dovolen\u00e9 oknem datum\u016f.<\/li>\n<\/ul>\n<\/li>\n<\/ol>\n","protected":false},"excerpt":{"rendered":"<p>Dovolen\u00e1 p\u0159edstavuje placen\u00e9 volno, na kter\u00e9 m\u00e1 zam\u011bstnanec ze z\u00e1kona n\u00e1rok. Slou\u017e\u00ed k odpo\u010dinku b\u011bhem roku a jej\u00ed rozsah se odv\u00edj\u00ed od d\u00e9lky pracovn\u00edho pom\u011bru a rozsahu \u00favazku. Dovolen\u00e1 se odvozuje od odpracovan\u00e9 doby p\u0159epo\u010dten\u00e9 na t\u00fddny a po\u010d\u00edt\u00e1 se v hodin\u00e1ch, co\u017e umo\u017e\u0148uje p\u0159esn\u011bj\u0161\u00ed zohledn\u011bn\u00ed d\u00e9lky sm\u011bn, zejm\u00e9na u zam\u011bstnanc\u016f s nerovnom\u011brn\u011b rozvr\u017eenou pracovn\u00ed [&hellip;]<\/p>\n","protected":false},"author":3,"featured_media":0,"template":"","format":"standard","meta":{"footnotes":""},"lsvr_kba_cat":[947],"lsvr_kba_tag":[116,429,430,427,428,261,260],"class_list":["post-1403","lsvr_kba","type-lsvr_kba","status-publish","format-standard","hentry","lsvr_kba_cat-dovolena","lsvr_kba_tag-dovolena","lsvr_kba_tag-l4303","lsvr_kba_tag-l4304","lsvr_kba_tag-ms-921","lsvr_kba_tag-ms-925","lsvr_kba_tag-nastaveni-dovolene","lsvr_kba_tag-vypocet-dovolene"],"_links":{"self":[{"href":"https:\/\/podpora.nuggetsw.cz\/index.php\/wp-json\/wp\/v2\/lsvr_kba\/1403","targetHints":{"allow":["GET"]}}],"collection":[{"href":"https:\/\/podpora.nuggetsw.cz\/index.php\/wp-json\/wp\/v2\/lsvr_kba"}],"about":[{"href":"https:\/\/podpora.nuggetsw.cz\/index.php\/wp-json\/wp\/v2\/types\/lsvr_kba"}],"author":[{"embeddable":true,"href":"https:\/\/podpora.nuggetsw.cz\/index.php\/wp-json\/wp\/v2\/users\/3"}],"version-history":[{"count":38,"href":"https:\/\/podpora.nuggetsw.cz\/index.php\/wp-json\/wp\/v2\/lsvr_kba\/1403\/revisions"}],"predecessor-version":[{"id":11000,"href":"https:\/\/podpora.nuggetsw.cz\/index.php\/wp-json\/wp\/v2\/lsvr_kba\/1403\/revisions\/11000"}],"wp:attachment":[{"href":"https:\/\/podpora.nuggetsw.cz\/index.php\/wp-json\/wp\/v2\/media?parent=1403"}],"wp:term":[{"taxonomy":"lsvr_kba_cat","embeddable":true,"href":"https:\/\/podpora.nuggetsw.cz\/index.php\/wp-json\/wp\/v2\/lsvr_kba_cat?post=1403"},{"taxonomy":"lsvr_kba_tag","embeddable":true,"href":"https:\/\/podpora.nuggetsw.cz\/index.php\/wp-json\/wp\/v2\/lsvr_kba_tag?post=1403"}],"curies":[{"name":"wp","href":"https:\/\/api.w.org\/{rel}","templated":true}]}}