
{"id":10739,"date":"2025-10-29T08:00:00","date_gmt":"2025-10-29T08:00:00","guid":{"rendered":"https:\/\/podpora.nuggetsw.cz\/?post_type=lsvr_kba&#038;p=10739"},"modified":"2026-04-29T13:30:47","modified_gmt":"2026-04-29T13:30:47","slug":"jednotne-mesicni-hlaseni-zamestnavatelu-jmhz-zmeny-v-programu","status":"publish","type":"lsvr_kba","link":"https:\/\/podpora.nuggetsw.cz\/index.php\/knowledge-base\/jednotne-mesicni-hlaseni-zamestnavatelu-jmhz-zmeny-v-programu\/","title":{"rendered":"02. JMHZ &#8211; Zm\u011bny v z\u00e1kladn\u00edm nastaven\u00ed"},"content":{"rendered":"\n<p>V r\u00e1mci implementace JMHZ neboli \u201eJednotn\u00e9 m\u011bs\u00ed\u010dn\u00ed hl\u00e1\u0161en\u00ed zam\u011bstnavatel\u016f\u201c doch\u00e1z\u00ed k postupn\u00fdm \u00faprav\u00e1m programu Nugget, kter\u00e9 reflektuj\u00ed po\u017eadavky nov\u00e9 legislativy. Tento syst\u00e9m sjednocuje povinn\u00e9 m\u011bs\u00ed\u010dn\u00ed v\u00fdstupy zam\u011bstnavatel\u016f a m\u00e1 za c\u00edl zjednodu\u0161it administrativu a omezit duplicitn\u00ed vykazov\u00e1n\u00ed dat.<\/p>\n\n\n\n<p>Na t\u00e9to str\u00e1nce naleznete p\u0159ehled zm\u011bn souvisej\u00edc\u00edch se <strong>z\u00e1kladn\u00edm nastaven\u00edm firmy v programu.<\/strong><\/p>\n\n\n\n<details class=\"wp-block-details is-layout-flow wp-block-details-is-layout-flow\"><summary><strong>Funkce Mzdy 2-7-1 &#8222;Z\u00e1kladn\u00ed parametrick\u00fd \u00fadaj&#8220;<\/strong><\/summary>\n<div style=\"height:10px\" aria-hidden=\"true\" class=\"wp-block-spacer\"><\/div>\n\n\n\n<div style=\"height:15px\" aria-hidden=\"true\" class=\"wp-block-spacer\"><\/div>\n\n\n\n<h3 class=\"wp-block-heading has-text-align-center\"><strong>Z\u00e1lo\u017eka &#8222;Z\u00e1kladn\u00ed \u00fadaje organizace&#8220;<\/strong><\/h3>\n\n\n\n<figure class=\"wp-block-image size-full\"><img loading=\"lazy\" decoding=\"async\" width=\"739\" height=\"736\" src=\"https:\/\/podpora.nuggetsw.cz\/wp-content\/uploads\/2025\/10\/image-155.png\" alt=\"\" class=\"wp-image-12071\" srcset=\"https:\/\/podpora.nuggetsw.cz\/wp-content\/uploads\/2025\/10\/image-155.png 739w, https:\/\/podpora.nuggetsw.cz\/wp-content\/uploads\/2025\/10\/image-155-300x300.png 300w, https:\/\/podpora.nuggetsw.cz\/wp-content\/uploads\/2025\/10\/image-155-150x150.png 150w\" sizes=\"auto, (max-width: 739px) 100vw, 739px\" \/><\/figure>\n\n\n\n<h3 class=\"wp-block-heading\">1. Zam\u011bstnavatel na chr\u00e1n\u011bn\u00e9m trhu pr\u00e1ce<\/h3>\n\n\n\n<p>Ozna\u010den\u00edm tohoto \u00fadaje d\u00e1v\u00e1te syst\u00e9mu v\u011bd\u011bt, \u017ee zam\u011bstnavatel m\u00e1 uzav\u0159enou dohodu o uzn\u00e1n\u00ed za zam\u011bstnavatele na chr\u00e1n\u011bn\u00e9m trhu pr\u00e1ce dle ustanoven\u00ed \u00a778 z\u00e1kona o zam\u011bstnanosti. Tento \u00fadaj bude n\u00e1sledn\u011b p\u0159ed\u00e1v\u00e1n jako sou\u010d\u00e1st registru zam\u011bstnavatel\u016f a zam\u011bstnaneck\u00fdch \u00fadaj\u016f.<\/p>\n\n\n\n<h3 class=\"wp-block-heading\">2. V\u010cP &#8211; identifik\u00e1tor subjektu<\/h3>\n\n\n\n<p>V\u010cP je identifik\u00e1tor subjektu, kter\u00fd generuje spr\u00e1vce dan\u011b t\u011bm subjekt\u016fm, kter\u00e9 nemaj\u00ed obecn\u00fd identifik\u00e1tor (tedy v p\u0159\u00edpad\u011b FO nemaj\u00ed R\u010c, v p\u0159\u00edpad\u011b PO nemaj\u00ed I\u010cO). <br>Tento identifik\u00e1tor se generuje p\u0159i vlo\u017een\u00ed subjektu do Registru da\u0148ov\u00fdch subjekt\u016f a slou\u017e\u00ed jako jednozna\u010dn\u00fd identifik\u00e1tor vkl\u00e1dan\u00e9ho subjektu.<\/p>\n\n\n\n<h3 class=\"wp-block-heading\">3. Agentura pr\u00e1ce<\/h3>\n\n\n\n<p>Agentury pr\u00e1ce jsou pr\u00e1vnick\u00e9 nebo fyzick\u00e9 osoby, kter\u00e9 maj\u00ed povolen\u00ed k p\u0159\u00edslu\u0161n\u00e9 form\u011b zprost\u0159edkov\u00e1n\u00ed zam\u011bstn\u00e1n\u00ed, ud\u011blen\u00e9 Gener\u00e1ln\u00edm \u0159editelstv\u00edm \u00da\u0159adu pr\u00e1ce.<\/p>\n\n\n\n<h3 class=\"wp-block-heading\">4. Integra\u010dn\u00ed soci\u00e1ln\u00ed podnik<\/h3>\n\n\n\n<p>Integra\u010dn\u00ed soci\u00e1ln\u00ed podnik je zam\u011bstnavatel se zvl\u00e1\u0161tn\u00edm statusem, kter\u00fd prim\u00e1rn\u011b zam\u011bstn\u00e1v\u00e1 a integruje znev\u00fdhodn\u011bn\u00e9 osoby na trhu pr\u00e1ce a v JMHZ se vykazuje jako dopl\u0148uj\u00edc\u00ed \u00fadaj o zam\u011bstnavatel<\/p>\n\n\n\n<h3 class=\"wp-block-heading\">5. Forma hospod\u00e1\u0159sk\u00e9 a finan\u010dn\u00ed kontroly (ID 10220)<\/h3>\n\n\n\n<p>Informace k tomuto atributu je vy\u017eadov\u00e1na pouze jednou ro\u010dn\u011b, v hl\u00e1\u0161en\u00ed za prosinec sledovan\u00e9ho roku. Uvede se forma hospod\u00e1\u0159sk\u00e9 a finan\u010dn\u00ed kontroly k 31.12. <\/p>\n\n\n\n<p>Do ve\u0159ejn\u00e9ho vlastnictv\u00ed pat\u0159\u00ed spole\u010dnosti ve vlastnictv\u00ed st\u00e1tu, kraje, m\u011bsta, obce a spole\u010dnosti z\u0159\u00edzen\u00e9 na z\u00e1klad\u011b zvl\u00e1\u0161tn\u00edho z\u00e1kona (vysok\u00e9 \u0161koly, zdravotn\u00ed poji\u0161\u0165ovny, ve\u0159ejnopr\u00e1vn\u00ed instituce aj.). U spolk\u016f je vlastnictv\u00ed odvozeno od vlastnictv\u00ed jednotliv\u00fdch \u010dlen\u016f spolku, p\u0159i\u010dem\u017e spolek tvo\u0159en\u00fd fyzick\u00fdmi osobami je pova\u017eov\u00e1n jako pln\u011b v soukrom\u00e9m nebo dru\u017estevn\u00edm vlastnictv\u00ed. U obecn\u011b prosp\u011b\u0161n\u00fdch spole\u010dnost\u00ed, \u00fastav\u016f, nadac\u00ed, nada\u010dn\u00edch fond\u016f apod. je rozhoduj\u00edc\u00ed vlastnictv\u00ed zakladatel\u016f, p\u0159i\u010dem\u017e pokud jsou zakladateli fyzick\u00e9 osoby, je uveden\u00e1 spole\u010dnost pln\u011b v soukrom\u00e9m nebo dru\u017estevn\u00edm vlastnictv\u00ed.<br><\/p>\n\n\n\n<h3 class=\"wp-block-heading has-text-align-center\"><strong>Z\u00e1lo\u017eka &#8222;Ostatn\u00ed&#8220;<\/strong><\/h3>\n\n\n\n<h3 class=\"wp-block-heading\">1. Ur\u010den\u00ed vedouc\u00edho<\/h3>\n\n\n\n<p>Ur\u010den\u00ed vedouc\u00edho se sjednocuje, tzn. vedouc\u00ed se ur\u010d\u00ed jak pro JMHZ, tak ISPV. Toto nastaven\u00ed je nov\u011b na z\u00e1lo\u017ece &#8222;Ostatn\u00ed&#8220; v z\u00e1kladn\u00edm parametrick\u00e9m souboru. Ur\u010den\u00ed vedouc\u00edho pro ISPV je tedy p\u0159esunuto z funkce Mzdy 11-6, kde tento \u00fadaj nebude editovateln\u00fd.<\/p>\n\n\n<div class=\"wp-block-image\">\n<figure class=\"aligncenter size-full\"><img loading=\"lazy\" decoding=\"async\" width=\"731\" height=\"490\" src=\"https:\/\/podpora.nuggetsw.cz\/wp-content\/uploads\/2025\/10\/image-83.png\" alt=\"\" class=\"wp-image-10742\" srcset=\"https:\/\/podpora.nuggetsw.cz\/wp-content\/uploads\/2025\/10\/image-83.png 731w, https:\/\/podpora.nuggetsw.cz\/wp-content\/uploads\/2025\/10\/image-83-300x201.png 300w\" sizes=\"auto, (max-width: 731px) 100vw, 731px\" \/><\/figure><\/div>\n\n\n<p>Funkce Mzdy 11-6 po zm\u011bn\u011b:<\/p>\n\n\n<div class=\"wp-block-image\">\n<figure class=\"aligncenter size-full\"><img loading=\"lazy\" decoding=\"async\" width=\"301\" height=\"320\" src=\"https:\/\/podpora.nuggetsw.cz\/wp-content\/uploads\/2025\/10\/image-84.png\" alt=\"\" class=\"wp-image-10743\" srcset=\"https:\/\/podpora.nuggetsw.cz\/wp-content\/uploads\/2025\/10\/image-84.png 301w, https:\/\/podpora.nuggetsw.cz\/wp-content\/uploads\/2025\/10\/image-84-282x300.png 282w\" sizes=\"auto, (max-width: 301px) 100vw, 301px\" \/><\/figure><\/div>\n\n\n<h3 class=\"wp-block-heading has-text-align-center\"><strong>Z\u00e1lo\u017eka &#8222;Odbory&#8220;<\/strong><\/h3>\n\n\n\n<h3 class=\"wp-block-heading\">1. Typ kolektivn\u00ed smlouvy (ID 10214)<\/h3>\n\n\n\n<p>V r\u00e1mci JMHZ se budou jednou ro\u010dn\u011b reportovat druhy kolektivn\u00edch smluv v organizaci. Nastaven\u00ed pro kolektivn\u00ed smlouvu naleznete na z\u00e1lo\u017ece &#8222;Odbory&#8220;. Pokud neozna\u010d\u00edte \u00fadaj, do JMHZ vstoup\u00ed informace, \u017ee v organizaci nen\u00ed kolektivn\u00ed smlouva.<\/p>\n\n\n<div class=\"wp-block-image\">\n<figure class=\"aligncenter size-full\"><img loading=\"lazy\" decoding=\"async\" width=\"737\" height=\"628\" src=\"https:\/\/podpora.nuggetsw.cz\/wp-content\/uploads\/2025\/10\/image-156.png\" alt=\"\" class=\"wp-image-12088\" srcset=\"https:\/\/podpora.nuggetsw.cz\/wp-content\/uploads\/2025\/10\/image-156.png 737w, https:\/\/podpora.nuggetsw.cz\/wp-content\/uploads\/2025\/10\/image-156-300x256.png 300w\" sizes=\"auto, (max-width: 737px) 100vw, 737px\" \/><\/figure><\/div><\/details>\n\n\n\n<p><\/p>\n\n\n\n<details class=\"wp-block-details is-layout-flow wp-block-details-is-layout-flow\"><summary><strong>Funkce Mzdy 2-7-6 &#8222;Bankovn\u00ed p\u0159\u00edkazy pro hromadn\u00e9 platby&#8220;<\/strong><\/summary>\n<p><\/p>\n\n\n\n<h3 class=\"wp-block-heading\">Dan\u011b z\u00e1lohov\u00e9 a sr\u00e1\u017ekov\u00e9:<\/h3>\n\n\n\n<ul class=\"wp-block-list\">\n<li>Pro JMHZ je podstatn\u00fd 4m\u00edstn\u00fd \u010d\u00edseln\u00fd \u00fadaj Finan\u010dn\u00edho \u00fa\u0159adu a \u00dazemn\u00edho pracovi\u0161t\u011b.<\/li>\n\n\n\n<li>Upozorn\u011bn\u00ed: Specializovan\u00e9 pracovi\u0161t\u011b F\u00da nem\u00e1 \u00fazemn\u00ed pracovi\u0161t\u011b.<\/li>\n<\/ul>\n\n\n<div class=\"wp-block-image\">\n<figure class=\"aligncenter size-full\"><img loading=\"lazy\" decoding=\"async\" width=\"534\" height=\"460\" src=\"https:\/\/podpora.nuggetsw.cz\/wp-content\/uploads\/2025\/10\/image-111.png\" alt=\"\" class=\"wp-image-10929\" srcset=\"https:\/\/podpora.nuggetsw.cz\/wp-content\/uploads\/2025\/10\/image-111.png 534w, https:\/\/podpora.nuggetsw.cz\/wp-content\/uploads\/2025\/10\/image-111-300x258.png 300w\" sizes=\"auto, (max-width: 534px) 100vw, 534px\" \/><\/figure><\/div>\n\n<div class=\"wp-block-image\">\n<figure class=\"aligncenter size-full\"><img loading=\"lazy\" decoding=\"async\" width=\"532\" height=\"432\" src=\"https:\/\/podpora.nuggetsw.cz\/wp-content\/uploads\/2025\/10\/image-158.png\" alt=\"\" class=\"wp-image-12334\" srcset=\"https:\/\/podpora.nuggetsw.cz\/wp-content\/uploads\/2025\/10\/image-158.png 532w, https:\/\/podpora.nuggetsw.cz\/wp-content\/uploads\/2025\/10\/image-158-300x244.png 300w\" sizes=\"auto, (max-width: 532px) 100vw, 532px\" \/><\/figure><\/div>\n\n\n<div style=\"height:20px\" aria-hidden=\"true\" class=\"wp-block-spacer\"><\/div>\n<\/details>\n\n\n\n<div style=\"height:30px\" aria-hidden=\"true\" class=\"wp-block-spacer\"><\/div>\n\n\n\n<details class=\"wp-block-details is-layout-flow wp-block-details-is-layout-flow\"><summary><strong>Funkce Rodinn\u00ed p\u0159\u00edslu\u0161n\u00edci<\/strong><\/summary>\n<p><\/p>\n\n\n\n<h3 class=\"wp-block-heading\">Vy\u017eivuj\u00edc\u00ed osoba ve spole\u010dn\u011b hospoda\u0159\u00edc\u00ed dom\u00e1cnosti<\/h3>\n\n\n\n<p>\u201eJin\u00e1 vy\u017eivuj\u00edc\u00ed osoba\u201c v r\u00e1mci&nbsp;JMHZ (atribut \u010d\u00edslo 10453) ozna\u010duje druh\u00e9ho rodi\u010de, man\u017eela\/man\u017eelku \u010di druha\/dru\u017eku, kter\u00fd spole\u010dn\u011b s poplatn\u00edkem vy\u017eivuje d\u011bti ve stejn\u00e9 dom\u00e1cnosti. Tento \u00fadaj se povinn\u011b dopl\u0148uje, pokud zam\u011bstnanec uplat\u0148uje da\u0148ov\u00e9 zv\u00fdhodn\u011bn\u00ed na d\u011bti, aby st\u00e1t evidoval v\u0161echny osoby pod\u00edlej\u00edc\u00ed se na v\u00fd\u017eiv\u011b, i kdy\u017e da\u0148ovou \u00falevu uplat\u0148uje jen jeden z nich.<\/p>\n\n\n\n<p>D\u0159\u00edve se spole\u010dn\u011b vy\u017eivuj\u00edc\u00ed osoba uv\u00e1d\u011bla jen v \u017e\u00e1dosti o ro\u010dn\u00ed z\u00fa\u010dtov\u00e1n\u00ed dan\u00ed. V JMHZ se bude hl\u00e1sit na m\u011bs\u00ed\u010dn\u00ed b\u00e1zi. Ve funkci &#8222;Rodinn\u00ed p\u0159\u00edslu\u0161n\u00edci&#8220; p\u0159idejte osoby, kter\u00e9 maj\u00ed vy\u017eivovac\u00ed povinnost na d\u011bti a \u017eij\u00ed s poplatn\u00edkem ve spole\u010dn\u011b hospoda\u0159\u00edc\u00ed dom\u00e1cnosti.<\/p>\n\n\n<div class=\"wp-block-image\">\n<figure class=\"aligncenter size-full\"><img loading=\"lazy\" decoding=\"async\" width=\"576\" height=\"371\" src=\"https:\/\/podpora.nuggetsw.cz\/wp-content\/uploads\/2026\/03\/image-72.png\" alt=\"\" class=\"wp-image-12035\" srcset=\"https:\/\/podpora.nuggetsw.cz\/wp-content\/uploads\/2026\/03\/image-72.png 576w, https:\/\/podpora.nuggetsw.cz\/wp-content\/uploads\/2026\/03\/image-72-300x193.png 300w\" sizes=\"auto, (max-width: 576px) 100vw, 576px\" \/><\/figure><\/div>\n\n\n<p>Ozna\u010den\u00edm parametru &#8222;<strong>Vy\u017eivuje spole\u010dn\u011b se zam\u011bstnancem d\u011bti ve spole\u010dn\u00e9 dom\u00e1cnosti<\/strong>&#8220; se zobraz\u00ed v\u0161echny d\u011bti, kter\u00e9 m\u00e1 zam\u011bstnanec uveden\u00e9 v rodinn\u00fdch p\u0159\u00edslu\u0161n\u00edc\u00edch jako &#8222;Vztah&#8220; = 3 d\u011bti. Ozna\u010d\u00edte m\u011bs\u00edce, kdy byly spln\u011bny podm\u00ednky vy\u017eivovan\u00e9ho d\u00edt\u011bte ve spole\u010dn\u011b hospoda\u0159\u00edc\u00ed dom\u00e1cnosti.<\/p>\n\n\n\n<ul class=\"wp-block-list\">\n<li>Dvojklikem v \u0159\u00e1dku v  m\u00edst\u011b rodn\u00e9ho \u010d\u00edsla \u010di jm\u00e9na ozna\u010d\u00edte cel\u00fd rok najednou. A stejn\u00fdm dvojklikem tak\u00e9 ozna\u010den\u00ed cel\u00e9ho roku zru\u0161\u00edte. <\/li>\n<\/ul>\n\n\n<div class=\"wp-block-image\">\n<figure class=\"aligncenter size-full\"><img loading=\"lazy\" decoding=\"async\" width=\"550\" height=\"185\" src=\"https:\/\/podpora.nuggetsw.cz\/wp-content\/uploads\/2026\/03\/image-70.png\" alt=\"\" class=\"wp-image-12016\" srcset=\"https:\/\/podpora.nuggetsw.cz\/wp-content\/uploads\/2026\/03\/image-70.png 550w, https:\/\/podpora.nuggetsw.cz\/wp-content\/uploads\/2026\/03\/image-70-300x101.png 300w\" sizes=\"auto, (max-width: 550px) 100vw, 550px\" \/><\/figure><\/div>\n\n\n<p>P\u0159\u00edklad:<\/p>\n\n\n\n<p><em>Vztah:<\/em> &#8222;1- man\u017eel\/man\u017eelka&#8220; (zobraz\u00ed se jin\u00e1 maska pro zad\u00e1n\u00ed dal\u0161\u00edch \u00fadaj\u016f)<\/p>\n\n\n\n<ul class=\"wp-block-list\">\n<li><em>Rodn\u00e9 \u010d\u00edslo<\/em>: Zad\u00e1 se rodn\u00e9 \u010d\u00edslo, p\u0159\u00edpadn\u011b prvn\u00ed \u010d\u00e1st rodn\u00e9ho \u010d\u00edsla (tzn. datum narozen\u00ed ve tvaru rodn\u00e9ho \u010d\u00edsla p\u0159ed lom\u00edtkem a 4m\u00edstn\u00fd \u00fadaj za lom\u00edtkem se ponech\u00e1 pr\u00e1zdn\u00fd)<\/li>\n\n\n\n<li><em>Ozna\u010dit parametr<\/em>: &#8222;Vy\u017eivuje spole\u010dn\u011b se zam\u011bstnancem d\u011bti ve spole\u010dn\u00e9 dom\u00e1cnosti&#8220;, automaticky se na\u010dtou d\u011bti, kter\u00e9 m\u00e1 zam\u011bstnanec uveden\u00e9 v rodinn\u00fdch p\u0159\u00edslu\u0161n\u00edc\u00edch. Dvojklikem na jm\u00e9no se ozna\u010d\u00ed v\u0161echny m\u011bs\u00edce dan\u00e9ho roku.<\/li>\n<\/ul>\n\n\n\n<p>\u00dadaj &#8222;<strong>Zapo\u010ditatelnost do \u017eivotn\u00edho minima<\/strong>&#8222;: Tento parametr ur\u010duje, zda bude man\u017eel\/man\u017eelka zam\u011bstnance zahrnut\/a jako vy\u017eivovan\u00e1 osoba.<\/p>\n\n\n\n<p><a href=\"https:\/\/podpora.nuggetsw.cz\/index.php\/knowledge-base\/rodinni-prislusnici\/\" target=\"_blank\" rel=\"noreferrer noopener\">N\u00e1vod: Rodinn\u00ed p\u0159\u00edslu\u0161n\u00edci<\/a><\/p>\n<\/details>\n\n\n\n<div style=\"height:30px\" aria-hidden=\"true\" class=\"wp-block-spacer\"><\/div>\n\n\n\n<details class=\"wp-block-details is-layout-flow wp-block-details-is-layout-flow\"><summary><strong>\u010c\u00edseln\u00edk \u00fadaj\u016f ve funkci Pers 3-1<\/strong><\/summary>\n<p><\/p>\n\n\n\n<p>Ve funkci <strong>Personalistika 3-1 \u010c\u00edseln\u00edk \u00fadaj\u016f&#8220;:<\/strong> \u00fadaj <strong>L3011 &#8222;S\u00eddlo trval\u00e9ho pracovi\u0161t\u011b<\/strong>&#8222;. \u00dadaj nen\u00ed nov\u00fd, ale dopln\u011bn\u00fd o nov\u00e9 \u00fadaje, kter\u00e9 v r\u00e1mci JMHZ budou sledovan\u00e9.<\/p>\n\n\n\n<p>Hodnota \u010d\u00edseln\u00edku se skl\u00e1d\u00e1 ze dvou \u00fadaj\u016f: okres a obec, kdy:<\/p>\n\n\n\n<ul class=\"wp-block-list\">\n<li><strong>K\u00f3d okresu<\/strong> = 6m\u00edstn\u00fd alfanumerick\u00fd k\u00f3d (CZ0426 &#8211; Teplice, CZ0202 &#8211; Beroun, apod.)<\/li>\n\n\n\n<li><strong>K\u00f3d obce<\/strong> = 6m\u00edstn\u00fd numerick\u00fd k\u00f3d (531316 &#8211; T\u00e1bor, 529486 &#8211; \u010cechtice, apod.)<\/li>\n<\/ul>\n\n\n\n<p>S\u00eddlo pracovi\u0161t\u011b ve m\u011bst\u011b Karl\u0161tejn je tedy slo\u017een\u00e9 z k\u00f3du okresu Beroun a k\u00f3du obce Karl\u0161tejn: CZ0202531316 <\/p>\n\n\n\n<p><strong>U ka\u017ed\u00e9 hodnoty \u010d\u00edseln\u00edku L3011<\/strong> je pot\u0159eba doplnit adresu pracovi\u0161t\u011b do \u00fadaje &#8222;<strong>Krajsk\u00e1 pobo\u010dka \u00daP<\/strong>&#8222;. Jedn\u00e1 se o konkr\u00e9tn\u00ed adresu pobo\u010dky nebo provozovny.<\/p>\n\n\n\n<p>Pro JMHZ p\u0159id\u00e1v\u00e1me polo\u017eky k\u00f3d obce a k\u00f3d okresu, kter\u00e9 najdete v detailu \u010d\u00edseln\u00edku L3011. Spr\u00e1vn\u00e9 k\u00f3dy najdete na <a href=\"https:\/\/apl2.czso.cz\/iSMS\/cisdet.jsp?kodcis=51\" target=\"_blank\" rel=\"noreferrer noopener\">str\u00e1nk\u00e1ch \u010cS\u00da<\/a>.<\/p>\n\n\n<div class=\"wp-block-image\">\n<figure class=\"aligncenter size-full\"><img loading=\"lazy\" decoding=\"async\" width=\"526\" height=\"674\" src=\"https:\/\/podpora.nuggetsw.cz\/wp-content\/uploads\/2025\/10\/image-151.png\" alt=\"\" class=\"wp-image-11657\" srcset=\"https:\/\/podpora.nuggetsw.cz\/wp-content\/uploads\/2025\/10\/image-151.png 526w, https:\/\/podpora.nuggetsw.cz\/wp-content\/uploads\/2025\/10\/image-151-234x300.png 234w\" sizes=\"auto, (max-width: 526px) 100vw, 526px\" \/><\/figure><\/div>\n\n\n<p><a href=\"https:\/\/podpora.nuggetsw.cz\/index.php\/knowledge-base\/zamestnanec-misto-vykonu-prace-l3013-sidlo-trvaleho-pracoviste-l3011\/\" target=\"_blank\" rel=\"noreferrer noopener\">N\u00e1vod: M\u00edsto v\u00fdkonu pr\u00e1ce, S\u00eddlo trval\u00e9ho pracovi\u0161t\u011b<\/a><\/p>\n<\/details>\n\n\n\n<div style=\"height:30px\" aria-hidden=\"true\" class=\"wp-block-spacer\"><\/div>\n\n\n\n<details class=\"wp-block-details is-layout-flow wp-block-details-is-layout-flow\"><summary><strong>ISPV (Trexima)<\/strong><\/summary>\n<p><\/p>\n\n\n\n<p>Nov\u011b se <strong>nebude hl\u00e1sit 30m\u00edstn\u00fd alfanumerick\u00fd k\u00f3d oboru vzd\u011bl\u00e1n\u00ed<\/strong><\/p>\n\n\n\n<p><strong>Povinn\u00e9 \u00fadaje pro \u00fasp\u011b\u0161n\u00e9 pod\u00e1n\u00ed budou:<\/strong><\/p>\n\n\n\n<ul class=\"wp-block-list\">\n<li><strong>L3102 &#8222;Dosa\u017een\u00fd stupe\u0148 vzd\u011bl\u00e1n\u00ed&#8220;<\/strong>: \u00fadaj se vztahuje ke nejvy\u0161\u0161\u00edmu dosa\u017een\u00e9mu stupni vzd\u011bl\u00e1n\u00ed<br>dan\u00e9ho zam\u011bstnance.<\/li>\n\n\n\n<li><strong>L3102P &#8222;Po\u017eadovan\u00fd stupe\u0148 vzd\u011bl\u00e1n\u00ed&#8220;<\/strong>: \u00fadaj se vztahuje ke vzd\u011bl\u00e1n\u00ed pot\u0159ebn\u00e9mu pro v\u00fdkon dan\u00e9<br>pozice. Tento \u00fadaj je povinn\u00fd pouze pro cizince. <\/li>\n\n\n\n<li>Ur\u010den\u00ed vedouc\u00edho pracovn\u00edka pro ISPV bylo p\u0159esunuto do funkce M-2-7-1 Z\u00e1kladn\u00ed parametrick\u00fd soubor. Ve funkci M-11-6 nebude v\u00fdb\u011br editovateln\u00fd. Viz v\u00fd\u0161e.<\/li>\n<\/ul>\n\n\n\n<p><strong>Upozor\u0148ujeme<\/strong>: Dosa\u017een\u00fd stupe\u0148 vzd\u011bl\u00e1n\u00ed je povinn\u00fd i pro dohod\u00e1\u0159e a cizince.<\/p>\n<\/details>\n\n\n\n<p><\/p>\n","protected":false},"excerpt":{"rendered":"<p>V r\u00e1mci implementace JMHZ neboli \u201eJednotn\u00e9 m\u011bs\u00ed\u010dn\u00ed hl\u00e1\u0161en\u00ed zam\u011bstnavatel\u016f\u201c doch\u00e1z\u00ed k postupn\u00fdm \u00faprav\u00e1m programu Nugget, kter\u00e9 reflektuj\u00ed po\u017eadavky nov\u00e9 legislativy. Tento syst\u00e9m sjednocuje povinn\u00e9 m\u011bs\u00ed\u010dn\u00ed v\u00fdstupy zam\u011bstnavatel\u016f a m\u00e1 za c\u00edl zjednodu\u0161it administrativu a omezit duplicitn\u00ed vykazov\u00e1n\u00ed dat. Na t\u00e9to str\u00e1nce naleznete p\u0159ehled zm\u011bn souvisej\u00edc\u00edch se z\u00e1kladn\u00edm nastaven\u00edm firmy v programu.<\/p>\n","protected":false},"author":3,"featured_media":0,"template":"","format":"standard","meta":{"footnotes":""},"lsvr_kba_cat":[946],"lsvr_kba_tag":[],"class_list":["post-10739","lsvr_kba","type-lsvr_kba","status-publish","format-standard","hentry","lsvr_kba_cat-jmhz_jednotne_mesicni_hlaseni"],"_links":{"self":[{"href":"https:\/\/podpora.nuggetsw.cz\/index.php\/wp-json\/wp\/v2\/lsvr_kba\/10739","targetHints":{"allow":["GET"]}}],"collection":[{"href":"https:\/\/podpora.nuggetsw.cz\/index.php\/wp-json\/wp\/v2\/lsvr_kba"}],"about":[{"href":"https:\/\/podpora.nuggetsw.cz\/index.php\/wp-json\/wp\/v2\/types\/lsvr_kba"}],"author":[{"embeddable":true,"href":"https:\/\/podpora.nuggetsw.cz\/index.php\/wp-json\/wp\/v2\/users\/3"}],"version-history":[{"count":74,"href":"https:\/\/podpora.nuggetsw.cz\/index.php\/wp-json\/wp\/v2\/lsvr_kba\/10739\/revisions"}],"predecessor-version":[{"id":12491,"href":"https:\/\/podpora.nuggetsw.cz\/index.php\/wp-json\/wp\/v2\/lsvr_kba\/10739\/revisions\/12491"}],"wp:attachment":[{"href":"https:\/\/podpora.nuggetsw.cz\/index.php\/wp-json\/wp\/v2\/media?parent=10739"}],"wp:term":[{"taxonomy":"lsvr_kba_cat","embeddable":true,"href":"https:\/\/podpora.nuggetsw.cz\/index.php\/wp-json\/wp\/v2\/lsvr_kba_cat?post=10739"},{"taxonomy":"lsvr_kba_tag","embeddable":true,"href":"https:\/\/podpora.nuggetsw.cz\/index.php\/wp-json\/wp\/v2\/lsvr_kba_tag?post=10739"}],"curies":[{"name":"wp","href":"https:\/\/api.w.org\/{rel}","templated":true}]}}